{"id":690,"date":"2025-09-01T12:23:58","date_gmt":"2025-09-01T10:23:58","guid":{"rendered":"http:\/\/krkakgt.cluster021.hosting.ovh.net\/?page_id=690"},"modified":"2025-11-21T14:18:32","modified_gmt":"2025-11-21T13:18:32","slug":"accompagnement-personnalise-audit-independant","status":"publish","type":"page","link":"https:\/\/humanfirstlabel.com\/index.php\/accompagnement-personnalise-audit-independant\/","title":{"rendered":"Pourquoi se labelliser"},"content":{"rendered":"\n<hr class=\"wp-block-separator has-css-opacity is-style-default\"\/>\n\n\n\n<div class=\"wp-block-cover alignfull\" style=\"margin-top:10px;margin-bottom:0px;padding-top:0;min-height:440px;aspect-ratio:unset;\"><img alt=\"\" loading=\"lazy\" decoding=\"async\" width=\"1024\" height=\"502\" class=\"wp-block-cover__image-background wp-image-703 size-large\" alt=\"\" src=\"https:\/\/humanfirstlabel.com\/wp-content\/uploads\/2025\/08\/patient-and-nurse-hands-large-1024x502.jpg\" style=\"object-position:59% 63%\" data-object-fit=\"cover\" data-object-position=\"59% 63%\" srcset=\"https:\/\/humanfirstlabel.com\/wp-content\/uploads\/2025\/08\/patient-and-nurse-hands-large-1024x502.jpg 1024w, https:\/\/humanfirstlabel.com\/wp-content\/uploads\/2025\/08\/patient-and-nurse-hands-large-300x147.jpg 300w, https:\/\/humanfirstlabel.com\/wp-content\/uploads\/2025\/08\/patient-and-nurse-hands-large-768x377.jpg 768w, https:\/\/humanfirstlabel.com\/wp-content\/uploads\/2025\/08\/patient-and-nurse-hands-large-1536x753.jpg 1536w, https:\/\/humanfirstlabel.com\/wp-content\/uploads\/2025\/08\/patient-and-nurse-hands-large-2048x1004.jpg 2048w\" sizes=\"auto, (max-width: 1024px) 100vw, 1024px\" \/><span aria-hidden=\"true\" class=\"wp-block-cover__background has-black-background-color has-background-dim-60 has-background-dim\"><\/span><div class=\"wp-block-cover__inner-container is-layout-flow wp-block-cover-is-layout-flow\">\n<div class=\"wp-block-group has-global-padding is-layout-constrained wp-block-group-is-layout-constrained\">\n<div class=\"wp-block-group alignfull is-layout-flow wp-container-core-group-is-layout-d3581655 wp-block-group-is-layout-flow\" style=\"padding-right:var(--wp--preset--spacing--50);padding-left:var(--wp--preset--spacing--50)\">\n<h2 class=\"wp-block-heading has-text-align-center has-banner-title-font-size\" style=\"margin-top:25px;margin-right:0px;margin-bottom:0px;margin-left:0px;padding-right:0;padding-left:0;font-style:normal;font-weight:600;line-height:1.1\">Fa\u00e7onnons ensemble l&rsquo;avenir de la Sant\u00e9 Int\u00e9grative<\/h2>\n\n\n\n<h3 class=\"wp-block-heading has-text-align-center has-large-font-size\" style=\"padding-right:var(--wp--preset--spacing--20);padding-left:var(--wp--preset--spacing--20);line-height:1.9\">Human First accompagne les acteurs de sant\u00e9 et amplifie leur efficacit\u00e9 en mettant en \u0153uvre une d\u00e9marche qualit\u00e9 personnalis\u00e9e et sur mesure qui place l&rsquo;Humain au premier plan<\/h3>\n\n\n\n<div class=\"wp-block-buttons is-content-justification-center is-layout-flex wp-container-core-buttons-is-layout-ba9ea59f wp-block-buttons-is-layout-flex\" style=\"margin-top:var(--wp--preset--spacing--60)\">\n<div class=\"wp-block-button is-style-fill\"><a class=\"wp-block-button__link has-secondary-color has-primary-background-color has-text-color has-background wp-element-button\" href=\"https:\/\/humanfirstlabel.com\/index.php\/fr\/contact\/\" style=\"padding-top:10px;padding-right:32px;padding-bottom:10px;padding-left:32px;font-style:normal;font-weight:700;letter-spacing:1px;text-transform:uppercase\">en savoir plus<\/a><\/div>\n<\/div>\n<\/div>\n<\/div>\n<\/div><\/div>\n\n\n\n<blockquote class=\"wp-block-quote has-text-align-center is-style-large has-heading-color has-primary-background-color has-text-color has-background has-link-color wp-elements-69ef54c7f9f8ad7700c9a1c623df8263 is-layout-flow wp-container-core-quote-is-layout-ecf3d8a9 wp-block-quote-is-layout-flow\" style=\"margin-top:0;margin-bottom:0;padding-top:var(--wp--preset--spacing--40);padding-bottom:var(--wp--preset--spacing--40)\">\n<figure class=\"wp-block-image alignright size-full is-resized is-style-rounded\"><img alt=\"\" loading=\"lazy\" decoding=\"async\" width=\"800\" height=\"800\" src=\"https:\/\/humanfirstlabel.com\/wp-content\/uploads\/2025\/05\/Photo-Alexandre.jpg\" alt=\"\" class=\"wp-image-124\" style=\"width:265px;height:auto\" srcset=\"https:\/\/humanfirstlabel.com\/wp-content\/uploads\/2025\/05\/Photo-Alexandre.jpg 800w, https:\/\/humanfirstlabel.com\/wp-content\/uploads\/2025\/05\/Photo-Alexandre-300x300.jpg 300w, https:\/\/humanfirstlabel.com\/wp-content\/uploads\/2025\/05\/Photo-Alexandre-150x150.jpg 150w, https:\/\/humanfirstlabel.com\/wp-content\/uploads\/2025\/05\/Photo-Alexandre-768x768.jpg 768w\" sizes=\"auto, (max-width: 800px) 100vw, 800px\" \/><\/figure>\n\n\n\n<p class=\"has-text-align-left\" style=\"padding-top:var(--wp--preset--spacing--20);padding-right:var(--wp--preset--spacing--30)\"><strong>En tant que patient, vous r\u00e9f\u00e9rer au label Human First vous permettra d&rsquo;identifier en toute confiance les meilleures structures de soins<\/strong> ayant une approche int\u00e9grative, que ce soient des services hospitaliers, Ehpads, CPTS, centres dentaires ou encore des pharmacies.<\/p>\n\n\n\n<p class=\"has-text-align-left\" style=\"padding-top:var(--wp--preset--spacing--20);padding-right:var(--wp--preset--spacing--30)\"><strong>Pour vous qui \u00eates acteur de sant\u00e9, rejoindre le r\u00e9seau des labellis\u00e9s Human First vous apportera le b\u00e9n\u00e9fice d&rsquo;un accompagnement sur-mesure<\/strong> pour structurer et valoriser votre approche int\u00e9grative aupr\u00e8s de vos patients et collaborateurs. \u00bb<\/p>\n<cite>\u2014 Alexandre C\u00e9lestin, <em>Fondateur du label Human First<\/em><\/cite><\/blockquote>\n\n\n\n<hr class=\"wp-block-separator has-css-opacity is-style-default\"\/>\n\n\n\n<main class=\"wp-block-group is-layout-flow wp-block-group-is-layout-flow\" style=\"margin-top:0px;margin-bottom:0px\">\n<div style=\"height:19px\" aria-hidden=\"true\" class=\"wp-block-spacer\"><\/div>\n\n\n\n<h2 class=\"wp-block-heading has-text-align-center\" style=\"padding-top:var(--wp--preset--spacing--50);padding-bottom:var(--wp--preset--spacing--50)\"><strong>3 \u00e9tapes pour obtenir le label Human First<\/strong><\/h2>\n\n\n\n<figure class=\"wp-block-gallery has-nested-images columns-default is-cropped wp-block-gallery-1 is-layout-flex wp-block-gallery-is-layout-flex\">\n<figure class=\"wp-block-image aligncenter size-full has-custom-border\" style=\"margin-top:var(--wp--preset--spacing--50);margin-right:0;margin-bottom:var(--wp--preset--spacing--50);margin-left:0\"><img alt=\"\" loading=\"lazy\" decoding=\"async\" width=\"1642\" height=\"462\" data-id=\"502\" src=\"https:\/\/humanfirstlabel.com\/wp-content\/uploads\/2025\/08\/Etapes-de-labellisation-v2.png\" alt=\"\" class=\"wp-image-502\" style=\"border-style:none;border-width:0px;border-radius:0px\" srcset=\"https:\/\/humanfirstlabel.com\/wp-content\/uploads\/2025\/08\/Etapes-de-labellisation-v2.png 1642w, https:\/\/humanfirstlabel.com\/wp-content\/uploads\/2025\/08\/Etapes-de-labellisation-v2-300x84.png 300w, https:\/\/humanfirstlabel.com\/wp-content\/uploads\/2025\/08\/Etapes-de-labellisation-v2-1024x288.png 1024w, https:\/\/humanfirstlabel.com\/wp-content\/uploads\/2025\/08\/Etapes-de-labellisation-v2-768x216.png 768w, https:\/\/humanfirstlabel.com\/wp-content\/uploads\/2025\/08\/Etapes-de-labellisation-v2-1536x432.png 1536w\" sizes=\"auto, (max-width: 1642px) 100vw, 1642px\" \/><\/figure>\n<\/figure>\n\n\n\n<p><\/p>\n\n\n\n<div class=\"wp-block-columns is-layout-flex wp-container-core-columns-is-layout-28f84493 wp-block-columns-is-layout-flex\">\n<div class=\"wp-block-column is-layout-flow wp-block-column-is-layout-flow\" style=\"flex-basis:100%\">\n<p><\/p>\n<\/div>\n<\/div>\n<\/main>\n\n\n\n<div class=\"wp-block-columns alignwide is-layout-flex wp-container-core-columns-is-layout-d2da2050 wp-block-columns-is-layout-flex\" style=\"margin-bottom:0\">\n<div class=\"wp-block-column has-text-color has-background has-link-color wp-elements-afc69dc25af828ec19692805cfc26862 is-layout-flow wp-block-column-is-layout-flow\" style=\"color:#000000;background-color:#ffe97d;padding-top:2em;padding-right:2em;padding-bottom:2em;padding-left:2em\">\n<h2 class=\"wp-block-heading\" id=\"single\" style=\"font-size:36px\"><strong>Evaluation accompagn\u00e9e<\/strong><\/h2>\n\n\n\n<p class=\"has-normal-font-size\" style=\"padding-top:var(--wp--preset--spacing--20);padding-right:0;padding-bottom:var(--wp--preset--spacing--20);line-height:1.5\"><strong>Nos \u00e9quipes viennent \u00e0 votre rencontre<\/strong> <\/p>\n\n\n\n<hr class=\"wp-block-separator has-text-color has-css-opacity has-background is-style-wide\" style=\"background-color:#000000;color:#000000\"\/>\n\n\n\n<ul class=\"wp-block-list has-normal-font-size\">\n<li style=\"padding-top:var(--wp--preset--spacing--40);padding-bottom:var(--wp--preset--spacing--30)\">Pour mieux connaitre votre \u00e9quipe et l\u2019organisation de votre structure<\/li>\n\n\n\n<li style=\"padding-bottom:var(--wp--preset--spacing--30)\">Pour d\u00e9finir ensemble vos objectifs court, moyen et long terme en Sant\u00e9 Int\u00e9grative<\/li>\n\n\n\n<li style=\"padding-bottom:var(--wp--preset--spacing--30)\">Nous passons en revue l\u2019ensemble du r\u00e9f\u00e9rentiel et \u00e9tablissons un plan projet<\/li>\n\n\n\n<li style=\"padding-bottom:var(--wp--preset--spacing--30)\">Human First vous fournit les outils pour faciliter le recueil des \u00e9l\u00e9ments de preuve<\/li>\n\n\n\n<li style=\"padding-bottom:var(--wp--preset--spacing--40)\">Nous nous r\u00e9unissons p\u00e9riodiquement pour mieux vous accompagner tout au long du processus de labellisation<\/li>\n<\/ul>\n\n\n\n<div class=\"wp-block-buttons alignfull is-horizontal is-content-justification-center is-layout-flex wp-container-core-buttons-is-layout-03627597 wp-block-buttons-is-layout-flex\">\n<div class=\"wp-block-button has-custom-width wp-block-button__width-100\"><a class=\"wp-block-button__link has-white-color has-text-color has-background no-border-radius wp-element-button\" href=\"http:\/\/krkakgt.cluster021.hosting.ovh.net\/index.php\/fr\/contact\/\" style=\"background-color:#000000\">EN SAVOIR PLUS<\/a><\/div>\n<\/div>\n<\/div>\n\n\n\n<div class=\"wp-block-column has-text-color has-background has-link-color wp-elements-d61d215813c1d213c0232b02eb7f548f is-layout-flow wp-block-column-is-layout-flow\" style=\"color:#000000;background-color:#d1d1e1;padding-top:2em;padding-right:2em;padding-bottom:2em;padding-left:2em\">\n<h2 class=\"wp-block-heading\" id=\"family\" style=\"font-size:36px\"><strong>Audit ind\u00e9pendant<\/strong><\/h2>\n\n\n\n<p class=\"has-normal-font-size\" style=\"padding-top:var(--wp--preset--spacing--20);padding-bottom:var(--wp--preset--spacing--20);line-height:1.5\"><strong>Ne pas \u00eatre juge et partie<\/strong><\/p>\n\n\n\n<hr class=\"wp-block-separator has-css-opacity is-style-wide\"\/>\n\n\n\n<ul class=\"wp-block-list has-normal-font-size\">\n<li style=\"padding-top:var(--wp--preset--spacing--40);padding-bottom:var(--wp--preset--spacing--30)\">Tous nos auditeurs sont ind\u00e9pendants  afin de garantir un rapport objectif et une stricte neutralit\u00e9<\/li>\n\n\n\n<li style=\"padding-bottom:var(--wp--preset--spacing--30)\">Les auditeurs sont familiers du milieu m\u00e9dical conventionnel et int\u00e9gratif et form\u00e9s au r\u00e9f\u00e9rentiel Human First<\/li>\n\n\n\n<li style=\"padding-bottom:var(--wp--preset--spacing--30)\">L\u2019audit de labellisation se d\u00e9roule sur site\n<ul class=\"wp-block-list\">\n<li style=\"padding-top:0;padding-bottom:var(--wp--preset--spacing--20)\">Rencontre avec vos collaborateurs et vos patients<\/li>\n\n\n\n<li style=\"padding-top:0;padding-bottom:var(--wp--preset--spacing--20)\">Revue et v\u00e9rification exhaustive des \u00e9l\u00e9ments de preuve fournis<\/li>\n\n\n\n<li style=\"padding-top:0;padding-bottom:var(--wp--preset--spacing--20)\">R\u00e9daction d\u2019un rapport complet \u00e0 destination de la commission de labellisation<\/li>\n<\/ul>\n<\/li>\n<\/ul>\n\n\n\n<div class=\"wp-block-buttons alignfull is-horizontal is-content-justification-center is-layout-flex wp-container-core-buttons-is-layout-03627597 wp-block-buttons-is-layout-flex\">\n<div class=\"wp-block-button has-custom-width wp-block-button__width-100 is-style-fill\"><a class=\"wp-block-button__link has-white-color has-text-color has-background no-border-radius wp-element-button\" href=\"http:\/\/krkakgt.cluster021.hosting.ovh.net\/index.php\/fr\/contact\/\" style=\"background-color:#000000\">EN SAVOIR PLUS<\/a><\/div>\n<\/div>\n<\/div>\n\n\n\n<div class=\"wp-block-column has-text-color has-background has-link-color wp-elements-312f99e6ea9009541934f23577a528b7 is-layout-flow wp-block-column-is-layout-flow\" style=\"color:#000000;background-color:#c0ebf1;padding-top:2em;padding-right:2em;padding-bottom:2em;padding-left:2em\">\n<h2 class=\"wp-block-heading\" id=\"patron\" style=\"font-size:36px\"><strong>Commission de labellisation<\/strong><\/h2>\n\n\n\n<p class=\"has-normal-font-size\" style=\"padding-top:var(--wp--preset--spacing--20);padding-bottom:var(--wp--preset--spacing--20)\"><strong>Un jugement objectif<\/strong><\/p>\n\n\n\n<hr class=\"wp-block-separator has-css-opacity is-style-wide\"\/>\n\n\n\n<ul class=\"wp-block-list has-normal-font-size\">\n<li style=\"padding-top:var(--wp--preset--spacing--40);padding-bottom:var(--wp--preset--spacing--30)\">Une commission de labellisation repr\u00e9sentative de votre m\u00e9tier et des patients\n<ul class=\"wp-block-list\">\n<li style=\"padding-bottom:var(--wp--preset--spacing--20)\">Pofessionnels de sant\u00e9 du milieu conventionnel et int\u00e9gratif<\/li>\n\n\n\n<li style=\"padding-bottom:var(--wp--preset--spacing--20)\">Repr\u00e9sentants d\u2019associations patients<\/li>\n<\/ul>\n<\/li>\n\n\n\n<li style=\"padding-bottom:var(--wp--preset--spacing--30)\">La commission \u00e9tudie le rapport d\u2019audit et d\u00e9lib\u00e8re sur l\u2019obtention du label ainsi que le niveau de labellisation du candidat<\/li>\n\n\n\n<li style=\"padding-bottom:var(--wp--preset--spacing--40)\">Un rapport est \u00e9tabli \u00e0 destination des \u00e9quipes Human First qui communique le r\u00e9sultat au candidat et organise le cas \u00e9ch\u00e9ant une c\u00e9r\u00e9monie de remise du label<\/li>\n<\/ul>\n\n\n\n<div class=\"wp-block-buttons alignfull is-horizontal is-content-justification-center is-layout-flex wp-container-core-buttons-is-layout-03627597 wp-block-buttons-is-layout-flex\">\n<div class=\"wp-block-button has-custom-width wp-block-button__width-100\"><a class=\"wp-block-button__link has-white-color has-text-color has-background no-border-radius wp-element-button\" href=\"http:\/\/krkakgt.cluster021.hosting.ovh.net\/index.php\/fr\/contact\/\" style=\"background-color:#000000\">EN SAVOIR PLUS<\/a><\/div>\n<\/div>\n<\/div>\n<\/div>\n\n\n<div id=\"metaslider-id-811\" style=\"width: 100%; margin: 0 auto;\" class=\"ml-slider-3-102-0 metaslider metaslider-flex metaslider-811 ml-slider has-dots-nav has-carousel-mode ms-theme-default-base\" role=\"region\" aria-label=\"Carousel R\u00e9f\u00e9rences Clients\" data-height=\"150\" data-width=\"200\">\n    <div id=\"metaslider_container_811\">\n        <div id=\"metaslider_811\">\n            <ul aria-live='off' class='slides'>\n                <li style=\"display: none; width: 100%;\" class=\"slide-815 ms-image \" aria-roledescription=\"slide\" data-date=\"2025-09-08 18:12:40\" data-slide-type=\"image\"><a href=\"https:\/\/www.abrapa.asso.fr\/\" target=\"_blank\" aria-label=\"aide et service \u00e0 la personne ehpad abrapa\" class=\"metaslider_image_link\"><img loading=\"lazy\" decoding=\"async\" width=\"145\" height=\"89\" src=\"https:\/\/humanfirstlabel.com\/wp-content\/uploads\/2025\/08\/ABRAPA-LOGO.jpg\" class=\"slider-811 slide-815 msDefaultImage\" alt=\"\" rel=\"\" title=\"ABRAPA Ehpad\" style=\"margin-top: 6.8103448275862%\" \/><\/a><\/li>\n                <li style=\"display: none; width: 100%;\" class=\"slide-819 ms-image \" aria-roledescription=\"slide\" data-date=\"2025-09-08 18:12:41\" data-slide-type=\"image\"><a href=\"https:\/\/institut-rafael.fr\/\" target=\"_blank\" aria-label=\"Institut Rafa\u00ebl\" class=\"metaslider_image_link\"><img loading=\"lazy\" decoding=\"async\" width=\"346\" height=\"136\" src=\"https:\/\/humanfirstlabel.com\/wp-content\/uploads\/2025\/08\/Logo-Rafael.webp\" class=\"slider-811 slide-819 msDefaultImage\" alt=\"Centre Europ\u00e9en de M\u00e9decine Int\u00e9grative\" rel=\"\" title=\"Institut Rafa\u00ebl Centre Europ\u00e9en de M\u00e9decine Int\u00e9grative\" style=\"margin-top: 17.846820809249%\" srcset=\"https:\/\/humanfirstlabel.com\/wp-content\/uploads\/2025\/08\/Logo-Rafael.webp 346w, https:\/\/humanfirstlabel.com\/wp-content\/uploads\/2025\/08\/Logo-Rafael-300x118.webp 300w\" sizes=\"auto, (max-width: 346px) 100vw, 346px\" \/><\/a><\/li>\n                <li style=\"display: none; width: 100%;\" class=\"slide-818 ms-image \" aria-roledescription=\"slide\" data-date=\"2025-09-08 18:12:40\" data-slide-type=\"image\"><a href=\"https:\/\/www.centre-ressource-lyon.org\/\" target=\"_blank\" aria-label=\"Centre Resssource Lyon\" class=\"metaslider_image_link\"><img loading=\"lazy\" decoding=\"async\" width=\"271\" height=\"49\" src=\"https:\/\/humanfirstlabel.com\/wp-content\/uploads\/2025\/08\/logo-centre-ressource-LYON.png\" class=\"slider-811 slide-818 msDefaultImage\" alt=\"\" rel=\"\" title=\"Centre Ressource LYON\" style=\"margin-top: 28.459409594096%\" \/><\/a><\/li>\n                <li style=\"display: none; width: 100%;\" class=\"slide-812 ms-image \" aria-roledescription=\"slide\" data-date=\"2025-09-08 18:12:40\" data-slide-type=\"image\"><a href=\"https:\/\/www.fondation-hopale.org\/\" target=\"_blank\" aria-label=\"Fondation Hopale h\u00f4pitaux cliniques chirurgie SMR\" class=\"metaslider_image_link\"><img loading=\"lazy\" decoding=\"async\" width=\"470\" height=\"201\" src=\"https:\/\/humanfirstlabel.com\/wp-content\/uploads\/2025\/08\/FONDATION-HOPALE.png\" class=\"slider-811 slide-812 msDefaultImage\" alt=\"\" rel=\"\" title=\"FONDATION HOPALE Hopitaux &amp; Cliniques\" style=\"margin-top: 16.117021276596%\" srcset=\"https:\/\/humanfirstlabel.com\/wp-content\/uploads\/2025\/08\/FONDATION-HOPALE.png 470w, https:\/\/humanfirstlabel.com\/wp-content\/uploads\/2025\/08\/FONDATION-HOPALE-300x128.png 300w\" sizes=\"auto, (max-width: 470px) 100vw, 470px\" \/><\/a><\/li>\n                <li style=\"display: none; width: 100%;\" class=\"slide-816 ms-image \" aria-roledescription=\"slide\" data-date=\"2025-09-08 18:12:40\" data-slide-type=\"image\"><a href=\"https:\/\/www.ehpad-jeanmenu.fr\/association-mavie-douai\/\" target=\"_blank\" aria-label=\"ehpad MaVie ehpad Jean Menu ehpad Les Logis Douaisiens\" class=\"metaslider_image_link\"><img loading=\"lazy\" decoding=\"async\" width=\"593\" height=\"597\" src=\"https:\/\/humanfirstlabel.com\/wp-content\/uploads\/2025\/08\/LOGO-MAVIE.png\" class=\"slider-811 slide-816 msDefaultImage\" alt=\"\" rel=\"\" title=\"MaVie Ehpad\" style=\"margin: 0 auto; width: 74.497487437186%\" srcset=\"https:\/\/humanfirstlabel.com\/wp-content\/uploads\/2025\/08\/LOGO-MAVIE.png 593w, https:\/\/humanfirstlabel.com\/wp-content\/uploads\/2025\/08\/LOGO-MAVIE-298x300.png 298w, https:\/\/humanfirstlabel.com\/wp-content\/uploads\/2025\/08\/LOGO-MAVIE-150x150.png 150w, https:\/\/humanfirstlabel.com\/wp-content\/uploads\/2025\/08\/LOGO-MAVIE-200x200.png 200w\" sizes=\"auto, (max-width: 593px) 100vw, 593px\" \/><\/a><\/li>\n                <li style=\"display: none; width: 100%;\" class=\"slide-814 ms-image \" aria-roledescription=\"slide\" data-date=\"2025-09-08 18:12:40\" data-slide-type=\"image\"><a href=\"https:\/\/www.orosante.fr\/\" target=\"_blank\" aria-label=\"dentiste orosant\u00e9\" class=\"metaslider_image_link\"><img loading=\"lazy\" decoding=\"async\" width=\"1632\" height=\"884\" src=\"https:\/\/humanfirstlabel.com\/wp-content\/uploads\/2025\/08\/OROSANTE.png\" class=\"slider-811 slide-814 msDefaultImage\" alt=\"\" rel=\"\" title=\"OROSANTE Dentisterie\" style=\"margin-top: 10.416666666667%\" srcset=\"https:\/\/humanfirstlabel.com\/wp-content\/uploads\/2025\/08\/OROSANTE.png 1632w, https:\/\/humanfirstlabel.com\/wp-content\/uploads\/2025\/08\/OROSANTE-300x163.png 300w, https:\/\/humanfirstlabel.com\/wp-content\/uploads\/2025\/08\/OROSANTE-1024x555.png 1024w, https:\/\/humanfirstlabel.com\/wp-content\/uploads\/2025\/08\/OROSANTE-768x416.png 768w, https:\/\/humanfirstlabel.com\/wp-content\/uploads\/2025\/08\/OROSANTE-1536x832.png 1536w\" sizes=\"auto, (max-width: 1632px) 100vw, 1632px\" \/><\/a><\/li>\n                <li style=\"display: none; width: 100%;\" class=\"slide-817 ms-image \" aria-roledescription=\"slide\" data-date=\"2025-09-08 18:12:40\" data-slide-type=\"image\"><a href=\"https:\/\/www.centre-ressource-montelimar.org\/\" target=\"_blank\" aria-label=\"Centre Ressource Mont\u00e9limar\" class=\"metaslider_image_link\"><img loading=\"lazy\" decoding=\"async\" width=\"542\" height=\"98\" src=\"https:\/\/humanfirstlabel.com\/wp-content\/uploads\/2025\/08\/logo-centre-ressource-retina.png\" class=\"slider-811 slide-817 msDefaultImage\" alt=\"\" rel=\"\" title=\"Centre Ressource MONTELIMAR\" style=\"margin-top: 28.459409594096%\" srcset=\"https:\/\/humanfirstlabel.com\/wp-content\/uploads\/2025\/08\/logo-centre-ressource-retina.png 542w, https:\/\/humanfirstlabel.com\/wp-content\/uploads\/2025\/08\/logo-centre-ressource-retina-300x54.png 300w\" sizes=\"auto, (max-width: 542px) 100vw, 542px\" \/><\/a><\/li>\n                <li style=\"display: none; width: 100%;\" class=\"slide-1019 ms-image \" aria-roledescription=\"slide\" data-date=\"2025-09-19 16:32:32\" data-slide-type=\"image\"><a href=\"https:\/\/www.pharmacie-cantonale.fr\/\" target=\"_blank\" aria-label=\"Pharmacie Cantonale\" class=\"metaslider_image_link\"><img loading=\"lazy\" decoding=\"async\" width=\"2560\" height=\"961\" src=\"https:\/\/humanfirstlabel.com\/wp-content\/uploads\/2025\/09\/pharmacie-Cantonale-scaled.png\" class=\"slider-811 slide-1019 msDefaultImage\" alt=\"Giropharm\" rel=\"\" title=\"Pharmacie Cantonale\" style=\"margin-top: 18.73046875%\" srcset=\"https:\/\/humanfirstlabel.com\/wp-content\/uploads\/2025\/09\/pharmacie-Cantonale-scaled.png 2560w, https:\/\/humanfirstlabel.com\/wp-content\/uploads\/2025\/09\/pharmacie-Cantonale-300x113.png 300w, https:\/\/humanfirstlabel.com\/wp-content\/uploads\/2025\/09\/pharmacie-Cantonale-1024x385.png 1024w, https:\/\/humanfirstlabel.com\/wp-content\/uploads\/2025\/09\/pharmacie-Cantonale-768x288.png 768w, https:\/\/humanfirstlabel.com\/wp-content\/uploads\/2025\/09\/pharmacie-Cantonale-1536x577.png 1536w, https:\/\/humanfirstlabel.com\/wp-content\/uploads\/2025\/09\/pharmacie-Cantonale-2048x769.png 2048w\" sizes=\"auto, (max-width: 2560px) 100vw, 2560px\" \/><\/a><\/li>\n                <li style=\"display: none; width: 100%;\" class=\"slide-813 ms-image \" aria-roledescription=\"slide\" data-date=\"2025-09-08 18:12:40\" data-slide-type=\"image\"><a href=\"https:\/\/www.apothical.fr\/\" target=\"_blank\" aria-label=\"Apothical Pharmacies\" class=\"metaslider_image_link\"><img loading=\"lazy\" decoding=\"async\" width=\"151\" height=\"89\" src=\"https:\/\/humanfirstlabel.com\/wp-content\/uploads\/2025\/08\/APOTHICAL-LOGO.png\" class=\"slider-811 slide-813 msDefaultImage\" alt=\"\" rel=\"\" title=\"APOTHICAL Pharmacies\" style=\"margin-top: 8.0298013245033%\" \/><\/a><\/li>\n            <\/ul>\n        <\/div>\n        \n    <\/div>\n<\/div>\n","protected":false},"excerpt":{"rendered":"<p>3 \u00e9tapes pour obtenir le label Human First Evaluation accompagn\u00e9e Nos \u00e9quipes viennent \u00e0 votre rencontre Audit ind\u00e9pendant Ne pas \u00eatre juge et partie Commission de labellisation Un [&hellip;]<\/p>\n","protected":false},"author":1,"featured_media":0,"parent":0,"menu_order":0,"comment_status":"closed","ping_status":"closed","template":"wp-custom-template-2025-11-17-nouvel-accueil-fr","meta":{"_seopress_robots_primary_cat":"","_seopress_titles_title":"Reconnaitre la qualite de votre prise en charge des patients","_seopress_titles_desc":"Amplifiez l\u2019efficacit\u00e9 de vos parcours de soins et fid\u00e9lisez vos collaborateurs par la d\u00e9marche qualit\u00e9 et l\u2019accompagnement sur mesure du label Human First","_seopress_robots_index":"","footnotes":""},"class_list":["post-690","page","type-page","status-publish","hentry"],"_links":{"self":[{"href":"https:\/\/humanfirstlabel.com\/index.php\/wp-json\/wp\/v2\/pages\/690","targetHints":{"allow":["GET"]}}],"collection":[{"href":"https:\/\/humanfirstlabel.com\/index.php\/wp-json\/wp\/v2\/pages"}],"about":[{"href":"https:\/\/humanfirstlabel.com\/index.php\/wp-json\/wp\/v2\/types\/page"}],"author":[{"embeddable":true,"href":"https:\/\/humanfirstlabel.com\/index.php\/wp-json\/wp\/v2\/users\/1"}],"replies":[{"embeddable":true,"href":"https:\/\/humanfirstlabel.com\/index.php\/wp-json\/wp\/v2\/comments?post=690"}],"version-history":[{"count":26,"href":"https:\/\/humanfirstlabel.com\/index.php\/wp-json\/wp\/v2\/pages\/690\/revisions"}],"predecessor-version":[{"id":1208,"href":"https:\/\/humanfirstlabel.com\/index.php\/wp-json\/wp\/v2\/pages\/690\/revisions\/1208"}],"wp:attachment":[{"href":"https:\/\/humanfirstlabel.com\/index.php\/wp-json\/wp\/v2\/media?parent=690"}],"curies":[{"name":"wp","href":"https:\/\/api.w.org\/{rel}","templated":true}]}}