{"id":602,"date":"2025-08-12T18:48:42","date_gmt":"2025-08-12T16:48:42","guid":{"rendered":"http:\/\/krkakgt.cluster021.hosting.ovh.net\/?page_id=602"},"modified":"2025-11-21T14:03:00","modified_gmt":"2025-11-21T13:03:00","slug":"actualites","status":"publish","type":"page","link":"https:\/\/humanfirstlabel.com\/index.php\/actualites\/","title":{"rendered":"Actualit\u00e9s"},"content":{"rendered":"\n<div class=\"wp-block-cover alignfull\" style=\"margin-top:0px;margin-bottom:0px;min-height:267px;aspect-ratio:unset;\"><img alt=\"\" loading=\"lazy\" decoding=\"async\" width=\"626\" height=\"317\" class=\"wp-block-cover__image-background wp-image-732 size-full\" alt=\"\" src=\"https:\/\/humanfirstlabel.com\/wp-content\/uploads\/2025\/08\/NEWS-6.png\" style=\"object-position:48% 33%\" data-object-fit=\"cover\" data-object-position=\"48% 33%\" srcset=\"https:\/\/humanfirstlabel.com\/wp-content\/uploads\/2025\/08\/NEWS-6.png 626w, https:\/\/humanfirstlabel.com\/wp-content\/uploads\/2025\/08\/NEWS-6-300x152.png 300w\" sizes=\"auto, (max-width: 626px) 100vw, 626px\" \/><span aria-hidden=\"true\" class=\"wp-block-cover__background has-black-background-color has-background-dim-60 has-background-dim\"><\/span><div class=\"wp-block-cover__inner-container is-layout-flow wp-block-cover-is-layout-flow\">\n<div class=\"wp-block-group has-global-padding is-layout-constrained wp-block-group-is-layout-constrained\">\n<div class=\"wp-block-group alignfull is-layout-flow wp-container-core-group-is-layout-1eb62351 wp-block-group-is-layout-flow\" style=\"padding-right:var(--wp--preset--spacing--50);padding-left:var(--wp--preset--spacing--50)\"><\/div>\n<\/div>\n<\/div><\/div>\n\n\n\n<main class=\"wp-block-group is-layout-flow wp-block-group-is-layout-flow\" style=\"margin-top:0px;margin-bottom:0px\">\n<div style=\"height:19px\" aria-hidden=\"true\" class=\"wp-block-spacer\"><\/div>\n\n\n\n<div class=\"wp-block-group has-white-background-color has-background is-vertical is-content-justification-center is-nowrap is-layout-flex wp-container-core-group-is-layout-354cbb48 wp-block-group-is-layout-flex\" style=\"margin-top:0;margin-bottom:0;padding-top:60px;padding-right:20px;padding-bottom:60px;padding-left:20px\">\n<h2 class=\"wp-block-heading has-text-align-center has-heading-color has-text-color has-link-color wp-elements-655bc7b0b2a5731b688c74a187f11916\" style=\"margin-top:0;margin-right:0;margin-bottom:0;margin-left:0;padding-top:0;padding-right:0;padding-bottom:var(--wp--preset--spacing--50);padding-left:0\">D\u00e9couvrez ici les derni\u00e8res actualit\u00e9s Human First<\/h2>\n\n\n\n<p><\/p>\n\n\n\n<figure class=\"wp-block-gallery alignwide has-nested-images columns-4 is-cropped wp-block-gallery-2 is-layout-flex wp-block-gallery-is-layout-flex\">\n<figure class=\"wp-block-image size-full is-style-rounded\" style=\"margin-top:var(--wp--preset--spacing--30);margin-bottom:var(--wp--preset--spacing--30)\"><img alt=\"\" loading=\"lazy\" decoding=\"async\" width=\"254\" height=\"241\" data-id=\"604\" src=\"https:\/\/humanfirstlabel.com\/wp-content\/uploads\/2025\/08\/HEALTHUNITED-287-29-1920w.png\" alt=\"\" class=\"wp-image-604\"\/><figcaption class=\"wp-element-caption\"><strong><em><mark style=\"background-color:rgba(0, 0, 0, 0)\" class=\"has-inline-color has-heading-color\">A venir les 13 &amp; 14 mars 2026 &#8211;<\/mark><\/em><mark style=\"background-color:rgba(0, 0, 0, 0);color:#ff6900\" class=\"has-inline-color\"> HUMAN FIRST sponsor Platinum du Symposium International de la Sant\u00e9 Int\u00e9grative<\/mark><\/strong> <strong><mark style=\"background-color:rgba(0, 0, 0, 0);color:#ff6900\" class=\"has-inline-color\">Health United <\/mark><\/strong><\/figcaption><\/figure>\n\n\n\n<figure class=\"wp-block-image size-full is-style-rounded\" style=\"margin-top:var(--wp--preset--spacing--30);margin-bottom:var(--wp--preset--spacing--30)\"><img alt=\"\" loading=\"lazy\" decoding=\"async\" width=\"1280\" height=\"960\" data-id=\"931\" src=\"https:\/\/humanfirstlabel.com\/wp-content\/uploads\/2025\/09\/UK-FLAG-1.jpg\" alt=\"\" class=\"wp-image-931\" srcset=\"https:\/\/humanfirstlabel.com\/wp-content\/uploads\/2025\/09\/UK-FLAG-1.jpg 1280w, https:\/\/humanfirstlabel.com\/wp-content\/uploads\/2025\/09\/UK-FLAG-1-300x225.jpg 300w, https:\/\/humanfirstlabel.com\/wp-content\/uploads\/2025\/09\/UK-FLAG-1-1024x768.jpg 1024w, https:\/\/humanfirstlabel.com\/wp-content\/uploads\/2025\/09\/UK-FLAG-1-768x576.jpg 768w\" sizes=\"auto, (max-width: 1280px) 100vw, 1280px\" \/><figcaption class=\"wp-element-caption\"><strong><em><mark style=\"background-color:rgba(0, 0, 0, 0)\" class=\"has-inline-color has-heading-color\">12 septembre 2025 &#8211;<\/mark><\/em><mark style=\"background-color:rgba(0, 0, 0, 0);color:#ff6900\" class=\"has-inline-color\"> HUMAN FIRST lance son premier pilote au Royaume-Uni<\/mark><\/strong><\/figcaption><\/figure>\n\n\n\n<figure class=\"wp-block-image aligncenter size-full is-style-rounded\" style=\"margin-top:var(--wp--preset--spacing--30);margin-right:0;margin-bottom:var(--wp--preset--spacing--30)\"><img alt=\"\" loading=\"lazy\" decoding=\"async\" width=\"1350\" height=\"629\" data-id=\"608\" src=\"https:\/\/humanfirstlabel.com\/wp-content\/uploads\/2025\/08\/IPM2025-V3.png\" alt=\"\" class=\"wp-image-608\" srcset=\"https:\/\/humanfirstlabel.com\/wp-content\/uploads\/2025\/08\/IPM2025-V3.png 1350w, https:\/\/humanfirstlabel.com\/wp-content\/uploads\/2025\/08\/IPM2025-V3-300x140.png 300w, https:\/\/humanfirstlabel.com\/wp-content\/uploads\/2025\/08\/IPM2025-V3-1024x477.png 1024w, https:\/\/humanfirstlabel.com\/wp-content\/uploads\/2025\/08\/IPM2025-V3-768x358.png 768w\" sizes=\"auto, (max-width: 1350px) 100vw, 1350px\" \/><figcaption class=\"wp-element-caption\"><strong><em><mark style=\"background-color:rgba(0, 0, 0, 0)\" class=\"has-inline-color has-heading-color\">Juin 2025 &#8211;<\/mark><\/em><mark style=\"background-color:rgba(0, 0, 0, 0);color:#ff6900\" class=\"has-inline-color\"> HUMAN FIRST pr\u00e9sent \u00e0 l&rsquo;IPM Congress de Londres en juin 2025 !<\/mark><\/strong><\/figcaption><\/figure>\n\n\n\n<figure class=\"wp-block-image size-full is-style-rounded wp-duotone-unset-1\" style=\"margin-top:var(--wp--preset--spacing--30);margin-right:0;margin-bottom:var(--wp--preset--spacing--30);margin-left:0\"><img alt=\"\" loading=\"lazy\" decoding=\"async\" width=\"647\" height=\"610\" data-id=\"776\" src=\"https:\/\/humanfirstlabel.com\/wp-content\/uploads\/2025\/09\/Steve-joining-detouree-v3.png\" alt=\"\" class=\"wp-image-776\" srcset=\"https:\/\/humanfirstlabel.com\/wp-content\/uploads\/2025\/09\/Steve-joining-detouree-v3.png 647w, https:\/\/humanfirstlabel.com\/wp-content\/uploads\/2025\/09\/Steve-joining-detouree-v3-300x283.png 300w\" sizes=\"auto, (max-width: 647px) 100vw, 647px\" \/><figcaption class=\"wp-element-caption\"><span><em><mark style=\"background-color:rgba(0, 0, 0, 0)\" class=\"has-inline-color has-heading-color\"><strong>Septembre 2024<\/strong><\/mark><\/em><strong><em><mark style=\"background-color:rgba(0, 0, 0, 0)\" class=\"has-inline-color has-heading-color\"> &#8211;<\/mark><\/em><\/strong><mark style=\"font-weight: bold; background-color: rgba(0, 0, 0, 0); color: rgb(255, 105, 0);\" class=\"has-inline-color\"> <strong>HUMAN FIRST ouvre son antenne en Angleterre et nomme Steve Priestley &#8211; UKI Director<\/strong><\/mark><\/span><\/figcaption><\/figure>\n<\/figure>\n\n\n\n<div class=\"wp-block-buttons is-layout-flex wp-block-buttons-is-layout-flex\"><\/div>\n\n\n\n<div class=\"wp-block-buttons is-content-justification-center is-layout-flex wp-container-core-buttons-is-layout-ba9ea59f wp-block-buttons-is-layout-flex\" style=\"margin-top:var(--wp--preset--spacing--60)\">\n<div class=\"wp-block-button is-style-fill\"><a class=\"wp-block-button__link has-secondary-color has-primary-background-color has-text-color has-background wp-element-button\" href=\"https:\/\/humanfirstlabel.com\/index.php\/fr\/contact\/\" style=\"padding-top:10px;padding-right:32px;padding-bottom:10px;padding-left:32px;font-style:normal;font-weight:700;letter-spacing:1px;text-transform:uppercase\">en savoir plus<\/a><\/div>\n<\/div>\n\n\n\n<div class=\"wp-block-columns is-layout-flex wp-container-core-columns-is-layout-28f84493 wp-block-columns-is-layout-flex\">\n<div class=\"wp-block-column is-layout-flow wp-block-column-is-layout-flow\" style=\"flex-basis:100%\"><\/div>\n<\/div>\n<\/div>\n\n\n\n<div class=\"wp-block-cover has-parallax\" style=\"margin-top:0px;margin-bottom:0px;padding-top:60px;padding-right:20px;padding-bottom:60px;padding-left:20px;min-height:300px;aspect-ratio:unset;\"><div class=\"wp-block-cover__image-background wp-image-103 size-large has-parallax\" style=\"background-position:50% 50%;background-image:url(http:\/\/krkakgt.cluster021.hosting.ovh.net\/wp-content\/uploads\/2025\/05\/pexels-pavel-danilyuk-7944064-1-1024x684.jpg)\"><\/div><span aria-hidden=\"true\" class=\"wp-block-cover__background has-black-background-color has-background-dim-70 has-background-dim\"><\/span><div class=\"wp-block-cover__inner-container is-layout-flow wp-block-cover-is-layout-flow\">\n<div class=\"wp-block-group has-global-padding is-layout-constrained wp-block-group-is-layout-constrained\">\n<div class=\"wp-block-group alignwide is-layout-flow wp-block-group-is-layout-flow\">\n<div class=\"wp-block-columns is-layout-flex wp-container-core-columns-is-layout-28f84493 wp-block-columns-is-layout-flex\">\n<div class=\"wp-block-column is-layout-flow wp-container-core-column-is-layout-f5bb311e wp-block-column-is-layout-flow\">\n<div class=\"wp-block-group has-global-padding is-layout-constrained wp-container-core-group-is-layout-a7ff2edf wp-block-group-is-layout-constrained\" style=\"padding-top:25px;padding-right:25px;padding-bottom:25px;padding-left:25px\">\n<figure class=\"wp-block-image aligncenter size-full is-resized\"><img alt=\"\" loading=\"lazy\" decoding=\"async\" width=\"915\" height=\"953\" src=\"https:\/\/humanfirstlabel.com\/wp-content\/uploads\/2025\/08\/LOGO-HF-BLANC-NEUTRE-PNG-_Plan-de-travail-rogne-sans-wording.png\" alt=\"\" class=\"wp-image-706\" style=\"width:120px\" srcset=\"https:\/\/humanfirstlabel.com\/wp-content\/uploads\/2025\/08\/LOGO-HF-BLANC-NEUTRE-PNG-_Plan-de-travail-rogne-sans-wording.png 915w, https:\/\/humanfirstlabel.com\/wp-content\/uploads\/2025\/08\/LOGO-HF-BLANC-NEUTRE-PNG-_Plan-de-travail-rogne-sans-wording-288x300.png 288w, https:\/\/humanfirstlabel.com\/wp-content\/uploads\/2025\/08\/LOGO-HF-BLANC-NEUTRE-PNG-_Plan-de-travail-rogne-sans-wording-768x800.png 768w\" sizes=\"auto, (max-width: 915px) 100vw, 915px\" \/><\/figure>\n\n\n\n<h3 class=\"wp-block-heading has-text-align-center\" style=\"margin-top:var(--wp--preset--spacing--60);font-size:50px\">100 +<\/h3>\n\n\n\n<h5 class=\"wp-block-heading has-text-align-center has-small-font-size\" style=\"font-style:normal;font-weight:600;text-transform:uppercase\">Candidats engag\u00e9s dans la demarche<\/h5>\n<\/div>\n<\/div>\n\n\n\n<div class=\"wp-block-column is-layout-flow wp-container-core-column-is-layout-8a368f38 wp-block-column-is-layout-flow\">\n<div class=\"wp-block-group has-global-padding is-layout-constrained wp-container-core-group-is-layout-a7ff2edf wp-block-group-is-layout-constrained\" style=\"padding-top:25px;padding-right:25px;padding-bottom:25px;padding-left:25px\">\n<figure class=\"wp-block-image aligncenter size-full is-resized\"><img alt=\"\" loading=\"lazy\" decoding=\"async\" width=\"2470\" height=\"2560\" src=\"https:\/\/humanfirstlabel.com\/wp-content\/uploads\/2025\/08\/LOGO-BRONZE-PNG-1-scaled.png\" alt=\"\" class=\"wp-image-711\" style=\"width:120px\" srcset=\"https:\/\/humanfirstlabel.com\/wp-content\/uploads\/2025\/08\/LOGO-BRONZE-PNG-1-scaled.png 2470w, https:\/\/humanfirstlabel.com\/wp-content\/uploads\/2025\/08\/LOGO-BRONZE-PNG-1-289x300.png 289w, https:\/\/humanfirstlabel.com\/wp-content\/uploads\/2025\/08\/LOGO-BRONZE-PNG-1-988x1024.png 988w, https:\/\/humanfirstlabel.com\/wp-content\/uploads\/2025\/08\/LOGO-BRONZE-PNG-1-768x796.png 768w, https:\/\/humanfirstlabel.com\/wp-content\/uploads\/2025\/08\/LOGO-BRONZE-PNG-1-1482x1536.png 1482w, https:\/\/humanfirstlabel.com\/wp-content\/uploads\/2025\/08\/LOGO-BRONZE-PNG-1-1976x2048.png 1976w\" sizes=\"auto, (max-width: 2470px) 100vw, 2470px\" \/><\/figure>\n\n\n\n<h3 class=\"wp-block-heading has-text-align-center\" style=\"margin-top:var(--wp--preset--spacing--60);font-size:50px\">50 +<\/h3>\n\n\n\n<h5 class=\"wp-block-heading has-text-align-center has-small-font-size\" style=\"font-style:normal;font-weight:600;text-transform:uppercase\">Acteurs de sant\u00e9 labellis\u00e9s en france<\/h5>\n<\/div>\n<\/div>\n\n\n\n<div class=\"wp-block-column is-layout-flow wp-container-core-column-is-layout-8a368f38 wp-block-column-is-layout-flow\">\n<div class=\"wp-block-group has-global-padding is-layout-constrained wp-container-core-group-is-layout-a7ff2edf wp-block-group-is-layout-constrained\" style=\"padding-top:25px;padding-right:25px;padding-bottom:25px;padding-left:25px\">\n<figure class=\"wp-block-image aligncenter size-full is-resized\"><img alt=\"\" loading=\"lazy\" decoding=\"async\" width=\"2413\" height=\"2560\" src=\"https:\/\/humanfirstlabel.com\/wp-content\/uploads\/2025\/08\/LOGO-ARGENT-PNG-1-scaled.png\" alt=\"\" class=\"wp-image-712\" style=\"width:120px\" srcset=\"https:\/\/humanfirstlabel.com\/wp-content\/uploads\/2025\/08\/LOGO-ARGENT-PNG-1-scaled.png 2413w, https:\/\/humanfirstlabel.com\/wp-content\/uploads\/2025\/08\/LOGO-ARGENT-PNG-1-283x300.png 283w, https:\/\/humanfirstlabel.com\/wp-content\/uploads\/2025\/08\/LOGO-ARGENT-PNG-1-965x1024.png 965w, https:\/\/humanfirstlabel.com\/wp-content\/uploads\/2025\/08\/LOGO-ARGENT-PNG-1-768x815.png 768w, https:\/\/humanfirstlabel.com\/wp-content\/uploads\/2025\/08\/LOGO-ARGENT-PNG-1-1448x1536.png 1448w, https:\/\/humanfirstlabel.com\/wp-content\/uploads\/2025\/08\/LOGO-ARGENT-PNG-1-1930x2048.png 1930w\" sizes=\"auto, (max-width: 2413px) 100vw, 2413px\" \/><\/figure>\n\n\n\n<h3 class=\"wp-block-heading has-text-align-center\" style=\"margin-top:var(--wp--preset--spacing--60);font-size:50px\">115 +<\/h3>\n\n\n\n<h5 class=\"wp-block-heading has-text-align-center has-small-font-size\" style=\"font-style:normal;font-weight:600;text-transform:uppercase\">indicateurs \u00e9valu\u00e9s<\/h5>\n<\/div>\n<\/div>\n\n\n\n<div class=\"wp-block-column is-layout-flow wp-container-core-column-is-layout-8a368f38 wp-block-column-is-layout-flow\">\n<div class=\"wp-block-group has-global-padding is-layout-constrained wp-container-core-group-is-layout-a7ff2edf wp-block-group-is-layout-constrained\" style=\"padding-top:25px;padding-right:25px;padding-bottom:25px;padding-left:25px\">\n<figure class=\"wp-block-image aligncenter size-full is-resized\"><img alt=\"\" loading=\"lazy\" decoding=\"async\" width=\"2448\" height=\"2560\" src=\"https:\/\/humanfirstlabel.com\/wp-content\/uploads\/2025\/08\/LOGO-OR-PNG-1-scaled.png\" alt=\"\" class=\"wp-image-713\" style=\"width:120px\" srcset=\"https:\/\/humanfirstlabel.com\/wp-content\/uploads\/2025\/08\/LOGO-OR-PNG-1-scaled.png 2448w, https:\/\/humanfirstlabel.com\/wp-content\/uploads\/2025\/08\/LOGO-OR-PNG-1-287x300.png 287w, https:\/\/humanfirstlabel.com\/wp-content\/uploads\/2025\/08\/LOGO-OR-PNG-1-979x1024.png 979w, https:\/\/humanfirstlabel.com\/wp-content\/uploads\/2025\/08\/LOGO-OR-PNG-1-768x803.png 768w, https:\/\/humanfirstlabel.com\/wp-content\/uploads\/2025\/08\/LOGO-OR-PNG-1-1469x1536.png 1469w, https:\/\/humanfirstlabel.com\/wp-content\/uploads\/2025\/08\/LOGO-OR-PNG-1-1959x2048.png 1959w\" sizes=\"auto, (max-width: 2448px) 100vw, 2448px\" \/><\/figure>\n\n\n\n<h3 class=\"wp-block-heading has-text-align-center\" style=\"margin-top:var(--wp--preset--spacing--60);font-size:41px\">2 500 +<\/h3>\n\n\n\n<h5 class=\"wp-block-heading has-text-align-center has-small-font-size\" style=\"font-style:normal;font-weight:600;text-transform:uppercase\">Professionnels de sant\u00e9 impliqu\u00e9s<\/h5>\n<\/div>\n<\/div>\n<\/div>\n<\/div>\n<\/div>\n<\/div><\/div>\n\n\n\n<div class=\"wp-block-group has-secondary-background-color has-background has-global-padding is-layout-constrained wp-container-core-group-is-layout-97126c88 wp-block-group-is-layout-constrained\" style=\"margin-top:0;margin-bottom:0;padding-top:60px;padding-right:20px;padding-bottom:60px;padding-left:20px\"><div id=\"metaslider-id-1006\" style=\"width: 100%;\" class=\"ml-slider-3-102-0 metaslider metaslider-flex metaslider-1006 ml-slider has-dots-nav ms-theme-default-base\" role=\"region\" aria-label=\"Carroussel t\u00e9moignages v2\" data-height=\"300\" data-width=\"700\">\n    <div id=\"metaslider_container_1006\">\n        <div id=\"metaslider_1006\">\n            <ul aria-live='off' class='slides'>\n                <li style=\"display: block; width: 100%;\" class=\"slide-1008 ms-image \" aria-roledescription=\"slide\" data-date=\"2025-09-19 15:48:40\" data-slide-type=\"image\"><img loading=\"lazy\" decoding=\"async\" width=\"1280\" height=\"720\" src=\"https:\/\/humanfirstlabel.com\/wp-content\/uploads\/2025\/09\/Carroussel-temoignage-Becker.png\" class=\"slider-1006 slide-1008 msDefaultImage\" alt=\"\" rel=\"\" title=\"Carroussel t\u00e9moignage Becker\" srcset=\"https:\/\/humanfirstlabel.com\/wp-content\/uploads\/2025\/09\/Carroussel-temoignage-Becker.png 1280w, https:\/\/humanfirstlabel.com\/wp-content\/uploads\/2025\/09\/Carroussel-temoignage-Becker-300x169.png 300w, https:\/\/humanfirstlabel.com\/wp-content\/uploads\/2025\/09\/Carroussel-temoignage-Becker-1024x576.png 1024w, https:\/\/humanfirstlabel.com\/wp-content\/uploads\/2025\/09\/Carroussel-temoignage-Becker-768x432.png 768w\" sizes=\"auto, (max-width: 1280px) 100vw, 1280px\" \/><\/li>\n                <li style=\"display: none; width: 100%;\" class=\"slide-1010 ms-image \" aria-roledescription=\"slide\" data-date=\"2025-09-19 15:48:40\" data-slide-type=\"image\"><img loading=\"lazy\" decoding=\"async\" width=\"1280\" height=\"720\" src=\"https:\/\/humanfirstlabel.com\/wp-content\/uploads\/2025\/09\/Carroussel-temoignage-Toledano.png\" class=\"slider-1006 slide-1010 msDefaultImage\" alt=\"\" rel=\"\" title=\"Carroussel t\u00e9moignage Toledano\" srcset=\"https:\/\/humanfirstlabel.com\/wp-content\/uploads\/2025\/09\/Carroussel-temoignage-Toledano.png 1280w, https:\/\/humanfirstlabel.com\/wp-content\/uploads\/2025\/09\/Carroussel-temoignage-Toledano-300x169.png 300w, https:\/\/humanfirstlabel.com\/wp-content\/uploads\/2025\/09\/Carroussel-temoignage-Toledano-1024x576.png 1024w, https:\/\/humanfirstlabel.com\/wp-content\/uploads\/2025\/09\/Carroussel-temoignage-Toledano-768x432.png 768w\" sizes=\"auto, (max-width: 1280px) 100vw, 1280px\" \/><\/li>\n                <li style=\"display: none; width: 100%;\" class=\"slide-1012 ms-image \" aria-roledescription=\"slide\" data-date=\"2025-09-19 15:48:40\" data-slide-type=\"image\"><img loading=\"lazy\" decoding=\"async\" width=\"1280\" height=\"720\" src=\"https:\/\/humanfirstlabel.com\/wp-content\/uploads\/2025\/09\/Carroussel-temoignage-Joao.png\" class=\"slider-1006 slide-1012 msDefaultImage\" alt=\"\" rel=\"\" title=\"Carroussel t\u00e9moignage Joao\" srcset=\"https:\/\/humanfirstlabel.com\/wp-content\/uploads\/2025\/09\/Carroussel-temoignage-Joao.png 1280w, https:\/\/humanfirstlabel.com\/wp-content\/uploads\/2025\/09\/Carroussel-temoignage-Joao-300x169.png 300w, https:\/\/humanfirstlabel.com\/wp-content\/uploads\/2025\/09\/Carroussel-temoignage-Joao-1024x576.png 1024w, https:\/\/humanfirstlabel.com\/wp-content\/uploads\/2025\/09\/Carroussel-temoignage-Joao-768x432.png 768w\" sizes=\"auto, (max-width: 1280px) 100vw, 1280px\" \/><\/li>\n                <li style=\"display: none; width: 100%;\" class=\"slide-1017 ms-image \" aria-roledescription=\"slide\" data-date=\"2025-09-19 15:51:05\" data-slide-type=\"image\"><a href=\"https:\/\/www.pharmacie-cantonale.fr\/\" target=\"_self\" aria-label=\"Giropharm\" class=\"metaslider_image_link\"><img loading=\"lazy\" decoding=\"async\" width=\"1280\" height=\"720\" src=\"https:\/\/humanfirstlabel.com\/wp-content\/uploads\/2025\/09\/Carroussel-temoignages-Xavier-v2-1.png\" class=\"slider-1006 slide-1017 msDefaultImage\" alt=\"Giropharm\" rel=\"\" title=\"Pharmacie cantonale\" srcset=\"https:\/\/humanfirstlabel.com\/wp-content\/uploads\/2025\/09\/Carroussel-temoignages-Xavier-v2-1.png 1280w, https:\/\/humanfirstlabel.com\/wp-content\/uploads\/2025\/09\/Carroussel-temoignages-Xavier-v2-1-300x169.png 300w, https:\/\/humanfirstlabel.com\/wp-content\/uploads\/2025\/09\/Carroussel-temoignages-Xavier-v2-1-1024x576.png 1024w, https:\/\/humanfirstlabel.com\/wp-content\/uploads\/2025\/09\/Carroussel-temoignages-Xavier-v2-1-768x432.png 768w\" sizes=\"auto, (max-width: 1280px) 100vw, 1280px\" \/><\/a><\/li>\n                <li style=\"display: none; width: 100%;\" class=\"slide-1065 ms-image \" aria-roledescription=\"slide\" data-date=\"2025-11-10 16:33:02\" data-slide-type=\"image\"><a href=\"https:\/\/www.centre-ressource-lyon.org\/\" target=\"_blank\" aria-label=\"Centres Ressources Lyon et Mont\u00e9limar\" class=\"metaslider_image_link\"><img loading=\"lazy\" decoding=\"async\" width=\"1280\" height=\"720\" src=\"https:\/\/humanfirstlabel.com\/wp-content\/uploads\/2025\/11\/Temoignages-Charvet.png\" class=\"slider-1006 slide-1065 msDefaultImage\" alt=\"\" rel=\"\" title=\"Centre Ressource Lyon Centre Ressource Mont\u00e9limar\" srcset=\"https:\/\/humanfirstlabel.com\/wp-content\/uploads\/2025\/11\/Temoignages-Charvet.png 1280w, https:\/\/humanfirstlabel.com\/wp-content\/uploads\/2025\/11\/Temoignages-Charvet-300x169.png 300w, https:\/\/humanfirstlabel.com\/wp-content\/uploads\/2025\/11\/Temoignages-Charvet-1024x576.png 1024w, https:\/\/humanfirstlabel.com\/wp-content\/uploads\/2025\/11\/Temoignages-Charvet-768x432.png 768w\" sizes=\"auto, (max-width: 1280px) 100vw, 1280px\" \/><\/a><\/li>\n                <li style=\"display: none; width: 100%;\" class=\"slide-1068 ms-image \" aria-roledescription=\"slide\" data-date=\"2025-11-10 17:12:32\" data-slide-type=\"image\"><a href=\"https:\/\/www.ehpad-jeanmenu.fr\/association-mavie-douai\/\" target=\"_blank\" aria-label=\"Ehpad Jean Menu Ehpad Les Logis Douaisiens\" class=\"metaslider_image_link\"><img loading=\"lazy\" decoding=\"async\" width=\"1280\" height=\"720\" src=\"https:\/\/humanfirstlabel.com\/wp-content\/uploads\/2025\/11\/Carroussel-temoignage-Alice.png\" class=\"slider-1006 slide-1068 msDefaultImage\" alt=\"Association MaVie - Alice Honor\u00e9\" rel=\"\" title=\"Ehpad Jean Menu Ehpad Les Logis Douaisiens\" srcset=\"https:\/\/humanfirstlabel.com\/wp-content\/uploads\/2025\/11\/Carroussel-temoignage-Alice.png 1280w, https:\/\/humanfirstlabel.com\/wp-content\/uploads\/2025\/11\/Carroussel-temoignage-Alice-300x169.png 300w, https:\/\/humanfirstlabel.com\/wp-content\/uploads\/2025\/11\/Carroussel-temoignage-Alice-1024x576.png 1024w, https:\/\/humanfirstlabel.com\/wp-content\/uploads\/2025\/11\/Carroussel-temoignage-Alice-768x432.png 768w\" sizes=\"auto, (max-width: 1280px) 100vw, 1280px\" \/><\/a><\/li>\n            <\/ul>\n        <\/div>\n        \n    <\/div>\n<\/div>\n<\/div>\n<\/main>\n\n\n\n<p><\/p>\n","protected":false},"excerpt":{"rendered":"<p>D\u00e9couvrez ici les derni\u00e8res actualit\u00e9s Human First<\/p>\n","protected":false},"author":1,"featured_media":0,"parent":0,"menu_order":0,"comment_status":"closed","ping_status":"closed","template":"wp-custom-template-2025-11-17-nouvel-accueil-fr","meta":{"_seopress_robots_primary_cat":"","_seopress_titles_title":"Les dernieres informations du label qualite Human First","_seopress_titles_desc":"D\u00e9couvrez les derni\u00e8res actualit\u00e9s, \u00e9v\u00e8nements ou informations du label qualit\u00e9 Human First en France et \u00e0 l\u2019international","_seopress_robots_index":"","footnotes":""},"class_list":["post-602","page","type-page","status-publish","hentry"],"_links":{"self":[{"href":"https:\/\/humanfirstlabel.com\/index.php\/wp-json\/wp\/v2\/pages\/602","targetHints":{"allow":["GET"]}}],"collection":[{"href":"https:\/\/humanfirstlabel.com\/index.php\/wp-json\/wp\/v2\/pages"}],"about":[{"href":"https:\/\/humanfirstlabel.com\/index.php\/wp-json\/wp\/v2\/types\/page"}],"author":[{"embeddable":true,"href":"https:\/\/humanfirstlabel.com\/index.php\/wp-json\/wp\/v2\/users\/1"}],"replies":[{"embeddable":true,"href":"https:\/\/humanfirstlabel.com\/index.php\/wp-json\/wp\/v2\/comments?post=602"}],"version-history":[{"count":41,"href":"https:\/\/humanfirstlabel.com\/index.php\/wp-json\/wp\/v2\/pages\/602\/revisions"}],"predecessor-version":[{"id":1215,"href":"https:\/\/humanfirstlabel.com\/index.php\/wp-json\/wp\/v2\/pages\/602\/revisions\/1215"}],"wp:attachment":[{"href":"https:\/\/humanfirstlabel.com\/index.php\/wp-json\/wp\/v2\/media?parent=602"}],"curies":[{"name":"wp","href":"https:\/\/api.w.org\/{rel}","templated":true}]}}