{"id":482,"date":"2025-08-06T18:58:08","date_gmt":"2025-08-06T16:58:08","guid":{"rendered":"http:\/\/krkakgt.cluster021.hosting.ovh.net\/?page_id=482"},"modified":"2025-11-21T14:27:02","modified_gmt":"2025-11-21T13:27:02","slug":"ehpads","status":"publish","type":"page","link":"https:\/\/humanfirstlabel.com\/index.php\/label-qualite-sante-integrative\/ehpads\/","title":{"rendered":"EHPADs"},"content":{"rendered":"\n<div class=\"wp-block-cover alignfull\" style=\"margin-top:10px;margin-bottom:0px;padding-top:0;min-height:440px;aspect-ratio:unset;\"><img alt=\"\" loading=\"lazy\" decoding=\"async\" width=\"1024\" height=\"502\" class=\"wp-block-cover__image-background wp-image-703 size-large\" alt=\"\" src=\"https:\/\/humanfirstlabel.com\/wp-content\/uploads\/2025\/08\/patient-and-nurse-hands-large-1024x502.jpg\" style=\"object-position:59% 63%\" data-object-fit=\"cover\" data-object-position=\"59% 63%\" srcset=\"https:\/\/humanfirstlabel.com\/wp-content\/uploads\/2025\/08\/patient-and-nurse-hands-large-1024x502.jpg 1024w, https:\/\/humanfirstlabel.com\/wp-content\/uploads\/2025\/08\/patient-and-nurse-hands-large-300x147.jpg 300w, https:\/\/humanfirstlabel.com\/wp-content\/uploads\/2025\/08\/patient-and-nurse-hands-large-768x377.jpg 768w, https:\/\/humanfirstlabel.com\/wp-content\/uploads\/2025\/08\/patient-and-nurse-hands-large-1536x753.jpg 1536w, https:\/\/humanfirstlabel.com\/wp-content\/uploads\/2025\/08\/patient-and-nurse-hands-large-2048x1004.jpg 2048w\" sizes=\"auto, (max-width: 1024px) 100vw, 1024px\" \/><span aria-hidden=\"true\" class=\"wp-block-cover__background has-black-background-color has-background-dim-60 has-background-dim\"><\/span><div class=\"wp-block-cover__inner-container is-layout-flow wp-block-cover-is-layout-flow\">\n<div class=\"wp-block-group has-global-padding is-layout-constrained wp-block-group-is-layout-constrained\">\n<div class=\"wp-block-group alignfull is-layout-flow wp-container-core-group-is-layout-d3581655 wp-block-group-is-layout-flow\" style=\"padding-right:var(--wp--preset--spacing--50);padding-left:var(--wp--preset--spacing--50)\">\n<h2 class=\"wp-block-heading has-text-align-center has-banner-title-font-size\" style=\"margin-top:25px;margin-right:0px;margin-bottom:0px;margin-left:0px;padding-right:0;padding-left:0;font-style:normal;font-weight:600;line-height:1.1\">Fa\u00e7onnons ensemble l&rsquo;avenir de la Sant\u00e9 Int\u00e9grative<\/h2>\n\n\n\n<h3 class=\"wp-block-heading has-text-align-center has-large-font-size\" style=\"padding-right:var(--wp--preset--spacing--20);padding-left:var(--wp--preset--spacing--20);line-height:1.9\">Human First accompagne les acteurs de sant\u00e9 et amplifie leur efficacit\u00e9 en mettant en \u0153uvre une d\u00e9marche qualit\u00e9 personnalis\u00e9e et sur mesure qui place l&rsquo;Humain au premier plan<\/h3>\n\n\n\n<div class=\"wp-block-buttons is-content-justification-center is-layout-flex wp-container-core-buttons-is-layout-ba9ea59f wp-block-buttons-is-layout-flex\" style=\"margin-top:var(--wp--preset--spacing--60)\">\n<div class=\"wp-block-button is-style-fill\"><a class=\"wp-block-button__link has-secondary-color has-primary-background-color has-text-color has-background wp-element-button\" href=\"https:\/\/humanfirstlabel.com\/index.php\/fr\/contact\/\" style=\"padding-top:10px;padding-right:32px;padding-bottom:10px;padding-left:32px;font-style:normal;font-weight:700;letter-spacing:1px;text-transform:uppercase\">en savoir plus<\/a><\/div>\n<\/div>\n<\/div>\n<\/div>\n<\/div><\/div>\n\n\n\n<figure class=\"wp-block-image aligncenter size-medium is-style-rounded\" style=\"margin-right:0;margin-left:0\"><img alt=\"\" loading=\"lazy\" decoding=\"async\" width=\"300\" height=\"200\" src=\"https:\/\/humanfirstlabel.com\/wp-content\/uploads\/2025\/07\/ehpad-grand-age-dependance-870x580-1-300x200.jpg\" alt=\"\" class=\"wp-image-438\" srcset=\"https:\/\/humanfirstlabel.com\/wp-content\/uploads\/2025\/07\/ehpad-grand-age-dependance-870x580-1-300x200.jpg 300w, https:\/\/humanfirstlabel.com\/wp-content\/uploads\/2025\/07\/ehpad-grand-age-dependance-870x580-1-768x512.jpg 768w, https:\/\/humanfirstlabel.com\/wp-content\/uploads\/2025\/07\/ehpad-grand-age-dependance-870x580-1.jpg 870w\" sizes=\"auto, (max-width: 300px) 100vw, 300px\" \/><figcaption class=\"wp-element-caption\"><mark style=\"background-color:rgba(0, 0, 0, 0);color:#ff6900\" class=\"has-inline-color\"><strong>EHPADs<\/strong><\/mark><\/figcaption><\/figure>\n\n\n\n<div class=\"wp-block-buttons is-content-justification-center is-layout-flex wp-container-core-buttons-is-layout-09df1cff wp-block-buttons-is-layout-flex\" style=\"padding-bottom:var(--wp--preset--spacing--40)\">\n<div class=\"wp-block-button\"><a class=\"wp-block-button__link has-heading-color has-primary-background-color has-text-color has-background has-link-color wp-element-button\" href=\"https:\/\/humanfirstlabel.com\/index.php\/fr\/label-qualite-sante-integrative\/\"><strong>RETOUR<\/strong><\/a><\/div>\n<\/div>\n\n\n\n<p><\/p>\n\n\n\n<div class=\"wp-block-group is-content-justification-center is-layout-flex wp-container-core-group-is-layout-d5bd4e61 wp-block-group-is-layout-flex\" style=\"margin-top:var(--wp--preset--spacing--70);margin-bottom:var(--wp--preset--spacing--60)\">\n<div class=\"wp-block-group has-background has-global-padding is-layout-constrained wp-container-core-group-is-layout-27b9899c wp-block-group-is-layout-constrained\" style=\"border-radius:50px;background-color:#dddddd;padding-top:5px;padding-right:30px;padding-bottom:5px;padding-left:4px\">\n<div class=\"wp-block-group is-nowrap is-layout-flex wp-container-core-group-is-layout-fc054d2d wp-block-group-is-layout-flex\">\n<figure class=\"wp-block-image size-full\"><img alt=\"\" loading=\"lazy\" decoding=\"async\" width=\"50\" height=\"50\" src=\"https:\/\/humanfirstlabel.com\/wp-content\/uploads\/2025\/11\/checked.png\" alt=\"\" class=\"wp-image-1094\"\/><\/figure>\n\n\n\n<h6 class=\"wp-block-heading has-karla-font-family has-medium-font-size\" style=\"font-style:normal;font-weight:700\">Structurez et s\u00e9curisez votre d\u00e9marche int\u00e9grative pour le bien-\u00eatre de vos patients<\/h6>\n<\/div>\n<\/div>\n\n\n\n<div class=\"wp-block-group has-background has-global-padding is-layout-constrained wp-container-core-group-is-layout-27b9899c wp-block-group-is-layout-constrained\" style=\"border-radius:50px;background-color:#dddddd;padding-top:5px;padding-right:30px;padding-bottom:5px;padding-left:4px\">\n<div class=\"wp-block-group is-nowrap is-layout-flex wp-container-core-group-is-layout-fc054d2d wp-block-group-is-layout-flex\">\n<figure class=\"wp-block-image size-full\"><img alt=\"\" loading=\"lazy\" decoding=\"async\" width=\"50\" height=\"50\" src=\"https:\/\/humanfirstlabel.com\/wp-content\/uploads\/2025\/11\/checked.png\" alt=\"\" class=\"wp-image-1094\"\/><\/figure>\n\n\n\n<h6 class=\"wp-block-heading has-text-align-center has-karla-font-family has-medium-font-size\" style=\"font-style:normal;font-weight:700\">Renforcez la qualit\u00e9 de votre prise en charge gr\u00e2ce \u00e0 la m\u00e9thodologie Human First<\/h6>\n<\/div>\n<\/div>\n\n\n\n<div class=\"wp-block-group has-background has-global-padding is-layout-constrained wp-container-core-group-is-layout-27b9899c wp-block-group-is-layout-constrained\" style=\"border-radius:50px;background-color:#dddddd;padding-top:5px;padding-right:30px;padding-bottom:5px;padding-left:4px\">\n<div class=\"wp-block-group is-nowrap is-layout-flex wp-container-core-group-is-layout-fc054d2d wp-block-group-is-layout-flex\">\n<figure class=\"wp-block-image size-full\"><img alt=\"\" loading=\"lazy\" decoding=\"async\" width=\"50\" height=\"50\" src=\"https:\/\/humanfirstlabel.com\/wp-content\/uploads\/2025\/11\/checked.png\" alt=\"\" class=\"wp-image-1094\"\/><\/figure>\n\n\n\n<h6 class=\"wp-block-heading has-text-align-center has-karla-font-family has-medium-font-size\" style=\"font-style:normal;font-weight:700\">D\u00e9marquez-vous par une prise en charge int\u00e9grative : stimulation des sens, prise en charge de la douleur, stress&#8230;<\/h6>\n<\/div>\n<\/div>\n\n\n\n<div class=\"wp-block-group has-background has-global-padding is-layout-constrained wp-container-core-group-is-layout-27b9899c wp-block-group-is-layout-constrained\" style=\"border-radius:50px;background-color:#dddddd;padding-top:5px;padding-right:30px;padding-bottom:5px;padding-left:4px\">\n<div class=\"wp-block-group is-nowrap is-layout-flex wp-container-core-group-is-layout-fc054d2d wp-block-group-is-layout-flex\">\n<figure class=\"wp-block-image size-full\"><img alt=\"\" loading=\"lazy\" decoding=\"async\" width=\"50\" height=\"50\" src=\"https:\/\/humanfirstlabel.com\/wp-content\/uploads\/2025\/11\/checked.png\" alt=\"\" class=\"wp-image-1094\"\/><\/figure>\n\n\n\n<h6 class=\"wp-block-heading has-karla-font-family has-medium-font-size\" style=\"font-style:normal;font-weight:700\">Am\u00e9liorez votre gestion RH en int\u00e9grant de nouveaux objectifs d&rsquo;\u00e9quipe dynamisant<\/h6>\n<\/div>\n<\/div>\n\n\n\n<div class=\"wp-block-group has-background has-global-padding is-layout-constrained wp-container-core-group-is-layout-27b9899c wp-block-group-is-layout-constrained\" style=\"border-radius:50px;background-color:#dddddd;padding-top:5px;padding-right:30px;padding-bottom:5px;padding-left:4px\">\n<div class=\"wp-block-group is-nowrap is-layout-flex wp-container-core-group-is-layout-fc054d2d wp-block-group-is-layout-flex\">\n<figure class=\"wp-block-image size-full\"><img alt=\"\" loading=\"lazy\" decoding=\"async\" width=\"50\" height=\"50\" src=\"https:\/\/humanfirstlabel.com\/wp-content\/uploads\/2025\/11\/checked.png\" alt=\"\" class=\"wp-image-1094\"\/><\/figure>\n\n\n\n<h6 class=\"wp-block-heading has-karla-font-family has-medium-font-size\" style=\"font-style:normal;font-weight:700\">Structurez et communiquez efficacement sur votre marque employeur<\/h6>\n<\/div>\n<\/div>\n\n\n\n<div class=\"wp-block-group has-background has-global-padding is-layout-constrained wp-container-core-group-is-layout-27b9899c wp-block-group-is-layout-constrained\" style=\"border-radius:50px;background-color:#dddddd;padding-top:5px;padding-right:30px;padding-bottom:5px;padding-left:4px\">\n<div class=\"wp-block-group is-nowrap is-layout-flex wp-container-core-group-is-layout-fc054d2d wp-block-group-is-layout-flex\">\n<figure class=\"wp-block-image size-full\"><img alt=\"\" loading=\"lazy\" decoding=\"async\" width=\"50\" height=\"50\" src=\"https:\/\/humanfirstlabel.com\/wp-content\/uploads\/2025\/11\/checked.png\" alt=\"\" class=\"wp-image-1094\"\/><\/figure>\n\n\n\n<h6 class=\"wp-block-heading has-text-align-center has-karla-font-family has-medium-font-size\" style=\"font-style:normal;font-weight:700\">B\u00e9n\u00e9ficiez du gage de qualit\u00e9 ind\u00e9pendant Human First et augmentez votre visibilit\u00e9 et sur votre territoire<\/h6>\n<\/div>\n<\/div>\n<\/div>\n\n\n\n<div class=\"wp-block-columns are-vertically-aligned-center has-luminous-vivid-amber-to-luminous-vivid-orange-gradient-background has-background is-layout-flex wp-container-core-columns-is-layout-28f84493 wp-block-columns-is-layout-flex\">\n<div class=\"wp-block-column is-vertically-aligned-center is-layout-flow wp-block-column-is-layout-flow\" style=\"flex-basis:25%\">\n<figure class=\"wp-block-image size-full is-style-rounded\"><img alt=\"\" loading=\"lazy\" decoding=\"async\" width=\"593\" height=\"597\" src=\"https:\/\/humanfirstlabel.com\/wp-content\/uploads\/2025\/08\/LOGO-MAVIE.png\" alt=\"\" class=\"wp-image-485\" srcset=\"https:\/\/humanfirstlabel.com\/wp-content\/uploads\/2025\/08\/LOGO-MAVIE.png 593w, https:\/\/humanfirstlabel.com\/wp-content\/uploads\/2025\/08\/LOGO-MAVIE-298x300.png 298w, https:\/\/humanfirstlabel.com\/wp-content\/uploads\/2025\/08\/LOGO-MAVIE-150x150.png 150w, https:\/\/humanfirstlabel.com\/wp-content\/uploads\/2025\/08\/LOGO-MAVIE-200x200.png 200w\" sizes=\"auto, (max-width: 593px) 100vw, 593px\" \/><\/figure>\n<\/div>\n\n\n\n<div class=\"wp-block-column is-vertically-aligned-center is-layout-flow wp-block-column-is-layout-flow\" style=\"flex-basis:75%\">\n<h2 class=\"wp-block-heading\">La parole du professionnel<\/h2>\n\n\n\n<h4 class=\"wp-block-heading\" style=\"padding-top:var(--wp--preset--spacing--30);padding-right:0;padding-bottom:var(--wp--preset--spacing--30);padding-left:0;line-height:1.7\"><strong><em>\u00a0\u00bb L\u2019obtention du Label Human First par nos EHPAD Les Logis Douaisiens et Jean Menu constitue une v\u00e9ritable reconnaissance du travail accompli par les \u00e9quipes et de la qualit\u00e9 de l\u2019accompagnement offert \u00e0 nos r\u00e9sidents.<\/em> <em>Facteur de diff\u00e9renciation par rapport aux autres \u00e9tablissements, elle garantit \u00e0 chaque personne accompagn\u00e9e la possibilit\u00e9 de choisir un projet qui lui ressemble.<\/em><\/strong><\/h4>\n\n\n\n<h4 class=\"wp-block-heading\" style=\"line-height:1.7\"><mark style=\"background-color:rgba(0, 0, 0, 0)\" class=\"has-inline-color has-heading-color\"><strong><em>Au-del\u00e0 de cette reconnaissance, le Label Human First contribue \u00e0 renforcer la qualit\u00e9 de vie au travail des salari\u00e9s en favorisant la formation continue, l\u2019innovation et une culture du bien-\u00eatre partag\u00e9e. Les pratiques compl\u00e9mentaires d\u00e9velopp\u00e9es dans nos \u00e9tablissements b\u00e9n\u00e9ficient \u00e0 la fois aux r\u00e9sidents et aux collaborateurs. Elles offrent aux \u00e9quipes des moments d\u2019\u00e9change de qualit\u00e9, de cr\u00e9ativit\u00e9 et de ressourcement, favorisant ainsi leur \u00e9panouissement et leur coh\u00e9sion au quotidien. Les formations comme la coh\u00e9rence cardiaque et l\u2019aromath\u00e9rapie, peuvent \u00eatre mises en pratique par les salari\u00e9s avec les r\u00e9sidents, ou pour eux-m\u00eames.<\/em><\/strong> <\/mark><\/h4>\n\n\n\n<h4 class=\"wp-block-heading\" style=\"line-height:1.7\"><mark style=\"background-color:rgba(0, 0, 0, 0)\" class=\"has-inline-color has-heading-color\"><em><strong>Le Label Human First valorise ainsi l\u2019engagement des \u00e9quipes et encourage le d\u00e9veloppement de pratiques innovantes et centr\u00e9es sur l\u2019humain, au b\u00e9n\u00e9fice de tous. \u00ab\u00a0<\/strong><\/em><\/mark><\/h4>\n\n\n\n<p><mark style=\"background-color:rgba(0, 0, 0, 0)\" class=\"has-inline-color has-heading-color\"><strong>Alice Honor\u00e9 &#8211; Directeur G\u00e9n\u00e9ral Association MAVie<\/strong><\/mark><\/p>\n<\/div>\n<\/div>\n\n\n\n<h2 class=\"wp-block-heading has-text-align-center has-heading-color has-text-color has-link-color wp-elements-bb1f2691801238d76f1f46b87eda40de\" style=\"margin-top:0;margin-right:0;margin-bottom:0;margin-left:0;padding-top:0;padding-right:0;padding-bottom:var(--wp--preset--spacing--50);padding-left:0\">Un label pour tous les acteurs de sant\u00e9<\/h2>\n\n\n\n<figure class=\"wp-block-gallery alignwide has-nested-images columns-default is-cropped wp-block-gallery-2 is-layout-flex wp-block-gallery-is-layout-flex\">\n<figure class=\"wp-block-image aligncenter size-full is-style-rounded\" style=\"margin-top:var(--wp--preset--spacing--30);margin-right:var(--wp--preset--spacing--60);margin-bottom:var(--wp--preset--spacing--30);margin-left:var(--wp--preset--spacing--60)\"><a href=\"https:\/\/humanfirstlabel.com\/index.php\/fr\/page-daccueil-2eme-version\/hopitaux-et-cliniques\/\"><img alt=\"\" loading=\"lazy\" decoding=\"async\" width=\"1024\" height=\"473\" data-id=\"439\" src=\"https:\/\/humanfirstlabel.com\/wp-content\/uploads\/2025\/07\/hopital.jpg\" alt=\"\" class=\"wp-image-439\" srcset=\"https:\/\/humanfirstlabel.com\/wp-content\/uploads\/2025\/07\/hopital.jpg 1024w, https:\/\/humanfirstlabel.com\/wp-content\/uploads\/2025\/07\/hopital-300x139.jpg 300w, https:\/\/humanfirstlabel.com\/wp-content\/uploads\/2025\/07\/hopital-768x355.jpg 768w\" sizes=\"auto, (max-width: 1024px) 100vw, 1024px\" \/><\/a><figcaption class=\"wp-element-caption\"><strong><mark style=\"background-color:rgba(0, 0, 0, 0);color:#ff6900\" class=\"has-inline-color\">HOPITAUX &amp; CLINIQUES<\/mark><\/strong><\/figcaption><\/figure>\n\n\n\n<figure class=\"wp-block-image aligncenter size-full is-style-rounded\" style=\"margin-top:var(--wp--preset--spacing--30);margin-right:var(--wp--preset--spacing--60);margin-bottom:var(--wp--preset--spacing--30);margin-left:var(--wp--preset--spacing--60)\"><a href=\"https:\/\/humanfirstlabel.com\/index.php\/fr\/page-daccueil-2eme-version\/pharmacies\/\"><img alt=\"\" loading=\"lazy\" decoding=\"async\" width=\"612\" height=\"384\" data-id=\"435\" src=\"https:\/\/humanfirstlabel.com\/wp-content\/uploads\/2025\/07\/Croix-pharmacie.jpg\" alt=\"\" class=\"wp-image-435\" srcset=\"https:\/\/humanfirstlabel.com\/wp-content\/uploads\/2025\/07\/Croix-pharmacie.jpg 612w, https:\/\/humanfirstlabel.com\/wp-content\/uploads\/2025\/07\/Croix-pharmacie-300x188.jpg 300w\" sizes=\"auto, (max-width: 612px) 100vw, 612px\" \/><\/a><figcaption class=\"wp-element-caption\"><strong><mark style=\"background-color:rgba(0, 0, 0, 0);color:#ff6900\" class=\"has-inline-color\">PHARMACIES <\/mark><\/strong><\/figcaption><\/figure>\n\n\n\n<figure class=\"wp-block-image size-large is-style-rounded\" style=\"margin-top:var(--wp--preset--spacing--30);margin-bottom:var(--wp--preset--spacing--30)\"><a href=\"https:\/\/humanfirstlabel.com\/index.php\/fr\/page-daccueil-2eme-version\/dentisterie\/\"><img alt=\"\" loading=\"lazy\" decoding=\"async\" width=\"1024\" height=\"683\" data-id=\"907\" src=\"https:\/\/humanfirstlabel.com\/wp-content\/uploads\/2025\/09\/BOUCHE-1024x683.jpg\" alt=\"\" class=\"wp-image-907\" srcset=\"https:\/\/humanfirstlabel.com\/wp-content\/uploads\/2025\/09\/BOUCHE-1024x683.jpg 1024w, https:\/\/humanfirstlabel.com\/wp-content\/uploads\/2025\/09\/BOUCHE-300x200.jpg 300w, https:\/\/humanfirstlabel.com\/wp-content\/uploads\/2025\/09\/BOUCHE-768x512.jpg 768w, https:\/\/humanfirstlabel.com\/wp-content\/uploads\/2025\/09\/BOUCHE-1536x1024.jpg 1536w, https:\/\/humanfirstlabel.com\/wp-content\/uploads\/2025\/09\/BOUCHE-2048x1365.jpg 2048w\" sizes=\"auto, (max-width: 1024px) 100vw, 1024px\" \/><\/a><figcaption class=\"wp-element-caption\"><strong><mark style=\"background-color:rgba(0, 0, 0, 0);color:#ff6900\" class=\"has-inline-color\">DENTISTERIE<\/mark><\/strong><\/figcaption><\/figure>\n\n\n\n<figure class=\"wp-block-image size-large is-style-rounded wp-duotone-unset-1\" style=\"margin-top:var(--wp--preset--spacing--30);margin-right:0;margin-bottom:var(--wp--preset--spacing--30);margin-left:0\"><a href=\"https:\/\/humanfirstlabel.com\/index.php\/fr\/page-daccueil-2eme-version\/centres-de-soins-integratifs\/\"><img alt=\"\" loading=\"lazy\" decoding=\"async\" width=\"1024\" height=\"683\" data-id=\"440\" src=\"https:\/\/humanfirstlabel.com\/wp-content\/uploads\/2025\/07\/Le-spa-integratif-1-1024x683.jpg\" alt=\"\" class=\"wp-image-440\" srcset=\"https:\/\/humanfirstlabel.com\/wp-content\/uploads\/2025\/07\/Le-spa-integratif-1-1024x683.jpg 1024w, https:\/\/humanfirstlabel.com\/wp-content\/uploads\/2025\/07\/Le-spa-integratif-1-300x200.jpg 300w, https:\/\/humanfirstlabel.com\/wp-content\/uploads\/2025\/07\/Le-spa-integratif-1-768x512.jpg 768w, https:\/\/humanfirstlabel.com\/wp-content\/uploads\/2025\/07\/Le-spa-integratif-1-1536x1024.jpg 1536w, https:\/\/humanfirstlabel.com\/wp-content\/uploads\/2025\/07\/Le-spa-integratif-1.jpg 1920w\" sizes=\"auto, (max-width: 1024px) 100vw, 1024px\" \/><\/a><figcaption class=\"wp-element-caption\"><strong><mark style=\"background-color:rgba(0, 0, 0, 0);color:#ff6900\" class=\"has-inline-color\">CENTRES DE SOINS INTEGRATIFS<\/mark><\/strong><\/figcaption><\/figure>\n\n\n\n<figure class=\"wp-block-image size-large is-style-rounded\" style=\"margin-top:var(--wp--preset--spacing--30);margin-bottom:var(--wp--preset--spacing--30)\"><a href=\"https:\/\/humanfirstlabel.com\/index.php\/fr\/page-daccueil-2eme-version\/cpts-2\/\"><img alt=\"\" loading=\"lazy\" decoding=\"async\" width=\"1024\" height=\"576\" data-id=\"434\" src=\"https:\/\/humanfirstlabel.com\/wp-content\/uploads\/2025\/07\/CPTS-1024x576.png\" alt=\"\" class=\"wp-image-434\" srcset=\"https:\/\/humanfirstlabel.com\/wp-content\/uploads\/2025\/07\/CPTS-1024x576.png 1024w, https:\/\/humanfirstlabel.com\/wp-content\/uploads\/2025\/07\/CPTS-300x169.png 300w, https:\/\/humanfirstlabel.com\/wp-content\/uploads\/2025\/07\/CPTS-768x432.png 768w, https:\/\/humanfirstlabel.com\/wp-content\/uploads\/2025\/07\/CPTS-1536x864.png 1536w, https:\/\/humanfirstlabel.com\/wp-content\/uploads\/2025\/07\/CPTS.png 1920w\" sizes=\"auto, (max-width: 1024px) 100vw, 1024px\" \/><\/a><figcaption class=\"wp-element-caption\"><strong><mark style=\"background-color:rgba(0, 0, 0, 0);color:#ff6900\" class=\"has-inline-color\">COMMUNAUTES PROFESSIONNELLES TERRITORIALES DE SANTE<\/mark><\/strong><\/figcaption><\/figure>\n<\/figure>\n\n\n\n<div class=\"wp-block-columns is-layout-flex wp-container-core-columns-is-layout-28f84493 wp-block-columns-is-layout-flex\">\n<div class=\"wp-block-column is-layout-flow wp-block-column-is-layout-flow\" style=\"flex-basis:100%\"><\/div>\n<\/div>\n\n\n\n<div class=\"wp-block-group has-secondary-background-color has-background has-global-padding is-layout-constrained wp-container-core-group-is-layout-97126c88 wp-block-group-is-layout-constrained\" style=\"margin-top:0;margin-bottom:0;padding-top:60px;padding-right:20px;padding-bottom:60px;padding-left:20px\"><div id=\"metaslider-id-1006\" style=\"width: 100%;\" class=\"ml-slider-3-102-0 metaslider metaslider-flex metaslider-1006 ml-slider has-dots-nav ms-theme-default-base\" role=\"region\" aria-label=\"Carroussel t\u00e9moignages v2\" data-height=\"300\" data-width=\"700\">\n    <div id=\"metaslider_container_1006\">\n        <div id=\"metaslider_1006\">\n            <ul aria-live='off' class='slides'>\n                <li style=\"display: block; width: 100%;\" class=\"slide-1008 ms-image \" aria-roledescription=\"slide\" data-date=\"2025-09-19 15:48:40\" data-slide-type=\"image\"><img loading=\"lazy\" decoding=\"async\" width=\"1280\" height=\"720\" src=\"https:\/\/humanfirstlabel.com\/wp-content\/uploads\/2025\/09\/Carroussel-temoignage-Becker.png\" class=\"slider-1006 slide-1008 msDefaultImage\" alt=\"\" rel=\"\" title=\"Carroussel t\u00e9moignage Becker\" srcset=\"https:\/\/humanfirstlabel.com\/wp-content\/uploads\/2025\/09\/Carroussel-temoignage-Becker.png 1280w, https:\/\/humanfirstlabel.com\/wp-content\/uploads\/2025\/09\/Carroussel-temoignage-Becker-300x169.png 300w, https:\/\/humanfirstlabel.com\/wp-content\/uploads\/2025\/09\/Carroussel-temoignage-Becker-1024x576.png 1024w, https:\/\/humanfirstlabel.com\/wp-content\/uploads\/2025\/09\/Carroussel-temoignage-Becker-768x432.png 768w\" sizes=\"auto, (max-width: 1280px) 100vw, 1280px\" \/><\/li>\n                <li style=\"display: none; width: 100%;\" class=\"slide-1010 ms-image \" aria-roledescription=\"slide\" data-date=\"2025-09-19 15:48:40\" data-slide-type=\"image\"><img loading=\"lazy\" decoding=\"async\" width=\"1280\" height=\"720\" src=\"https:\/\/humanfirstlabel.com\/wp-content\/uploads\/2025\/09\/Carroussel-temoignage-Toledano.png\" class=\"slider-1006 slide-1010 msDefaultImage\" alt=\"\" rel=\"\" title=\"Carroussel t\u00e9moignage Toledano\" srcset=\"https:\/\/humanfirstlabel.com\/wp-content\/uploads\/2025\/09\/Carroussel-temoignage-Toledano.png 1280w, https:\/\/humanfirstlabel.com\/wp-content\/uploads\/2025\/09\/Carroussel-temoignage-Toledano-300x169.png 300w, https:\/\/humanfirstlabel.com\/wp-content\/uploads\/2025\/09\/Carroussel-temoignage-Toledano-1024x576.png 1024w, https:\/\/humanfirstlabel.com\/wp-content\/uploads\/2025\/09\/Carroussel-temoignage-Toledano-768x432.png 768w\" sizes=\"auto, (max-width: 1280px) 100vw, 1280px\" \/><\/li>\n                <li style=\"display: none; width: 100%;\" class=\"slide-1012 ms-image \" aria-roledescription=\"slide\" data-date=\"2025-09-19 15:48:40\" data-slide-type=\"image\"><img loading=\"lazy\" decoding=\"async\" width=\"1280\" height=\"720\" src=\"https:\/\/humanfirstlabel.com\/wp-content\/uploads\/2025\/09\/Carroussel-temoignage-Joao.png\" class=\"slider-1006 slide-1012 msDefaultImage\" alt=\"\" rel=\"\" title=\"Carroussel t\u00e9moignage Joao\" srcset=\"https:\/\/humanfirstlabel.com\/wp-content\/uploads\/2025\/09\/Carroussel-temoignage-Joao.png 1280w, https:\/\/humanfirstlabel.com\/wp-content\/uploads\/2025\/09\/Carroussel-temoignage-Joao-300x169.png 300w, https:\/\/humanfirstlabel.com\/wp-content\/uploads\/2025\/09\/Carroussel-temoignage-Joao-1024x576.png 1024w, https:\/\/humanfirstlabel.com\/wp-content\/uploads\/2025\/09\/Carroussel-temoignage-Joao-768x432.png 768w\" sizes=\"auto, (max-width: 1280px) 100vw, 1280px\" \/><\/li>\n                <li style=\"display: none; width: 100%;\" class=\"slide-1017 ms-image \" aria-roledescription=\"slide\" data-date=\"2025-09-19 15:51:05\" data-slide-type=\"image\"><a href=\"https:\/\/www.pharmacie-cantonale.fr\/\" target=\"_self\" aria-label=\"Giropharm\" class=\"metaslider_image_link\"><img loading=\"lazy\" decoding=\"async\" width=\"1280\" height=\"720\" src=\"https:\/\/humanfirstlabel.com\/wp-content\/uploads\/2025\/09\/Carroussel-temoignages-Xavier-v2-1.png\" class=\"slider-1006 slide-1017 msDefaultImage\" alt=\"Giropharm\" rel=\"\" title=\"Pharmacie cantonale\" srcset=\"https:\/\/humanfirstlabel.com\/wp-content\/uploads\/2025\/09\/Carroussel-temoignages-Xavier-v2-1.png 1280w, https:\/\/humanfirstlabel.com\/wp-content\/uploads\/2025\/09\/Carroussel-temoignages-Xavier-v2-1-300x169.png 300w, https:\/\/humanfirstlabel.com\/wp-content\/uploads\/2025\/09\/Carroussel-temoignages-Xavier-v2-1-1024x576.png 1024w, https:\/\/humanfirstlabel.com\/wp-content\/uploads\/2025\/09\/Carroussel-temoignages-Xavier-v2-1-768x432.png 768w\" sizes=\"auto, (max-width: 1280px) 100vw, 1280px\" \/><\/a><\/li>\n                <li style=\"display: none; width: 100%;\" class=\"slide-1065 ms-image \" aria-roledescription=\"slide\" data-date=\"2025-11-10 16:33:02\" data-slide-type=\"image\"><a href=\"https:\/\/www.centre-ressource-lyon.org\/\" target=\"_blank\" aria-label=\"Centres Ressources Lyon et Mont\u00e9limar\" class=\"metaslider_image_link\"><img loading=\"lazy\" decoding=\"async\" width=\"1280\" height=\"720\" src=\"https:\/\/humanfirstlabel.com\/wp-content\/uploads\/2025\/11\/Temoignages-Charvet.png\" class=\"slider-1006 slide-1065 msDefaultImage\" alt=\"\" rel=\"\" title=\"Centre Ressource Lyon Centre Ressource Mont\u00e9limar\" srcset=\"https:\/\/humanfirstlabel.com\/wp-content\/uploads\/2025\/11\/Temoignages-Charvet.png 1280w, https:\/\/humanfirstlabel.com\/wp-content\/uploads\/2025\/11\/Temoignages-Charvet-300x169.png 300w, https:\/\/humanfirstlabel.com\/wp-content\/uploads\/2025\/11\/Temoignages-Charvet-1024x576.png 1024w, https:\/\/humanfirstlabel.com\/wp-content\/uploads\/2025\/11\/Temoignages-Charvet-768x432.png 768w\" sizes=\"auto, (max-width: 1280px) 100vw, 1280px\" \/><\/a><\/li>\n                <li style=\"display: none; width: 100%;\" class=\"slide-1068 ms-image \" aria-roledescription=\"slide\" data-date=\"2025-11-10 17:12:32\" data-slide-type=\"image\"><a href=\"https:\/\/www.ehpad-jeanmenu.fr\/association-mavie-douai\/\" target=\"_blank\" aria-label=\"Ehpad Jean Menu Ehpad Les Logis Douaisiens\" class=\"metaslider_image_link\"><img loading=\"lazy\" decoding=\"async\" width=\"1280\" height=\"720\" src=\"https:\/\/humanfirstlabel.com\/wp-content\/uploads\/2025\/11\/Carroussel-temoignage-Alice.png\" class=\"slider-1006 slide-1068 msDefaultImage\" alt=\"Association MaVie - Alice Honor\u00e9\" rel=\"\" title=\"Ehpad Jean Menu Ehpad Les Logis Douaisiens\" srcset=\"https:\/\/humanfirstlabel.com\/wp-content\/uploads\/2025\/11\/Carroussel-temoignage-Alice.png 1280w, https:\/\/humanfirstlabel.com\/wp-content\/uploads\/2025\/11\/Carroussel-temoignage-Alice-300x169.png 300w, https:\/\/humanfirstlabel.com\/wp-content\/uploads\/2025\/11\/Carroussel-temoignage-Alice-1024x576.png 1024w, https:\/\/humanfirstlabel.com\/wp-content\/uploads\/2025\/11\/Carroussel-temoignage-Alice-768x432.png 768w\" sizes=\"auto, (max-width: 1280px) 100vw, 1280px\" \/><\/a><\/li>\n            <\/ul>\n        <\/div>\n        \n    <\/div>\n<\/div>\n<\/div>\n\n\n\n<p><\/p>\n","protected":false},"excerpt":{"rendered":"<p>Structurez et s\u00e9curisez votre d\u00e9marche int\u00e9grative pour le bien-\u00eatre de vos patients Renforcez la qualit\u00e9 de votre prise en charge gr\u00e2ce \u00e0 la m\u00e9thodologie Human First D\u00e9marquez-vous par [&hellip;]<\/p>\n","protected":false},"author":1,"featured_media":181,"parent":1127,"menu_order":0,"comment_status":"closed","ping_status":"closed","template":"wp-custom-template-2025-11-17-nouvel-accueil-fr","meta":{"_seopress_robots_primary_cat":"","_seopress_titles_title":"Label qualite pour ehpad","_seopress_titles_desc":"Amplifiez la qualit\u00e9 des soins prodigu\u00e9s et am\u00e9liorez le bien-\u00eatre de vos r\u00e9sidents avec la d\u00e9marche qualit\u00e9 et l\u2019accompagnement sur mesure du label HumanFirst","_seopress_robots_index":"","footnotes":""},"class_list":["post-482","page","type-page","status-publish","has-post-thumbnail","hentry"],"_links":{"self":[{"href":"https:\/\/humanfirstlabel.com\/index.php\/wp-json\/wp\/v2\/pages\/482","targetHints":{"allow":["GET"]}}],"collection":[{"href":"https:\/\/humanfirstlabel.com\/index.php\/wp-json\/wp\/v2\/pages"}],"about":[{"href":"https:\/\/humanfirstlabel.com\/index.php\/wp-json\/wp\/v2\/types\/page"}],"author":[{"embeddable":true,"href":"https:\/\/humanfirstlabel.com\/index.php\/wp-json\/wp\/v2\/users\/1"}],"replies":[{"embeddable":true,"href":"https:\/\/humanfirstlabel.com\/index.php\/wp-json\/wp\/v2\/comments?post=482"}],"version-history":[{"count":25,"href":"https:\/\/humanfirstlabel.com\/index.php\/wp-json\/wp\/v2\/pages\/482\/revisions"}],"predecessor-version":[{"id":1227,"href":"https:\/\/humanfirstlabel.com\/index.php\/wp-json\/wp\/v2\/pages\/482\/revisions\/1227"}],"up":[{"embeddable":true,"href":"https:\/\/humanfirstlabel.com\/index.php\/wp-json\/wp\/v2\/pages\/1127"}],"wp:featuredmedia":[{"embeddable":true,"href":"https:\/\/humanfirstlabel.com\/index.php\/wp-json\/wp\/v2\/media\/181"}],"wp:attachment":[{"href":"https:\/\/humanfirstlabel.com\/index.php\/wp-json\/wp\/v2\/media?parent=482"}],"curies":[{"name":"wp","href":"https:\/\/api.w.org\/{rel}","templated":true}]}}