{"id":478,"date":"2025-08-06T18:54:48","date_gmt":"2025-08-06T16:54:48","guid":{"rendered":"http:\/\/krkakgt.cluster021.hosting.ovh.net\/?page_id=478"},"modified":"2025-11-21T14:26:45","modified_gmt":"2025-11-21T13:26:45","slug":"dentisterie","status":"publish","type":"page","link":"https:\/\/humanfirstlabel.com\/index.php\/label-qualite-sante-integrative\/dentisterie\/","title":{"rendered":"Dentisterie"},"content":{"rendered":"\n<div class=\"wp-block-cover alignfull\" style=\"margin-top:10px;margin-bottom:0px;padding-top:0;min-height:440px;aspect-ratio:unset;\"><img alt=\"\" loading=\"lazy\" decoding=\"async\" width=\"1024\" height=\"502\" class=\"wp-block-cover__image-background wp-image-703 size-large\" alt=\"\" src=\"https:\/\/humanfirstlabel.com\/wp-content\/uploads\/2025\/08\/patient-and-nurse-hands-large-1024x502.jpg\" style=\"object-position:59% 63%\" data-object-fit=\"cover\" data-object-position=\"59% 63%\" srcset=\"https:\/\/humanfirstlabel.com\/wp-content\/uploads\/2025\/08\/patient-and-nurse-hands-large-1024x502.jpg 1024w, https:\/\/humanfirstlabel.com\/wp-content\/uploads\/2025\/08\/patient-and-nurse-hands-large-300x147.jpg 300w, https:\/\/humanfirstlabel.com\/wp-content\/uploads\/2025\/08\/patient-and-nurse-hands-large-768x377.jpg 768w, https:\/\/humanfirstlabel.com\/wp-content\/uploads\/2025\/08\/patient-and-nurse-hands-large-1536x753.jpg 1536w, https:\/\/humanfirstlabel.com\/wp-content\/uploads\/2025\/08\/patient-and-nurse-hands-large-2048x1004.jpg 2048w\" sizes=\"auto, (max-width: 1024px) 100vw, 1024px\" \/><span aria-hidden=\"true\" class=\"wp-block-cover__background has-black-background-color has-background-dim-60 has-background-dim\"><\/span><div class=\"wp-block-cover__inner-container is-layout-flow wp-block-cover-is-layout-flow\">\n<div class=\"wp-block-group has-global-padding is-layout-constrained wp-block-group-is-layout-constrained\">\n<div class=\"wp-block-group alignfull is-layout-flow wp-container-core-group-is-layout-d3581655 wp-block-group-is-layout-flow\" style=\"padding-right:var(--wp--preset--spacing--50);padding-left:var(--wp--preset--spacing--50)\">\n<h2 class=\"wp-block-heading has-text-align-center has-banner-title-font-size\" style=\"margin-top:25px;margin-right:0px;margin-bottom:0px;margin-left:0px;padding-right:0;padding-left:0;font-style:normal;font-weight:600;line-height:1.1\">Fa\u00e7onnons ensemble l&rsquo;avenir de la Sant\u00e9 Int\u00e9grative<\/h2>\n\n\n\n<h3 class=\"wp-block-heading has-text-align-center has-large-font-size\" style=\"padding-right:var(--wp--preset--spacing--20);padding-left:var(--wp--preset--spacing--20);line-height:1.9\">Human First accompagne les acteurs de sant\u00e9 et amplifie leur efficacit\u00e9 en mettant en \u0153uvre une d\u00e9marche qualit\u00e9 personnalis\u00e9e et sur mesure qui place l&rsquo;Humain au premier plan<\/h3>\n\n\n\n<div class=\"wp-block-buttons is-content-justification-center is-layout-flex wp-container-core-buttons-is-layout-ba9ea59f wp-block-buttons-is-layout-flex\" style=\"margin-top:var(--wp--preset--spacing--60)\">\n<div class=\"wp-block-button is-style-fill\"><a class=\"wp-block-button__link has-secondary-color has-primary-background-color has-text-color has-background wp-element-button\" href=\"https:\/\/humanfirstlabel.com\/index.php\/fr\/contact\/\" style=\"padding-top:10px;padding-right:32px;padding-bottom:10px;padding-left:32px;font-style:normal;font-weight:700;letter-spacing:1px;text-transform:uppercase\">en savoir plus<\/a><\/div>\n<\/div>\n<\/div>\n<\/div>\n<\/div><\/div>\n\n\n\n<p><\/p>\n\n\n\n<figure class=\"wp-block-image aligncenter size-medium is-style-rounded\" style=\"margin-right:0;margin-left:0\"><img alt=\"\" loading=\"lazy\" decoding=\"async\" width=\"300\" height=\"200\" src=\"https:\/\/humanfirstlabel.com\/wp-content\/uploads\/2025\/09\/BOUCHE-300x200.jpg\" alt=\"\" class=\"wp-image-907\" srcset=\"https:\/\/humanfirstlabel.com\/wp-content\/uploads\/2025\/09\/BOUCHE-300x200.jpg 300w, https:\/\/humanfirstlabel.com\/wp-content\/uploads\/2025\/09\/BOUCHE-1024x683.jpg 1024w, https:\/\/humanfirstlabel.com\/wp-content\/uploads\/2025\/09\/BOUCHE-768x512.jpg 768w, https:\/\/humanfirstlabel.com\/wp-content\/uploads\/2025\/09\/BOUCHE-1536x1024.jpg 1536w, https:\/\/humanfirstlabel.com\/wp-content\/uploads\/2025\/09\/BOUCHE-2048x1365.jpg 2048w\" sizes=\"auto, (max-width: 300px) 100vw, 300px\" \/><figcaption class=\"wp-element-caption\"><mark style=\"background-color:rgba(0, 0, 0, 0);color:#ff6900\" class=\"has-inline-color\"><strong>DENTISTERIE<\/strong><\/mark><\/figcaption><\/figure>\n\n\n\n<div class=\"wp-block-buttons is-content-justification-center is-layout-flex wp-container-core-buttons-is-layout-09df1cff wp-block-buttons-is-layout-flex\" style=\"padding-bottom:var(--wp--preset--spacing--40)\">\n<div class=\"wp-block-button\"><a class=\"wp-block-button__link has-heading-color has-primary-background-color has-text-color has-background has-link-color wp-element-button\" href=\"https:\/\/humanfirstlabel.com\/index.php\/fr\/label-qualite-sante-integrative\/\"><strong>RETOUR<\/strong><\/a><\/div>\n<\/div>\n\n\n\n<div class=\"wp-block-group is-content-justification-center is-layout-flex wp-container-core-group-is-layout-d5bd4e61 wp-block-group-is-layout-flex\" style=\"margin-top:var(--wp--preset--spacing--70);margin-bottom:var(--wp--preset--spacing--60)\">\n<div class=\"wp-block-group has-background has-global-padding is-layout-constrained wp-container-core-group-is-layout-27b9899c wp-block-group-is-layout-constrained\" style=\"border-radius:50px;background-color:#dddddd;padding-top:5px;padding-right:30px;padding-bottom:5px;padding-left:4px\">\n<div class=\"wp-block-group is-nowrap is-layout-flex wp-container-core-group-is-layout-fc054d2d wp-block-group-is-layout-flex\">\n<figure class=\"wp-block-image size-full\"><img alt=\"\" loading=\"lazy\" decoding=\"async\" width=\"50\" height=\"50\" src=\"https:\/\/humanfirstlabel.com\/wp-content\/uploads\/2025\/11\/checked.png\" alt=\"\" class=\"wp-image-1094\"\/><\/figure>\n\n\n\n<h6 class=\"wp-block-heading has-karla-font-family has-medium-font-size\" style=\"font-style:normal;font-weight:700\">Visibilisez votre d\u00e9marche int\u00e9grative aupr\u00e8s des patients de votre territoire<\/h6>\n<\/div>\n<\/div>\n\n\n\n<div class=\"wp-block-group has-background has-global-padding is-layout-constrained wp-container-core-group-is-layout-27b9899c wp-block-group-is-layout-constrained\" style=\"border-radius:50px;background-color:#dddddd;padding-top:5px;padding-right:30px;padding-bottom:5px;padding-left:4px\">\n<div class=\"wp-block-group is-nowrap is-layout-flex wp-container-core-group-is-layout-fc054d2d wp-block-group-is-layout-flex\">\n<figure class=\"wp-block-image size-full\"><img alt=\"\" loading=\"lazy\" decoding=\"async\" width=\"50\" height=\"50\" src=\"https:\/\/humanfirstlabel.com\/wp-content\/uploads\/2025\/11\/checked.png\" alt=\"\" class=\"wp-image-1094\"\/><\/figure>\n\n\n\n<h6 class=\"wp-block-heading has-karla-font-family has-medium-font-size\" style=\"font-style:normal;font-weight:700\">D\u00e9marquez-vous par une meilleure prise en charge de la douleur et du stress<\/h6>\n<\/div>\n<\/div>\n\n\n\n<div class=\"wp-block-group has-background has-global-padding is-layout-constrained wp-container-core-group-is-layout-27b9899c wp-block-group-is-layout-constrained\" style=\"border-radius:50px;background-color:#dddddd;padding-top:5px;padding-right:30px;padding-bottom:5px;padding-left:4px\">\n<div class=\"wp-block-group is-nowrap is-layout-flex wp-container-core-group-is-layout-fc054d2d wp-block-group-is-layout-flex\">\n<figure class=\"wp-block-image size-full\"><img alt=\"\" loading=\"lazy\" decoding=\"async\" width=\"50\" height=\"50\" src=\"https:\/\/humanfirstlabel.com\/wp-content\/uploads\/2025\/11\/checked.png\" alt=\"\" class=\"wp-image-1094\"\/><\/figure>\n\n\n\n<h6 class=\"wp-block-heading has-karla-font-family has-medium-font-size\" style=\"font-style:normal;font-weight:700\">Structurez et communiquez sur votre marque employeur<\/h6>\n<\/div>\n<\/div>\n\n\n\n<div class=\"wp-block-group has-background has-global-padding is-layout-constrained wp-container-core-group-is-layout-27b9899c wp-block-group-is-layout-constrained\" style=\"border-radius:50px;background-color:#dddddd;padding-top:5px;padding-right:30px;padding-bottom:5px;padding-left:4px\">\n<div class=\"wp-block-group is-nowrap is-layout-flex wp-container-core-group-is-layout-fc054d2d wp-block-group-is-layout-flex\">\n<figure class=\"wp-block-image size-full\"><img alt=\"\" loading=\"lazy\" decoding=\"async\" width=\"50\" height=\"50\" src=\"https:\/\/humanfirstlabel.com\/wp-content\/uploads\/2025\/11\/checked.png\" alt=\"\" class=\"wp-image-1094\"\/><\/figure>\n\n\n\n<h6 class=\"wp-block-heading has-karla-font-family has-medium-font-size\" style=\"font-style:normal;font-weight:700\">Dynamisez votre cabinet en d\u00e9veloppant votre maillage territorial pluridisciplinaire<\/h6>\n<\/div>\n<\/div>\n\n\n\n<div class=\"wp-block-group has-background has-global-padding is-layout-constrained wp-container-core-group-is-layout-27b9899c wp-block-group-is-layout-constrained\" style=\"border-radius:50px;background-color:#dddddd;padding-top:5px;padding-right:30px;padding-bottom:5px;padding-left:4px\">\n<div class=\"wp-block-group is-nowrap is-layout-flex wp-container-core-group-is-layout-fc054d2d wp-block-group-is-layout-flex\">\n<figure class=\"wp-block-image size-full\"><img alt=\"\" loading=\"lazy\" decoding=\"async\" width=\"50\" height=\"50\" src=\"https:\/\/humanfirstlabel.com\/wp-content\/uploads\/2025\/11\/checked.png\" alt=\"\" class=\"wp-image-1094\"\/><\/figure>\n\n\n\n<h6 class=\"wp-block-heading has-text-align-center has-karla-font-family has-medium-font-size\" style=\"font-style:normal;font-weight:700\">B\u00e9n\u00e9ficiez du gage de qualit\u00e9 ind\u00e9pendant Human First et augmentez votre attractivit\u00e9 pour mieux recruter vos futurs collaborateurs et fid\u00e9liser vos patients<\/h6>\n<\/div>\n<\/div>\n<\/div>\n\n\n\n<p><\/p>\n\n\n\n<div class=\"wp-block-query is-layout-flow wp-block-query-is-layout-flow\"><ul class=\"wp-block-post-template is-layout-flow wp-block-post-template-is-layout-flow\"><li class=\"wp-block-post post-1 post type-post status-publish format-standard hentry category-non-classe\">\n\n<div class=\"wp-block-columns are-vertically-aligned-center has-luminous-vivid-amber-to-luminous-vivid-orange-gradient-background has-background is-layout-flex wp-container-core-columns-is-layout-28f84493 wp-block-columns-is-layout-flex\">\n<div class=\"wp-block-column is-vertically-aligned-center is-layout-flow wp-block-column-is-layout-flow\" style=\"flex-basis:25%\">\n<figure class=\"wp-block-image size-full is-style-default\" style=\"margin-right:var(--wp--preset--spacing--40)\"><a href=\"https:\/\/www.orosante.fr\/\"><img alt=\"\" loading=\"lazy\" decoding=\"async\" width=\"980\" height=\"879\" src=\"https:\/\/humanfirstlabel.com\/wp-content\/uploads\/2025\/09\/OROSANTE-TOTAL.png\" alt=\"\" class=\"wp-image-894\" srcset=\"https:\/\/humanfirstlabel.com\/wp-content\/uploads\/2025\/09\/OROSANTE-TOTAL.png 980w, https:\/\/humanfirstlabel.com\/wp-content\/uploads\/2025\/09\/OROSANTE-TOTAL-300x269.png 300w, https:\/\/humanfirstlabel.com\/wp-content\/uploads\/2025\/09\/OROSANTE-TOTAL-768x689.png 768w\" sizes=\"auto, (max-width: 980px) 100vw, 980px\" \/><\/a><\/figure>\n<\/div>\n\n\n\n<div class=\"wp-block-column is-vertically-aligned-center is-layout-flow wp-block-column-is-layout-flow\" style=\"flex-basis:75%\">\n<h2 class=\"wp-block-heading\" style=\"padding-right:var(--wp--preset--spacing--50);padding-left:var(--wp--preset--spacing--50)\">La parole du professionnel<\/h2>\n\n\n\n<h5 class=\"wp-block-heading\" style=\"padding-top:var(--wp--preset--spacing--30);padding-right:var(--wp--preset--spacing--50);padding-bottom:var(--wp--preset--spacing--30);padding-left:var(--wp--preset--spacing--50);line-height:1.7\"><em><strong>\u00ab\u00a0Chez Orosant\u00e9, int\u00e9grer le label Human First s\u2019est impos\u00e9 comme une \u00e9vidence.<br>En tant que cabinet dentaire avec une expertise reconnue en implantologie et la parodontologie, nous d\u00e9fendons une vision o\u00f9 la rigueur scientifique et l\u2019humanit\u00e9 ne s\u2019opposent jamais : elles se compl\u00e8tent.<\/strong><\/em><\/h5>\n\n\n\n<h4 class=\"wp-block-heading\" style=\"padding-right:var(--wp--preset--spacing--50);padding-left:var(--wp--preset--spacing--50);line-height:1.2\"><em><br>Le label Human First vient confirmer et renforcer notre d\u00e9marche :<\/em><\/h4>\n\n\n\n<p><\/p>\n\n\n\n<ul class=\"wp-block-list\">\n<li class=\"has-heading-color has-text-color has-link-color has-small-font-size wp-elements-7172c48cb57c3636dbfd2d9ee7567fde\" style=\"padding-right:0;padding-left:0;font-style:normal;font-weight:700;line-height:1.6\"><em>Assurer \u00e0 chaque patient un parcours de soins premium, associant innovation th\u00e9rapeutique, pr\u00e9vention et sant\u00e9 int\u00e9grative<\/em><\/li>\n\n\n\n<li class=\"has-heading-color has-text-color has-link-color has-small-font-size wp-elements-4edd2f26b6056b03943bbe7ae21cf5f6\" style=\"font-style:normal;font-weight:700;line-height:1.6\"><em>Garantir une prise en charge personnalis\u00e9e, pluridisciplinaire et p\u00e9dagogique, qui respecte l\u2019autonomie des patients<\/em><\/li>\n\n\n\n<li class=\"has-heading-color has-text-color has-link-color has-small-font-size wp-elements-23ad583b06aeb328094b5cf6540e85fd\" style=\"margin-bottom:var(--wp--preset--spacing--40);font-style:normal;font-weight:700;line-height:1.6\"><em>Offrir \u00e0 nos \u00e9quipes et partenaires un cadre de qualit\u00e9, de transmission et de d\u00e9veloppement continu<\/em><\/li>\n<\/ul>\n\n\n\n<p><\/p>\n\n\n\n<h5 class=\"wp-block-heading\" style=\"margin-right:0;padding-right:var(--wp--preset--spacing--50);padding-left:var(--wp--preset--spacing--50);line-height:1.6\"><em><strong>Car Orosant\u00e9, c\u2019est aussi Horizon Care, notre acad\u00e9mie de formation : un espace o\u00f9 nous formons les soignants de demain, en leur transmettant notre savoir-faire clinique et notre philosophie int\u00e9grative.<br>Le label Human First renforce notre r\u00f4le dans le maillage de sant\u00e9 du territoire, attire des professionnels d\u00e9sireux de progresser et nous pousse \u00e0 aller toujours plus loin pour faire avancer la m\u00e9decine.<\/strong><\/em><\/h5>\n\n\n\n<h3 class=\"wp-block-heading\" style=\"padding-top:0;padding-right:var(--wp--preset--spacing--50);padding-bottom:0;padding-left:var(--wp--preset--spacing--50);line-height:1.7\"><em><br>Pour nous, Human First n\u2019est pas qu\u2019un label : c\u2019est une reconnaissance, mais aussi un moteur d\u2019\u00e9mulation et d\u2019attractivit\u00e9 pour f\u00e9d\u00e9rer autour d\u2019une m\u00e9decine \u00e0 la fois exigeante, collaborative et profond\u00e9ment&nbsp;humaine<\/em>\u00ab\u00a0<\/h3>\n\n\n\n<p style=\"padding-top:var(--wp--preset--spacing--30);padding-right:var(--wp--preset--spacing--50);padding-bottom:var(--wp--preset--spacing--30);padding-left:var(--wp--preset--spacing--50)\"><strong><mark style=\"background-color:rgba(0, 0, 0, 0)\" class=\"has-inline-color has-heading-color\">Dr Vincent Gaillard &amp; Dr Jo\u00e3o Pasdeloup<\/mark><\/strong><\/p>\n<\/div>\n<\/div>\n\n<\/li><\/ul><\/div>\n\n\n\n<h2 class=\"wp-block-heading has-text-align-center has-heading-color has-text-color has-link-color wp-elements-bb1f2691801238d76f1f46b87eda40de\" style=\"margin-top:0;margin-right:0;margin-bottom:0;margin-left:0;padding-top:0;padding-right:0;padding-bottom:var(--wp--preset--spacing--50);padding-left:0\">Un label pour tous les acteurs de sant\u00e9<\/h2>\n\n\n\n<figure class=\"wp-block-gallery alignwide has-nested-images columns-default is-cropped wp-block-gallery-2 is-layout-flex wp-block-gallery-is-layout-flex\">\n<figure class=\"wp-block-image aligncenter size-full is-style-rounded\" style=\"margin-top:var(--wp--preset--spacing--30);margin-right:var(--wp--preset--spacing--60);margin-bottom:var(--wp--preset--spacing--30);margin-left:var(--wp--preset--spacing--60)\"><a href=\"https:\/\/humanfirstlabel.com\/index.php\/fr\/page-daccueil-2eme-version\/hopitaux-et-cliniques\/\"><img alt=\"\" loading=\"lazy\" decoding=\"async\" width=\"1024\" height=\"473\" data-id=\"439\" src=\"https:\/\/humanfirstlabel.com\/wp-content\/uploads\/2025\/07\/hopital.jpg\" alt=\"\" class=\"wp-image-439\" srcset=\"https:\/\/humanfirstlabel.com\/wp-content\/uploads\/2025\/07\/hopital.jpg 1024w, https:\/\/humanfirstlabel.com\/wp-content\/uploads\/2025\/07\/hopital-300x139.jpg 300w, https:\/\/humanfirstlabel.com\/wp-content\/uploads\/2025\/07\/hopital-768x355.jpg 768w\" sizes=\"auto, (max-width: 1024px) 100vw, 1024px\" \/><\/a><figcaption class=\"wp-element-caption\"><strong><mark style=\"background-color:rgba(0, 0, 0, 0);color:#ff6900\" class=\"has-inline-color\">HOPITAUX &amp; CLINIQUES<\/mark><\/strong><\/figcaption><\/figure>\n\n\n\n<figure class=\"wp-block-image aligncenter size-full is-style-rounded\" style=\"margin-top:var(--wp--preset--spacing--30);margin-right:var(--wp--preset--spacing--60);margin-bottom:var(--wp--preset--spacing--30);margin-left:var(--wp--preset--spacing--60)\"><a href=\"https:\/\/humanfirstlabel.com\/index.php\/fr\/page-daccueil-2eme-version\/pharmacies\/\"><img alt=\"\" loading=\"lazy\" decoding=\"async\" width=\"612\" height=\"384\" data-id=\"435\" src=\"https:\/\/humanfirstlabel.com\/wp-content\/uploads\/2025\/07\/Croix-pharmacie.jpg\" alt=\"\" class=\"wp-image-435\" srcset=\"https:\/\/humanfirstlabel.com\/wp-content\/uploads\/2025\/07\/Croix-pharmacie.jpg 612w, https:\/\/humanfirstlabel.com\/wp-content\/uploads\/2025\/07\/Croix-pharmacie-300x188.jpg 300w\" sizes=\"auto, (max-width: 612px) 100vw, 612px\" \/><\/a><figcaption class=\"wp-element-caption\"><strong><mark style=\"background-color:rgba(0, 0, 0, 0);color:#ff6900\" class=\"has-inline-color\">PHARMACIES <\/mark><\/strong><\/figcaption><\/figure>\n\n\n\n<figure class=\"wp-block-image size-large is-style-rounded wp-duotone-unset-1\" style=\"margin-top:var(--wp--preset--spacing--30);margin-right:0;margin-bottom:var(--wp--preset--spacing--30);margin-left:0\"><a href=\"https:\/\/humanfirstlabel.com\/index.php\/fr\/page-daccueil-2eme-version\/centres-de-soins-integratifs\/\"><img alt=\"\" loading=\"lazy\" decoding=\"async\" width=\"1024\" height=\"683\" data-id=\"440\" src=\"https:\/\/humanfirstlabel.com\/wp-content\/uploads\/2025\/07\/Le-spa-integratif-1-1024x683.jpg\" alt=\"\" class=\"wp-image-440\" srcset=\"https:\/\/humanfirstlabel.com\/wp-content\/uploads\/2025\/07\/Le-spa-integratif-1-1024x683.jpg 1024w, https:\/\/humanfirstlabel.com\/wp-content\/uploads\/2025\/07\/Le-spa-integratif-1-300x200.jpg 300w, https:\/\/humanfirstlabel.com\/wp-content\/uploads\/2025\/07\/Le-spa-integratif-1-768x512.jpg 768w, https:\/\/humanfirstlabel.com\/wp-content\/uploads\/2025\/07\/Le-spa-integratif-1-1536x1024.jpg 1536w, https:\/\/humanfirstlabel.com\/wp-content\/uploads\/2025\/07\/Le-spa-integratif-1.jpg 1920w\" sizes=\"auto, (max-width: 1024px) 100vw, 1024px\" \/><\/a><figcaption class=\"wp-element-caption\"><strong><mark style=\"background-color:rgba(0, 0, 0, 0);color:#ff6900\" class=\"has-inline-color\">CENTRES DE SOINS INTEGRATIFS<\/mark><\/strong><\/figcaption><\/figure>\n\n\n\n<figure class=\"wp-block-image size-large is-style-rounded\" style=\"margin-top:var(--wp--preset--spacing--30);margin-bottom:var(--wp--preset--spacing--30)\"><a href=\"https:\/\/humanfirstlabel.com\/index.php\/fr\/page-daccueil-2eme-version\/ehpads\/\"><img alt=\"\" loading=\"lazy\" decoding=\"async\" width=\"870\" height=\"580\" data-id=\"438\" src=\"https:\/\/humanfirstlabel.com\/wp-content\/uploads\/2025\/07\/ehpad-grand-age-dependance-870x580-1.jpg\" alt=\"\" class=\"wp-image-438\" srcset=\"https:\/\/humanfirstlabel.com\/wp-content\/uploads\/2025\/07\/ehpad-grand-age-dependance-870x580-1.jpg 870w, https:\/\/humanfirstlabel.com\/wp-content\/uploads\/2025\/07\/ehpad-grand-age-dependance-870x580-1-300x200.jpg 300w, https:\/\/humanfirstlabel.com\/wp-content\/uploads\/2025\/07\/ehpad-grand-age-dependance-870x580-1-768x512.jpg 768w\" sizes=\"auto, (max-width: 870px) 100vw, 870px\" \/><\/a><figcaption class=\"wp-element-caption\"><strong><mark style=\"background-color:rgba(0, 0, 0, 0);color:#ff6900\" class=\"has-inline-color\">EHPADs<\/mark><\/strong><\/figcaption><\/figure>\n\n\n\n<figure class=\"wp-block-image size-large is-style-rounded\" style=\"margin-top:var(--wp--preset--spacing--30);margin-bottom:var(--wp--preset--spacing--30)\"><a href=\"https:\/\/humanfirstlabel.com\/index.php\/fr\/page-daccueil-2eme-version\/cpts-2\/\"><img alt=\"\" loading=\"lazy\" decoding=\"async\" width=\"1024\" height=\"576\" data-id=\"434\" src=\"https:\/\/humanfirstlabel.com\/wp-content\/uploads\/2025\/07\/CPTS-1024x576.png\" alt=\"\" class=\"wp-image-434\" srcset=\"https:\/\/humanfirstlabel.com\/wp-content\/uploads\/2025\/07\/CPTS-1024x576.png 1024w, https:\/\/humanfirstlabel.com\/wp-content\/uploads\/2025\/07\/CPTS-300x169.png 300w, https:\/\/humanfirstlabel.com\/wp-content\/uploads\/2025\/07\/CPTS-768x432.png 768w, https:\/\/humanfirstlabel.com\/wp-content\/uploads\/2025\/07\/CPTS-1536x864.png 1536w, https:\/\/humanfirstlabel.com\/wp-content\/uploads\/2025\/07\/CPTS.png 1920w\" sizes=\"auto, (max-width: 1024px) 100vw, 1024px\" \/><\/a><figcaption class=\"wp-element-caption\"><strong><mark style=\"background-color:rgba(0, 0, 0, 0);color:#ff6900\" class=\"has-inline-color\"><strong>COMMUNAUTES PROFESSIONNELLES TERRITORIALES DE SANTE<\/strong><\/mark><\/strong><\/figcaption><\/figure>\n<\/figure>\n\n\n\n<div class=\"wp-block-buttons is-content-justification-center is-layout-flex wp-container-core-buttons-is-layout-444da731 wp-block-buttons-is-layout-flex\" style=\"margin-top:30px\"><\/div>\n\n\n\n<div class=\"wp-block-columns is-layout-flex wp-container-core-columns-is-layout-28f84493 wp-block-columns-is-layout-flex\">\n<div class=\"wp-block-column is-layout-flow wp-block-column-is-layout-flow\" style=\"flex-basis:100%\"><\/div>\n<\/div>\n\n\n\n<div class=\"wp-block-group has-secondary-background-color has-background has-global-padding is-layout-constrained wp-container-core-group-is-layout-97126c88 wp-block-group-is-layout-constrained\" style=\"margin-top:0;margin-bottom:0;padding-top:60px;padding-right:20px;padding-bottom:60px;padding-left:20px\"><div id=\"metaslider-id-1006\" style=\"width: 100%;\" class=\"ml-slider-3-102-0 metaslider metaslider-flex metaslider-1006 ml-slider has-dots-nav ms-theme-default-base\" role=\"region\" aria-label=\"Carroussel t\u00e9moignages v2\" data-height=\"300\" data-width=\"700\">\n    <div id=\"metaslider_container_1006\">\n        <div id=\"metaslider_1006\">\n            <ul aria-live='off' class='slides'>\n                <li style=\"display: block; width: 100%;\" class=\"slide-1008 ms-image \" aria-roledescription=\"slide\" data-date=\"2025-09-19 15:48:40\" data-slide-type=\"image\"><img loading=\"lazy\" decoding=\"async\" width=\"1280\" height=\"720\" src=\"https:\/\/humanfirstlabel.com\/wp-content\/uploads\/2025\/09\/Carroussel-temoignage-Becker.png\" class=\"slider-1006 slide-1008 msDefaultImage\" alt=\"\" rel=\"\" title=\"Carroussel t\u00e9moignage Becker\" srcset=\"https:\/\/humanfirstlabel.com\/wp-content\/uploads\/2025\/09\/Carroussel-temoignage-Becker.png 1280w, https:\/\/humanfirstlabel.com\/wp-content\/uploads\/2025\/09\/Carroussel-temoignage-Becker-300x169.png 300w, https:\/\/humanfirstlabel.com\/wp-content\/uploads\/2025\/09\/Carroussel-temoignage-Becker-1024x576.png 1024w, https:\/\/humanfirstlabel.com\/wp-content\/uploads\/2025\/09\/Carroussel-temoignage-Becker-768x432.png 768w\" sizes=\"auto, (max-width: 1280px) 100vw, 1280px\" \/><\/li>\n                <li style=\"display: none; width: 100%;\" class=\"slide-1010 ms-image \" aria-roledescription=\"slide\" data-date=\"2025-09-19 15:48:40\" data-slide-type=\"image\"><img loading=\"lazy\" decoding=\"async\" width=\"1280\" height=\"720\" src=\"https:\/\/humanfirstlabel.com\/wp-content\/uploads\/2025\/09\/Carroussel-temoignage-Toledano.png\" class=\"slider-1006 slide-1010 msDefaultImage\" alt=\"\" rel=\"\" title=\"Carroussel t\u00e9moignage Toledano\" srcset=\"https:\/\/humanfirstlabel.com\/wp-content\/uploads\/2025\/09\/Carroussel-temoignage-Toledano.png 1280w, https:\/\/humanfirstlabel.com\/wp-content\/uploads\/2025\/09\/Carroussel-temoignage-Toledano-300x169.png 300w, https:\/\/humanfirstlabel.com\/wp-content\/uploads\/2025\/09\/Carroussel-temoignage-Toledano-1024x576.png 1024w, https:\/\/humanfirstlabel.com\/wp-content\/uploads\/2025\/09\/Carroussel-temoignage-Toledano-768x432.png 768w\" sizes=\"auto, (max-width: 1280px) 100vw, 1280px\" \/><\/li>\n                <li style=\"display: none; width: 100%;\" class=\"slide-1012 ms-image \" aria-roledescription=\"slide\" data-date=\"2025-09-19 15:48:40\" data-slide-type=\"image\"><img loading=\"lazy\" decoding=\"async\" width=\"1280\" height=\"720\" src=\"https:\/\/humanfirstlabel.com\/wp-content\/uploads\/2025\/09\/Carroussel-temoignage-Joao.png\" class=\"slider-1006 slide-1012 msDefaultImage\" alt=\"\" rel=\"\" title=\"Carroussel t\u00e9moignage Joao\" srcset=\"https:\/\/humanfirstlabel.com\/wp-content\/uploads\/2025\/09\/Carroussel-temoignage-Joao.png 1280w, https:\/\/humanfirstlabel.com\/wp-content\/uploads\/2025\/09\/Carroussel-temoignage-Joao-300x169.png 300w, https:\/\/humanfirstlabel.com\/wp-content\/uploads\/2025\/09\/Carroussel-temoignage-Joao-1024x576.png 1024w, https:\/\/humanfirstlabel.com\/wp-content\/uploads\/2025\/09\/Carroussel-temoignage-Joao-768x432.png 768w\" sizes=\"auto, (max-width: 1280px) 100vw, 1280px\" \/><\/li>\n                <li style=\"display: none; width: 100%;\" class=\"slide-1017 ms-image \" aria-roledescription=\"slide\" data-date=\"2025-09-19 15:51:05\" data-slide-type=\"image\"><a href=\"https:\/\/www.pharmacie-cantonale.fr\/\" target=\"_self\" aria-label=\"Giropharm\" class=\"metaslider_image_link\"><img loading=\"lazy\" decoding=\"async\" width=\"1280\" height=\"720\" src=\"https:\/\/humanfirstlabel.com\/wp-content\/uploads\/2025\/09\/Carroussel-temoignages-Xavier-v2-1.png\" class=\"slider-1006 slide-1017 msDefaultImage\" alt=\"Giropharm\" rel=\"\" title=\"Pharmacie cantonale\" srcset=\"https:\/\/humanfirstlabel.com\/wp-content\/uploads\/2025\/09\/Carroussel-temoignages-Xavier-v2-1.png 1280w, https:\/\/humanfirstlabel.com\/wp-content\/uploads\/2025\/09\/Carroussel-temoignages-Xavier-v2-1-300x169.png 300w, https:\/\/humanfirstlabel.com\/wp-content\/uploads\/2025\/09\/Carroussel-temoignages-Xavier-v2-1-1024x576.png 1024w, https:\/\/humanfirstlabel.com\/wp-content\/uploads\/2025\/09\/Carroussel-temoignages-Xavier-v2-1-768x432.png 768w\" sizes=\"auto, (max-width: 1280px) 100vw, 1280px\" \/><\/a><\/li>\n                <li style=\"display: none; width: 100%;\" class=\"slide-1065 ms-image \" aria-roledescription=\"slide\" data-date=\"2025-11-10 16:33:02\" data-slide-type=\"image\"><a href=\"https:\/\/www.centre-ressource-lyon.org\/\" target=\"_blank\" aria-label=\"Centres Ressources Lyon et Mont\u00e9limar\" class=\"metaslider_image_link\"><img loading=\"lazy\" decoding=\"async\" width=\"1280\" height=\"720\" src=\"https:\/\/humanfirstlabel.com\/wp-content\/uploads\/2025\/11\/Temoignages-Charvet.png\" class=\"slider-1006 slide-1065 msDefaultImage\" alt=\"\" rel=\"\" title=\"Centre Ressource Lyon Centre Ressource Mont\u00e9limar\" srcset=\"https:\/\/humanfirstlabel.com\/wp-content\/uploads\/2025\/11\/Temoignages-Charvet.png 1280w, https:\/\/humanfirstlabel.com\/wp-content\/uploads\/2025\/11\/Temoignages-Charvet-300x169.png 300w, https:\/\/humanfirstlabel.com\/wp-content\/uploads\/2025\/11\/Temoignages-Charvet-1024x576.png 1024w, https:\/\/humanfirstlabel.com\/wp-content\/uploads\/2025\/11\/Temoignages-Charvet-768x432.png 768w\" sizes=\"auto, (max-width: 1280px) 100vw, 1280px\" \/><\/a><\/li>\n                <li style=\"display: none; width: 100%;\" class=\"slide-1068 ms-image \" aria-roledescription=\"slide\" data-date=\"2025-11-10 17:12:32\" data-slide-type=\"image\"><a href=\"https:\/\/www.ehpad-jeanmenu.fr\/association-mavie-douai\/\" target=\"_blank\" aria-label=\"Ehpad Jean Menu Ehpad Les Logis Douaisiens\" class=\"metaslider_image_link\"><img loading=\"lazy\" decoding=\"async\" width=\"1280\" height=\"720\" src=\"https:\/\/humanfirstlabel.com\/wp-content\/uploads\/2025\/11\/Carroussel-temoignage-Alice.png\" class=\"slider-1006 slide-1068 msDefaultImage\" alt=\"Association MaVie - Alice Honor\u00e9\" rel=\"\" title=\"Ehpad Jean Menu Ehpad Les Logis Douaisiens\" srcset=\"https:\/\/humanfirstlabel.com\/wp-content\/uploads\/2025\/11\/Carroussel-temoignage-Alice.png 1280w, https:\/\/humanfirstlabel.com\/wp-content\/uploads\/2025\/11\/Carroussel-temoignage-Alice-300x169.png 300w, https:\/\/humanfirstlabel.com\/wp-content\/uploads\/2025\/11\/Carroussel-temoignage-Alice-1024x576.png 1024w, https:\/\/humanfirstlabel.com\/wp-content\/uploads\/2025\/11\/Carroussel-temoignage-Alice-768x432.png 768w\" sizes=\"auto, (max-width: 1280px) 100vw, 1280px\" \/><\/a><\/li>\n            <\/ul>\n        <\/div>\n        \n    <\/div>\n<\/div>\n<\/div>\n\n\n\n<p><\/p>\n","protected":false},"excerpt":{"rendered":"<p>Visibilisez votre d\u00e9marche int\u00e9grative aupr\u00e8s des patients de votre territoire D\u00e9marquez-vous par une meilleure prise en charge de la douleur et du stress Structurez et communiquez sur votre [&hellip;]<\/p>\n","protected":false},"author":1,"featured_media":181,"parent":1127,"menu_order":0,"comment_status":"closed","ping_status":"closed","template":"wp-custom-template-2025-11-17-nouvel-accueil-fr","meta":{"_seopress_robots_primary_cat":"","_seopress_titles_title":"Label qualite pour cabinets dentiste ou orthodontiste","_seopress_titles_desc":"Amplifiez la qualit\u00e9 des soins prodigu\u00e9s par votre cabinet dentiste ou orthodontiste avec la d\u00e9marche qualit\u00e9 et l\u2019accompagnement sur mesure du label HumanFirst","_seopress_robots_index":"","footnotes":""},"class_list":["post-478","page","type-page","status-publish","has-post-thumbnail","hentry"],"_links":{"self":[{"href":"https:\/\/humanfirstlabel.com\/index.php\/wp-json\/wp\/v2\/pages\/478","targetHints":{"allow":["GET"]}}],"collection":[{"href":"https:\/\/humanfirstlabel.com\/index.php\/wp-json\/wp\/v2\/pages"}],"about":[{"href":"https:\/\/humanfirstlabel.com\/index.php\/wp-json\/wp\/v2\/types\/page"}],"author":[{"embeddable":true,"href":"https:\/\/humanfirstlabel.com\/index.php\/wp-json\/wp\/v2\/users\/1"}],"replies":[{"embeddable":true,"href":"https:\/\/humanfirstlabel.com\/index.php\/wp-json\/wp\/v2\/comments?post=478"}],"version-history":[{"count":29,"href":"https:\/\/humanfirstlabel.com\/index.php\/wp-json\/wp\/v2\/pages\/478\/revisions"}],"predecessor-version":[{"id":1226,"href":"https:\/\/humanfirstlabel.com\/index.php\/wp-json\/wp\/v2\/pages\/478\/revisions\/1226"}],"up":[{"embeddable":true,"href":"https:\/\/humanfirstlabel.com\/index.php\/wp-json\/wp\/v2\/pages\/1127"}],"wp:featuredmedia":[{"embeddable":true,"href":"https:\/\/humanfirstlabel.com\/index.php\/wp-json\/wp\/v2\/media\/181"}],"wp:attachment":[{"href":"https:\/\/humanfirstlabel.com\/index.php\/wp-json\/wp\/v2\/media?parent=478"}],"curies":[{"name":"wp","href":"https:\/\/api.w.org\/{rel}","templated":true}]}}