{"id":469,"date":"2025-08-06T16:14:29","date_gmt":"2025-08-06T14:14:29","guid":{"rendered":"http:\/\/krkakgt.cluster021.hosting.ovh.net\/?page_id=469"},"modified":"2025-11-21T14:26:27","modified_gmt":"2025-11-21T13:26:27","slug":"cpts-2","status":"publish","type":"page","link":"https:\/\/humanfirstlabel.com\/index.php\/label-qualite-sante-integrative\/cpts-2\/","title":{"rendered":"CPTS"},"content":{"rendered":"\n<main class=\"wp-block-group is-layout-flow wp-block-group-is-layout-flow\" style=\"margin-top:0px;margin-bottom:0px\">\n<div style=\"height:19px\" aria-hidden=\"true\" class=\"wp-block-spacer\"><\/div>\n\n\n\n<p style=\"padding-right:var(--wp--preset--spacing--80);padding-left:var(--wp--preset--spacing--80)\"><\/p>\n\n\n\n<div class=\"wp-block-cover alignfull\" style=\"margin-top:10px;margin-bottom:0px;padding-top:0;min-height:440px;aspect-ratio:unset;\"><img alt=\"\" loading=\"lazy\" decoding=\"async\" width=\"1024\" height=\"502\" class=\"wp-block-cover__image-background wp-image-703 size-large\" alt=\"\" src=\"https:\/\/humanfirstlabel.com\/wp-content\/uploads\/2025\/08\/patient-and-nurse-hands-large-1024x502.jpg\" style=\"object-position:59% 63%\" data-object-fit=\"cover\" data-object-position=\"59% 63%\" srcset=\"https:\/\/humanfirstlabel.com\/wp-content\/uploads\/2025\/08\/patient-and-nurse-hands-large-1024x502.jpg 1024w, https:\/\/humanfirstlabel.com\/wp-content\/uploads\/2025\/08\/patient-and-nurse-hands-large-300x147.jpg 300w, https:\/\/humanfirstlabel.com\/wp-content\/uploads\/2025\/08\/patient-and-nurse-hands-large-768x377.jpg 768w, https:\/\/humanfirstlabel.com\/wp-content\/uploads\/2025\/08\/patient-and-nurse-hands-large-1536x753.jpg 1536w, https:\/\/humanfirstlabel.com\/wp-content\/uploads\/2025\/08\/patient-and-nurse-hands-large-2048x1004.jpg 2048w\" sizes=\"auto, (max-width: 1024px) 100vw, 1024px\" \/><span aria-hidden=\"true\" class=\"wp-block-cover__background has-black-background-color has-background-dim-60 has-background-dim\"><\/span><div class=\"wp-block-cover__inner-container is-layout-flow wp-block-cover-is-layout-flow\">\n<div class=\"wp-block-group has-global-padding is-layout-constrained wp-block-group-is-layout-constrained\">\n<div class=\"wp-block-group alignfull is-layout-flow wp-container-core-group-is-layout-d3581655 wp-block-group-is-layout-flow\" style=\"padding-right:var(--wp--preset--spacing--50);padding-left:var(--wp--preset--spacing--50)\">\n<h2 class=\"wp-block-heading has-text-align-center has-banner-title-font-size\" style=\"margin-top:25px;margin-right:0px;margin-bottom:0px;margin-left:0px;padding-right:0;padding-left:0;font-style:normal;font-weight:600;line-height:1.1\">Fa\u00e7onnons ensemble l&rsquo;avenir de la Sant\u00e9 Int\u00e9grative<\/h2>\n\n\n\n<h3 class=\"wp-block-heading has-text-align-center has-large-font-size\" style=\"padding-right:var(--wp--preset--spacing--20);padding-left:var(--wp--preset--spacing--20);line-height:1.9\">Human First accompagne les acteurs de sant\u00e9 et amplifie leur efficacit\u00e9 en mettant en \u0153uvre une d\u00e9marche qualit\u00e9 personnalis\u00e9e et sur mesure qui place l&rsquo;Humain au premier plan<\/h3>\n\n\n\n<div class=\"wp-block-buttons is-content-justification-center is-layout-flex wp-container-core-buttons-is-layout-ba9ea59f wp-block-buttons-is-layout-flex\" style=\"margin-top:var(--wp--preset--spacing--60)\">\n<div class=\"wp-block-button is-style-fill\"><a class=\"wp-block-button__link has-secondary-color has-primary-background-color has-text-color has-background wp-element-button\" href=\"https:\/\/humanfirstlabel.com\/index.php\/fr\/contact\/\" style=\"padding-top:10px;padding-right:32px;padding-bottom:10px;padding-left:32px;font-style:normal;font-weight:700;letter-spacing:1px;text-transform:uppercase\">en savoir plus<\/a><\/div>\n<\/div>\n<\/div>\n<\/div>\n<\/div><\/div>\n\n\n\n<p style=\"padding-right:var(--wp--preset--spacing--80);padding-left:var(--wp--preset--spacing--80)\"><\/p>\n\n\n\n<figure class=\"wp-block-image aligncenter size-medium is-style-rounded\" style=\"margin-right:0;margin-left:0\"><img alt=\"\" loading=\"lazy\" decoding=\"async\" width=\"300\" height=\"169\" src=\"https:\/\/humanfirstlabel.com\/wp-content\/uploads\/2025\/07\/CPTS-300x169.png\" alt=\"\" class=\"wp-image-434\" srcset=\"https:\/\/humanfirstlabel.com\/wp-content\/uploads\/2025\/07\/CPTS-300x169.png 300w, https:\/\/humanfirstlabel.com\/wp-content\/uploads\/2025\/07\/CPTS-1024x576.png 1024w, https:\/\/humanfirstlabel.com\/wp-content\/uploads\/2025\/07\/CPTS-768x432.png 768w, https:\/\/humanfirstlabel.com\/wp-content\/uploads\/2025\/07\/CPTS-1536x864.png 1536w, https:\/\/humanfirstlabel.com\/wp-content\/uploads\/2025\/07\/CPTS.png 1920w\" sizes=\"auto, (max-width: 300px) 100vw, 300px\" \/><\/figure>\n\n\n\n<div class=\"wp-block-buttons is-content-justification-center is-layout-flex wp-container-core-buttons-is-layout-f7a0b6e2 wp-block-buttons-is-layout-flex\" style=\"margin-top:var(--wp--preset--spacing--30)\">\n<div class=\"wp-block-button\"><a class=\"wp-block-button__link has-heading-color has-primary-background-color has-text-color has-background has-link-color wp-element-button\" href=\"https:\/\/humanfirstlabel.com\/index.php\/fr\/label-qualite-sante-integrative\/\"><strong>RETOUR<\/strong><\/a><\/div>\n<\/div>\n\n\n\n<div class=\"wp-block-group is-content-justification-center is-layout-flex wp-container-core-group-is-layout-d5bd4e61 wp-block-group-is-layout-flex\" style=\"margin-top:var(--wp--preset--spacing--70);margin-bottom:var(--wp--preset--spacing--60)\">\n<div class=\"wp-block-group has-background has-global-padding is-layout-constrained wp-container-core-group-is-layout-27b9899c wp-block-group-is-layout-constrained\" style=\"border-radius:50px;background-color:#dddddd;padding-top:5px;padding-right:30px;padding-bottom:5px;padding-left:4px\">\n<div class=\"wp-block-group is-nowrap is-layout-flex wp-container-core-group-is-layout-fc054d2d wp-block-group-is-layout-flex\">\n<figure class=\"wp-block-image size-full\"><img alt=\"\" loading=\"lazy\" decoding=\"async\" width=\"50\" height=\"50\" src=\"https:\/\/humanfirstlabel.com\/wp-content\/uploads\/2025\/11\/checked.png\" alt=\"\" class=\"wp-image-1094\"\/><\/figure>\n\n\n\n<h6 class=\"wp-block-heading has-karla-font-family has-medium-font-size\" style=\"font-style:normal;font-weight:700\">D\u00e9montrez l&rsquo;efficacit\u00e9 de vos actions territoriales de pr\u00e9vention<\/h6>\n<\/div>\n<\/div>\n\n\n\n<div class=\"wp-block-group has-background has-global-padding is-layout-constrained wp-container-core-group-is-layout-27b9899c wp-block-group-is-layout-constrained\" style=\"border-radius:50px;background-color:#dddddd;padding-top:5px;padding-right:30px;padding-bottom:5px;padding-left:4px\">\n<div class=\"wp-block-group is-nowrap is-layout-flex wp-container-core-group-is-layout-fc054d2d wp-block-group-is-layout-flex\">\n<figure class=\"wp-block-image size-full\"><img alt=\"\" loading=\"lazy\" decoding=\"async\" width=\"50\" height=\"50\" src=\"https:\/\/humanfirstlabel.com\/wp-content\/uploads\/2025\/11\/checked.png\" alt=\"\" class=\"wp-image-1094\"\/><\/figure>\n\n\n\n<h6 class=\"wp-block-heading has-karla-font-family has-medium-font-size\" style=\"font-style:normal;font-weight:700\">S\u00e9curisez les parcours de soins pluridisciplinaires des patients de votre territoire<\/h6>\n<\/div>\n<\/div>\n\n\n\n<div class=\"wp-block-group has-background has-global-padding is-layout-constrained wp-container-core-group-is-layout-27b9899c wp-block-group-is-layout-constrained\" style=\"border-radius:50px;background-color:#dddddd;padding-top:5px;padding-right:30px;padding-bottom:5px;padding-left:4px\">\n<div class=\"wp-block-group is-nowrap is-layout-flex wp-container-core-group-is-layout-fc054d2d wp-block-group-is-layout-flex\">\n<figure class=\"wp-block-image size-full\"><img alt=\"\" loading=\"lazy\" decoding=\"async\" width=\"50\" height=\"50\" src=\"https:\/\/humanfirstlabel.com\/wp-content\/uploads\/2025\/11\/checked.png\" alt=\"\" class=\"wp-image-1094\"\/><\/figure>\n\n\n\n<h6 class=\"wp-block-heading has-karla-font-family has-medium-font-size\" style=\"font-style:normal;font-weight:700\">F\u00e9d\u00e9rez vos \u00e9quipes et adh\u00e9rents autour d&rsquo;un projet dynamisant et impactant pour votre territoire<\/h6>\n<\/div>\n<\/div>\n\n\n\n<div class=\"wp-block-group has-background has-global-padding is-layout-constrained wp-container-core-group-is-layout-27b9899c wp-block-group-is-layout-constrained\" style=\"border-radius:50px;background-color:#dddddd;padding-top:5px;padding-right:30px;padding-bottom:5px;padding-left:4px\">\n<div class=\"wp-block-group is-nowrap is-layout-flex wp-container-core-group-is-layout-fc054d2d wp-block-group-is-layout-flex\">\n<figure class=\"wp-block-image size-full\"><img alt=\"\" loading=\"lazy\" decoding=\"async\" width=\"50\" height=\"50\" src=\"https:\/\/humanfirstlabel.com\/wp-content\/uploads\/2025\/11\/checked.png\" alt=\"\" class=\"wp-image-1094\"\/><\/figure>\n\n\n\n<h6 class=\"wp-block-heading has-karla-font-family has-medium-font-size\" style=\"font-style:normal;font-weight:700\">Apportez un gage de qualit\u00e9 ind\u00e9pendant aux parcours de soins pluridisciplinaires propos\u00e9s sur votre territoire<\/h6>\n<\/div>\n<\/div>\n<\/div>\n\n\n\n<p><\/p>\n\n\n\n<h2 class=\"wp-block-heading has-text-align-center has-heading-color has-text-color has-link-color wp-elements-bb1f2691801238d76f1f46b87eda40de\" style=\"margin-top:0;margin-right:0;margin-bottom:0;margin-left:0;padding-top:0;padding-right:0;padding-bottom:var(--wp--preset--spacing--50);padding-left:0\">Un label pour tous les acteurs de sant\u00e9<\/h2>\n\n\n\n<figure class=\"wp-block-gallery alignwide has-nested-images columns-default is-cropped wp-block-gallery-2 is-layout-flex wp-block-gallery-is-layout-flex\">\n<figure class=\"wp-block-image aligncenter size-large is-style-rounded\" style=\"margin-top:var(--wp--preset--spacing--30);margin-right:var(--wp--preset--spacing--80);margin-bottom:var(--wp--preset--spacing--30);margin-left:var(--wp--preset--spacing--80)\"><a href=\"https:\/\/humanfirstlabel.com\/index.php\/fr\/page-daccueil-2eme-version\/hopitaux-et-cliniques\/\"><img alt=\"\" loading=\"lazy\" decoding=\"async\" width=\"1024\" height=\"473\" data-id=\"439\" src=\"https:\/\/humanfirstlabel.com\/wp-content\/uploads\/2025\/07\/hopital.jpg\" alt=\"\" class=\"wp-image-439\" srcset=\"https:\/\/humanfirstlabel.com\/wp-content\/uploads\/2025\/07\/hopital.jpg 1024w, https:\/\/humanfirstlabel.com\/wp-content\/uploads\/2025\/07\/hopital-300x139.jpg 300w, https:\/\/humanfirstlabel.com\/wp-content\/uploads\/2025\/07\/hopital-768x355.jpg 768w\" sizes=\"auto, (max-width: 1024px) 100vw, 1024px\" \/><\/a><figcaption class=\"wp-element-caption\"><strong><mark style=\"background-color:rgba(0, 0, 0, 0);color:#ff6900\" class=\"has-inline-color\">HOPITAUX &amp; CLINIQUES<\/mark><\/strong><\/figcaption><\/figure>\n\n\n\n<figure class=\"wp-block-image aligncenter size-full is-style-rounded\" style=\"margin-top:var(--wp--preset--spacing--30);margin-right:var(--wp--preset--spacing--80);margin-bottom:var(--wp--preset--spacing--30);margin-left:var(--wp--preset--spacing--80)\"><a href=\"https:\/\/humanfirstlabel.com\/index.php\/fr\/page-daccueil-2eme-version\/pharmacies\/\"><img alt=\"\" loading=\"lazy\" decoding=\"async\" width=\"612\" height=\"384\" data-id=\"435\" src=\"https:\/\/humanfirstlabel.com\/wp-content\/uploads\/2025\/07\/Croix-pharmacie.jpg\" alt=\"\" class=\"wp-image-435\" srcset=\"https:\/\/humanfirstlabel.com\/wp-content\/uploads\/2025\/07\/Croix-pharmacie.jpg 612w, https:\/\/humanfirstlabel.com\/wp-content\/uploads\/2025\/07\/Croix-pharmacie-300x188.jpg 300w\" sizes=\"auto, (max-width: 612px) 100vw, 612px\" \/><\/a><figcaption class=\"wp-element-caption\"><strong><mark style=\"background-color:rgba(0, 0, 0, 0);color:#ff6900\" class=\"has-inline-color\">PHARMACIES <\/mark><\/strong><\/figcaption><\/figure>\n\n\n\n<figure class=\"wp-block-image size-large is-style-rounded wp-duotone-unset-1\" style=\"margin-top:var(--wp--preset--spacing--30);margin-right:0;margin-bottom:var(--wp--preset--spacing--30);margin-left:0\"><a href=\"https:\/\/humanfirstlabel.com\/index.php\/fr\/page-daccueil-2eme-version\/dentisterie\/\"><img alt=\"\" loading=\"lazy\" decoding=\"async\" width=\"1024\" height=\"683\" data-id=\"907\" src=\"https:\/\/humanfirstlabel.com\/wp-content\/uploads\/2025\/09\/BOUCHE-1024x683.jpg\" alt=\"\" class=\"wp-image-907\" srcset=\"https:\/\/humanfirstlabel.com\/wp-content\/uploads\/2025\/09\/BOUCHE-1024x683.jpg 1024w, https:\/\/humanfirstlabel.com\/wp-content\/uploads\/2025\/09\/BOUCHE-300x200.jpg 300w, https:\/\/humanfirstlabel.com\/wp-content\/uploads\/2025\/09\/BOUCHE-768x512.jpg 768w, https:\/\/humanfirstlabel.com\/wp-content\/uploads\/2025\/09\/BOUCHE-1536x1024.jpg 1536w, https:\/\/humanfirstlabel.com\/wp-content\/uploads\/2025\/09\/BOUCHE-2048x1365.jpg 2048w\" sizes=\"auto, (max-width: 1024px) 100vw, 1024px\" \/><\/a><figcaption class=\"wp-element-caption\"><strong><mark style=\"background-color:rgba(0, 0, 0, 0);color:#ff6900\" class=\"has-inline-color\">DENTISTERIE<\/mark><\/strong><\/figcaption><\/figure>\n\n\n\n<figure class=\"wp-block-image size-large is-style-rounded\" style=\"margin-top:var(--wp--preset--spacing--30);margin-bottom:var(--wp--preset--spacing--30)\"><a href=\"https:\/\/humanfirstlabel.com\/index.php\/fr\/page-daccueil-2eme-version\/centres-de-soins-integratifs\/\"><img alt=\"\" loading=\"lazy\" decoding=\"async\" width=\"1024\" height=\"683\" data-id=\"445\" src=\"https:\/\/humanfirstlabel.com\/wp-content\/uploads\/2025\/07\/Le-spa-integratif-1-1-1024x683.jpg\" alt=\"\" class=\"wp-image-445\" srcset=\"https:\/\/humanfirstlabel.com\/wp-content\/uploads\/2025\/07\/Le-spa-integratif-1-1-1024x683.jpg 1024w, https:\/\/humanfirstlabel.com\/wp-content\/uploads\/2025\/07\/Le-spa-integratif-1-1-300x200.jpg 300w, https:\/\/humanfirstlabel.com\/wp-content\/uploads\/2025\/07\/Le-spa-integratif-1-1-768x512.jpg 768w, https:\/\/humanfirstlabel.com\/wp-content\/uploads\/2025\/07\/Le-spa-integratif-1-1-1536x1024.jpg 1536w, https:\/\/humanfirstlabel.com\/wp-content\/uploads\/2025\/07\/Le-spa-integratif-1-1.jpg 1920w\" sizes=\"auto, (max-width: 1024px) 100vw, 1024px\" \/><\/a><figcaption class=\"wp-element-caption\"><strong><mark style=\"background-color:rgba(0, 0, 0, 0);color:#ff6900\" class=\"has-inline-color\">CENTRES DE SOINS INTEGRATIFS<\/mark><\/strong><\/figcaption><\/figure>\n\n\n\n<figure class=\"wp-block-image size-large is-style-rounded\" style=\"margin-top:var(--wp--preset--spacing--30);margin-bottom:var(--wp--preset--spacing--30)\"><a href=\"https:\/\/humanfirstlabel.com\/index.php\/fr\/page-daccueil-2eme-version\/ehpads\/\"><img alt=\"\" loading=\"lazy\" decoding=\"async\" width=\"870\" height=\"580\" data-id=\"438\" src=\"https:\/\/humanfirstlabel.com\/wp-content\/uploads\/2025\/07\/ehpad-grand-age-dependance-870x580-1.jpg\" alt=\"\" class=\"wp-image-438\" srcset=\"https:\/\/humanfirstlabel.com\/wp-content\/uploads\/2025\/07\/ehpad-grand-age-dependance-870x580-1.jpg 870w, https:\/\/humanfirstlabel.com\/wp-content\/uploads\/2025\/07\/ehpad-grand-age-dependance-870x580-1-300x200.jpg 300w, https:\/\/humanfirstlabel.com\/wp-content\/uploads\/2025\/07\/ehpad-grand-age-dependance-870x580-1-768x512.jpg 768w\" sizes=\"auto, (max-width: 870px) 100vw, 870px\" \/><\/a><figcaption class=\"wp-element-caption\"><strong><mark style=\"background-color:rgba(0, 0, 0, 0);color:#ff6900\" class=\"has-inline-color\">EHPADs<\/mark><\/strong><\/figcaption><\/figure>\n<\/figure>\n\n\n\n<div class=\"wp-block-columns is-layout-flex wp-container-core-columns-is-layout-28f84493 wp-block-columns-is-layout-flex\">\n<div class=\"wp-block-column is-layout-flow wp-block-column-is-layout-flow\" style=\"flex-basis:100%\"><\/div>\n<\/div>\n\n\n\n<div class=\"wp-block-group has-secondary-background-color has-background has-global-padding is-layout-constrained wp-container-core-group-is-layout-97126c88 wp-block-group-is-layout-constrained\" style=\"margin-top:0;margin-bottom:0;padding-top:60px;padding-right:20px;padding-bottom:60px;padding-left:20px\"><div id=\"metaslider-id-1006\" style=\"width: 100%;\" class=\"ml-slider-3-102-0 metaslider metaslider-flex metaslider-1006 ml-slider has-dots-nav ms-theme-default-base\" role=\"region\" aria-label=\"Carroussel t\u00e9moignages v2\" data-height=\"300\" data-width=\"700\">\n    <div id=\"metaslider_container_1006\">\n        <div id=\"metaslider_1006\">\n            <ul aria-live='off' class='slides'>\n                <li style=\"display: block; width: 100%;\" class=\"slide-1008 ms-image \" aria-roledescription=\"slide\" data-date=\"2025-09-19 15:48:40\" data-slide-type=\"image\"><img loading=\"lazy\" decoding=\"async\" width=\"1280\" height=\"720\" src=\"https:\/\/humanfirstlabel.com\/wp-content\/uploads\/2025\/09\/Carroussel-temoignage-Becker.png\" class=\"slider-1006 slide-1008 msDefaultImage\" alt=\"\" rel=\"\" title=\"Carroussel t\u00e9moignage Becker\" srcset=\"https:\/\/humanfirstlabel.com\/wp-content\/uploads\/2025\/09\/Carroussel-temoignage-Becker.png 1280w, https:\/\/humanfirstlabel.com\/wp-content\/uploads\/2025\/09\/Carroussel-temoignage-Becker-300x169.png 300w, https:\/\/humanfirstlabel.com\/wp-content\/uploads\/2025\/09\/Carroussel-temoignage-Becker-1024x576.png 1024w, https:\/\/humanfirstlabel.com\/wp-content\/uploads\/2025\/09\/Carroussel-temoignage-Becker-768x432.png 768w\" sizes=\"auto, (max-width: 1280px) 100vw, 1280px\" \/><\/li>\n                <li style=\"display: none; width: 100%;\" class=\"slide-1010 ms-image \" aria-roledescription=\"slide\" data-date=\"2025-09-19 15:48:40\" data-slide-type=\"image\"><img loading=\"lazy\" decoding=\"async\" width=\"1280\" height=\"720\" src=\"https:\/\/humanfirstlabel.com\/wp-content\/uploads\/2025\/09\/Carroussel-temoignage-Toledano.png\" class=\"slider-1006 slide-1010 msDefaultImage\" alt=\"\" rel=\"\" title=\"Carroussel t\u00e9moignage Toledano\" srcset=\"https:\/\/humanfirstlabel.com\/wp-content\/uploads\/2025\/09\/Carroussel-temoignage-Toledano.png 1280w, https:\/\/humanfirstlabel.com\/wp-content\/uploads\/2025\/09\/Carroussel-temoignage-Toledano-300x169.png 300w, https:\/\/humanfirstlabel.com\/wp-content\/uploads\/2025\/09\/Carroussel-temoignage-Toledano-1024x576.png 1024w, https:\/\/humanfirstlabel.com\/wp-content\/uploads\/2025\/09\/Carroussel-temoignage-Toledano-768x432.png 768w\" sizes=\"auto, (max-width: 1280px) 100vw, 1280px\" \/><\/li>\n                <li style=\"display: none; width: 100%;\" class=\"slide-1012 ms-image \" aria-roledescription=\"slide\" data-date=\"2025-09-19 15:48:40\" data-slide-type=\"image\"><img loading=\"lazy\" decoding=\"async\" width=\"1280\" height=\"720\" src=\"https:\/\/humanfirstlabel.com\/wp-content\/uploads\/2025\/09\/Carroussel-temoignage-Joao.png\" class=\"slider-1006 slide-1012 msDefaultImage\" alt=\"\" rel=\"\" title=\"Carroussel t\u00e9moignage Joao\" srcset=\"https:\/\/humanfirstlabel.com\/wp-content\/uploads\/2025\/09\/Carroussel-temoignage-Joao.png 1280w, https:\/\/humanfirstlabel.com\/wp-content\/uploads\/2025\/09\/Carroussel-temoignage-Joao-300x169.png 300w, https:\/\/humanfirstlabel.com\/wp-content\/uploads\/2025\/09\/Carroussel-temoignage-Joao-1024x576.png 1024w, https:\/\/humanfirstlabel.com\/wp-content\/uploads\/2025\/09\/Carroussel-temoignage-Joao-768x432.png 768w\" sizes=\"auto, (max-width: 1280px) 100vw, 1280px\" \/><\/li>\n                <li style=\"display: none; width: 100%;\" class=\"slide-1017 ms-image \" aria-roledescription=\"slide\" data-date=\"2025-09-19 15:51:05\" data-slide-type=\"image\"><a href=\"https:\/\/www.pharmacie-cantonale.fr\/\" target=\"_self\" aria-label=\"Giropharm\" class=\"metaslider_image_link\"><img loading=\"lazy\" decoding=\"async\" width=\"1280\" height=\"720\" src=\"https:\/\/humanfirstlabel.com\/wp-content\/uploads\/2025\/09\/Carroussel-temoignages-Xavier-v2-1.png\" class=\"slider-1006 slide-1017 msDefaultImage\" alt=\"Giropharm\" rel=\"\" title=\"Pharmacie cantonale\" srcset=\"https:\/\/humanfirstlabel.com\/wp-content\/uploads\/2025\/09\/Carroussel-temoignages-Xavier-v2-1.png 1280w, https:\/\/humanfirstlabel.com\/wp-content\/uploads\/2025\/09\/Carroussel-temoignages-Xavier-v2-1-300x169.png 300w, https:\/\/humanfirstlabel.com\/wp-content\/uploads\/2025\/09\/Carroussel-temoignages-Xavier-v2-1-1024x576.png 1024w, https:\/\/humanfirstlabel.com\/wp-content\/uploads\/2025\/09\/Carroussel-temoignages-Xavier-v2-1-768x432.png 768w\" sizes=\"auto, (max-width: 1280px) 100vw, 1280px\" \/><\/a><\/li>\n                <li style=\"display: none; width: 100%;\" class=\"slide-1065 ms-image \" aria-roledescription=\"slide\" data-date=\"2025-11-10 16:33:02\" data-slide-type=\"image\"><a href=\"https:\/\/www.centre-ressource-lyon.org\/\" target=\"_blank\" aria-label=\"Centres Ressources Lyon et Mont\u00e9limar\" class=\"metaslider_image_link\"><img loading=\"lazy\" decoding=\"async\" width=\"1280\" height=\"720\" src=\"https:\/\/humanfirstlabel.com\/wp-content\/uploads\/2025\/11\/Temoignages-Charvet.png\" class=\"slider-1006 slide-1065 msDefaultImage\" alt=\"\" rel=\"\" title=\"Centre Ressource Lyon Centre Ressource Mont\u00e9limar\" srcset=\"https:\/\/humanfirstlabel.com\/wp-content\/uploads\/2025\/11\/Temoignages-Charvet.png 1280w, https:\/\/humanfirstlabel.com\/wp-content\/uploads\/2025\/11\/Temoignages-Charvet-300x169.png 300w, https:\/\/humanfirstlabel.com\/wp-content\/uploads\/2025\/11\/Temoignages-Charvet-1024x576.png 1024w, https:\/\/humanfirstlabel.com\/wp-content\/uploads\/2025\/11\/Temoignages-Charvet-768x432.png 768w\" sizes=\"auto, (max-width: 1280px) 100vw, 1280px\" \/><\/a><\/li>\n                <li style=\"display: none; width: 100%;\" class=\"slide-1068 ms-image \" aria-roledescription=\"slide\" data-date=\"2025-11-10 17:12:32\" data-slide-type=\"image\"><a href=\"https:\/\/www.ehpad-jeanmenu.fr\/association-mavie-douai\/\" target=\"_blank\" aria-label=\"Ehpad Jean Menu Ehpad Les Logis Douaisiens\" class=\"metaslider_image_link\"><img loading=\"lazy\" decoding=\"async\" width=\"1280\" height=\"720\" src=\"https:\/\/humanfirstlabel.com\/wp-content\/uploads\/2025\/11\/Carroussel-temoignage-Alice.png\" class=\"slider-1006 slide-1068 msDefaultImage\" alt=\"Association MaVie - Alice Honor\u00e9\" rel=\"\" title=\"Ehpad Jean Menu Ehpad Les Logis Douaisiens\" srcset=\"https:\/\/humanfirstlabel.com\/wp-content\/uploads\/2025\/11\/Carroussel-temoignage-Alice.png 1280w, https:\/\/humanfirstlabel.com\/wp-content\/uploads\/2025\/11\/Carroussel-temoignage-Alice-300x169.png 300w, https:\/\/humanfirstlabel.com\/wp-content\/uploads\/2025\/11\/Carroussel-temoignage-Alice-1024x576.png 1024w, https:\/\/humanfirstlabel.com\/wp-content\/uploads\/2025\/11\/Carroussel-temoignage-Alice-768x432.png 768w\" sizes=\"auto, (max-width: 1280px) 100vw, 1280px\" \/><\/a><\/li>\n            <\/ul>\n        <\/div>\n        \n    <\/div>\n<\/div>\n<\/div>\n<\/main>\n\n\n\n<p><\/p>\n","protected":false},"excerpt":{"rendered":"<p>D\u00e9montrez l&rsquo;efficacit\u00e9 de vos actions territoriales de pr\u00e9vention S\u00e9curisez les parcours de soins pluridisciplinaires des patients de votre territoire F\u00e9d\u00e9rez vos \u00e9quipes et adh\u00e9rents autour d&rsquo;un projet dynamisant [&hellip;]<\/p>\n","protected":false},"author":1,"featured_media":0,"parent":1127,"menu_order":0,"comment_status":"closed","ping_status":"closed","template":"wp-custom-template-2025-11-17-nouvel-accueil-fr","meta":{"_seopress_robots_primary_cat":"","_seopress_titles_title":"Label qualite pour cpts","_seopress_titles_desc":"Amplifiez l\u2019efficacit\u00e9 des parcours de soins int\u00e9gratifs de votre territoire par la d\u00e9marche qualit\u00e9 et l\u2019accompagnement sur mesure du label Human First","_seopress_robots_index":"","footnotes":""},"class_list":["post-469","page","type-page","status-publish","hentry"],"_links":{"self":[{"href":"https:\/\/humanfirstlabel.com\/index.php\/wp-json\/wp\/v2\/pages\/469","targetHints":{"allow":["GET"]}}],"collection":[{"href":"https:\/\/humanfirstlabel.com\/index.php\/wp-json\/wp\/v2\/pages"}],"about":[{"href":"https:\/\/humanfirstlabel.com\/index.php\/wp-json\/wp\/v2\/types\/page"}],"author":[{"embeddable":true,"href":"https:\/\/humanfirstlabel.com\/index.php\/wp-json\/wp\/v2\/users\/1"}],"replies":[{"embeddable":true,"href":"https:\/\/humanfirstlabel.com\/index.php\/wp-json\/wp\/v2\/comments?post=469"}],"version-history":[{"count":17,"href":"https:\/\/humanfirstlabel.com\/index.php\/wp-json\/wp\/v2\/pages\/469\/revisions"}],"predecessor-version":[{"id":1224,"href":"https:\/\/humanfirstlabel.com\/index.php\/wp-json\/wp\/v2\/pages\/469\/revisions\/1224"}],"up":[{"embeddable":true,"href":"https:\/\/humanfirstlabel.com\/index.php\/wp-json\/wp\/v2\/pages\/1127"}],"wp:attachment":[{"href":"https:\/\/humanfirstlabel.com\/index.php\/wp-json\/wp\/v2\/media?parent=469"}],"curies":[{"name":"wp","href":"https:\/\/api.w.org\/{rel}","templated":true}]}}