{"id":1127,"date":"2025-11-12T10:06:28","date_gmt":"2025-11-12T09:06:28","guid":{"rendered":"https:\/\/humanfirstlabel.com\/?page_id=1127"},"modified":"2026-04-08T12:34:00","modified_gmt":"2026-04-08T10:34:00","slug":"label-qualite-sante-integrative","status":"publish","type":"page","link":"https:\/\/humanfirstlabel.com\/","title":{"rendered":"Accueil"},"content":{"rendered":"\n<div class=\"wp-block-cover alignfull\" style=\"margin-top:10px;margin-bottom:0px;padding-top:0;min-height:440px;aspect-ratio:unset;\"><img alt=\"\" loading=\"lazy\" decoding=\"async\" width=\"1024\" height=\"502\" class=\"wp-block-cover__image-background wp-image-703 size-large\" alt=\"\" src=\"https:\/\/humanfirstlabel.com\/wp-content\/uploads\/2025\/08\/patient-and-nurse-hands-large-1024x502.jpg\" style=\"object-position:59% 63%\" data-object-fit=\"cover\" data-object-position=\"59% 63%\" srcset=\"https:\/\/humanfirstlabel.com\/wp-content\/uploads\/2025\/08\/patient-and-nurse-hands-large-1024x502.jpg 1024w, https:\/\/humanfirstlabel.com\/wp-content\/uploads\/2025\/08\/patient-and-nurse-hands-large-300x147.jpg 300w, https:\/\/humanfirstlabel.com\/wp-content\/uploads\/2025\/08\/patient-and-nurse-hands-large-768x377.jpg 768w, https:\/\/humanfirstlabel.com\/wp-content\/uploads\/2025\/08\/patient-and-nurse-hands-large-1536x753.jpg 1536w, https:\/\/humanfirstlabel.com\/wp-content\/uploads\/2025\/08\/patient-and-nurse-hands-large-2048x1004.jpg 2048w\" sizes=\"auto, (max-width: 1024px) 100vw, 1024px\" \/><span aria-hidden=\"true\" class=\"wp-block-cover__background has-black-background-color has-background-dim-60 has-background-dim\"><\/span><div class=\"wp-block-cover__inner-container is-layout-flow wp-block-cover-is-layout-flow\">\n<div class=\"wp-block-group has-global-padding is-layout-constrained wp-block-group-is-layout-constrained\">\n<div class=\"wp-block-group alignfull is-layout-flow wp-container-core-group-is-layout-d3581655 wp-block-group-is-layout-flow\" style=\"padding-right:var(--wp--preset--spacing--50);padding-left:var(--wp--preset--spacing--50)\">\n<h2 class=\"wp-block-heading has-text-align-center has-banner-title-font-size\" style=\"margin-top:25px;margin-right:0px;margin-bottom:0px;margin-left:0px;padding-right:0;padding-left:0;font-style:normal;font-weight:600;line-height:1.1\">Fa\u00e7onnons ensemble l&rsquo;avenir de la Sant\u00e9 Int\u00e9grative<\/h2>\n\n\n\n<h3 class=\"wp-block-heading has-text-align-center has-large-font-size\" style=\"padding-right:var(--wp--preset--spacing--20);padding-left:var(--wp--preset--spacing--20);line-height:1.9\">Human First accompagne les acteurs de sant\u00e9 et amplifie leur efficacit\u00e9 en mettant en \u0153uvre une d\u00e9marche qualit\u00e9 personnalis\u00e9e et sur mesure qui place l&rsquo;Humain au premier plan<\/h3>\n\n\n\n<div class=\"wp-block-buttons is-content-justification-center is-layout-flex wp-container-core-buttons-is-layout-ba9ea59f wp-block-buttons-is-layout-flex\" style=\"margin-top:var(--wp--preset--spacing--60)\">\n<div class=\"wp-block-button is-style-fill\"><a class=\"wp-block-button__link has-secondary-color has-primary-background-color has-text-color has-background wp-element-button\" href=\"https:\/\/humanfirstlabel.com\/index.php\/fr\/contact\/\" style=\"padding-top:10px;padding-right:32px;padding-bottom:10px;padding-left:32px;font-style:normal;font-weight:700;letter-spacing:1px;text-transform:uppercase\">en savoir plus<\/a><\/div>\n<\/div>\n<\/div>\n<\/div>\n<\/div><\/div>\n\n\n\n<main class=\"wp-block-group is-layout-flow wp-block-group-is-layout-flow\" style=\"margin-top:0px;margin-bottom:0px\">\n<div class=\"wp-block-cover has-parallax\" style=\"margin-top:0px;margin-bottom:0px;padding-top:60px;padding-right:20px;padding-bottom:60px;padding-left:20px;min-height:300px;aspect-ratio:unset;\"><div class=\"wp-block-cover__image-background wp-image-103 size-large has-parallax\" style=\"background-position:50% 50%;background-image:url(http:\/\/krkakgt.cluster021.hosting.ovh.net\/wp-content\/uploads\/2025\/05\/pexels-pavel-danilyuk-7944064-1-1024x684.jpg)\"><\/div><span aria-hidden=\"true\" class=\"wp-block-cover__background has-black-background-color has-background-dim-70 has-background-dim\"><\/span><div class=\"wp-block-cover__inner-container is-layout-flow wp-block-cover-is-layout-flow\">\n<div class=\"wp-block-group has-global-padding is-layout-constrained wp-block-group-is-layout-constrained\">\n<div class=\"wp-block-group alignwide is-layout-flow wp-block-group-is-layout-flow\">\n<div class=\"wp-block-columns is-layout-flex wp-container-core-columns-is-layout-28f84493 wp-block-columns-is-layout-flex\">\n<div class=\"wp-block-column is-layout-flow wp-container-core-column-is-layout-f5bb311e wp-block-column-is-layout-flow\">\n<div class=\"wp-block-group has-global-padding is-layout-constrained wp-container-core-group-is-layout-a7ff2edf wp-block-group-is-layout-constrained\" style=\"padding-top:25px;padding-right:25px;padding-bottom:25px;padding-left:25px\">\n<figure class=\"wp-block-image aligncenter size-full is-resized\"><img alt=\"\" loading=\"lazy\" decoding=\"async\" width=\"915\" height=\"953\" src=\"https:\/\/humanfirstlabel.com\/wp-content\/uploads\/2025\/08\/LOGO-HF-BLANC-NEUTRE-PNG-_Plan-de-travail-rogne-sans-wording.png\" alt=\"\" class=\"wp-image-706\" style=\"width:120px\" srcset=\"https:\/\/humanfirstlabel.com\/wp-content\/uploads\/2025\/08\/LOGO-HF-BLANC-NEUTRE-PNG-_Plan-de-travail-rogne-sans-wording.png 915w, https:\/\/humanfirstlabel.com\/wp-content\/uploads\/2025\/08\/LOGO-HF-BLANC-NEUTRE-PNG-_Plan-de-travail-rogne-sans-wording-288x300.png 288w, https:\/\/humanfirstlabel.com\/wp-content\/uploads\/2025\/08\/LOGO-HF-BLANC-NEUTRE-PNG-_Plan-de-travail-rogne-sans-wording-768x800.png 768w\" sizes=\"auto, (max-width: 915px) 100vw, 915px\" \/><\/figure>\n\n\n\n<h3 class=\"wp-block-heading has-text-align-center\" style=\"margin-top:var(--wp--preset--spacing--60);font-size:50px\">100 +<\/h3>\n\n\n\n<h5 class=\"wp-block-heading has-text-align-center has-small-font-size\" style=\"font-style:normal;font-weight:600;text-transform:uppercase\">Candidats engag\u00e9s dans la demarche<\/h5>\n<\/div>\n<\/div>\n\n\n\n<div class=\"wp-block-column is-layout-flow wp-container-core-column-is-layout-8a368f38 wp-block-column-is-layout-flow\">\n<div class=\"wp-block-group has-global-padding is-layout-constrained wp-container-core-group-is-layout-a7ff2edf wp-block-group-is-layout-constrained\" style=\"padding-top:25px;padding-right:25px;padding-bottom:25px;padding-left:25px\">\n<figure class=\"wp-block-image aligncenter size-full is-resized\"><img alt=\"\" loading=\"lazy\" decoding=\"async\" width=\"2470\" height=\"2560\" src=\"https:\/\/humanfirstlabel.com\/wp-content\/uploads\/2025\/08\/LOGO-BRONZE-PNG-1-scaled.png\" alt=\"\" class=\"wp-image-711\" style=\"width:120px\" srcset=\"https:\/\/humanfirstlabel.com\/wp-content\/uploads\/2025\/08\/LOGO-BRONZE-PNG-1-scaled.png 2470w, https:\/\/humanfirstlabel.com\/wp-content\/uploads\/2025\/08\/LOGO-BRONZE-PNG-1-289x300.png 289w, https:\/\/humanfirstlabel.com\/wp-content\/uploads\/2025\/08\/LOGO-BRONZE-PNG-1-988x1024.png 988w, https:\/\/humanfirstlabel.com\/wp-content\/uploads\/2025\/08\/LOGO-BRONZE-PNG-1-768x796.png 768w, https:\/\/humanfirstlabel.com\/wp-content\/uploads\/2025\/08\/LOGO-BRONZE-PNG-1-1482x1536.png 1482w, https:\/\/humanfirstlabel.com\/wp-content\/uploads\/2025\/08\/LOGO-BRONZE-PNG-1-1976x2048.png 1976w\" sizes=\"auto, (max-width: 2470px) 100vw, 2470px\" \/><\/figure>\n\n\n\n<h3 class=\"wp-block-heading has-text-align-center\" style=\"margin-top:var(--wp--preset--spacing--60);font-size:50px\">60 +<\/h3>\n\n\n\n<h5 class=\"wp-block-heading has-text-align-center has-small-font-size\" style=\"font-style:normal;font-weight:600;text-transform:uppercase\">Acteurs de sant\u00e9 labellis\u00e9s en france<\/h5>\n<\/div>\n<\/div>\n\n\n\n<div class=\"wp-block-column is-layout-flow wp-container-core-column-is-layout-8a368f38 wp-block-column-is-layout-flow\">\n<div class=\"wp-block-group has-global-padding is-layout-constrained wp-container-core-group-is-layout-a7ff2edf wp-block-group-is-layout-constrained\" style=\"padding-top:25px;padding-right:25px;padding-bottom:25px;padding-left:25px\">\n<figure class=\"wp-block-image aligncenter size-full is-resized\"><img alt=\"\" loading=\"lazy\" decoding=\"async\" width=\"2413\" height=\"2560\" src=\"https:\/\/humanfirstlabel.com\/wp-content\/uploads\/2025\/08\/LOGO-ARGENT-PNG-1-scaled.png\" alt=\"\" class=\"wp-image-712\" style=\"width:120px\" srcset=\"https:\/\/humanfirstlabel.com\/wp-content\/uploads\/2025\/08\/LOGO-ARGENT-PNG-1-scaled.png 2413w, https:\/\/humanfirstlabel.com\/wp-content\/uploads\/2025\/08\/LOGO-ARGENT-PNG-1-283x300.png 283w, https:\/\/humanfirstlabel.com\/wp-content\/uploads\/2025\/08\/LOGO-ARGENT-PNG-1-965x1024.png 965w, https:\/\/humanfirstlabel.com\/wp-content\/uploads\/2025\/08\/LOGO-ARGENT-PNG-1-768x815.png 768w, https:\/\/humanfirstlabel.com\/wp-content\/uploads\/2025\/08\/LOGO-ARGENT-PNG-1-1448x1536.png 1448w, https:\/\/humanfirstlabel.com\/wp-content\/uploads\/2025\/08\/LOGO-ARGENT-PNG-1-1930x2048.png 1930w\" sizes=\"auto, (max-width: 2413px) 100vw, 2413px\" \/><\/figure>\n\n\n\n<h3 class=\"wp-block-heading has-text-align-center\" style=\"margin-top:var(--wp--preset--spacing--60);font-size:50px\">115 +<\/h3>\n\n\n\n<h5 class=\"wp-block-heading has-text-align-center has-small-font-size\" style=\"font-style:normal;font-weight:600;text-transform:uppercase\">indicateurs \u00e9valu\u00e9s<\/h5>\n<\/div>\n<\/div>\n\n\n\n<div class=\"wp-block-column is-layout-flow wp-container-core-column-is-layout-8a368f38 wp-block-column-is-layout-flow\">\n<div class=\"wp-block-group has-global-padding is-layout-constrained wp-container-core-group-is-layout-a7ff2edf wp-block-group-is-layout-constrained\" style=\"padding-top:25px;padding-right:25px;padding-bottom:25px;padding-left:25px\">\n<figure class=\"wp-block-image aligncenter size-full is-resized\"><img alt=\"\" loading=\"lazy\" decoding=\"async\" width=\"2448\" height=\"2560\" src=\"https:\/\/humanfirstlabel.com\/wp-content\/uploads\/2025\/08\/LOGO-OR-PNG-1-scaled.png\" alt=\"\" class=\"wp-image-713\" style=\"width:120px\" srcset=\"https:\/\/humanfirstlabel.com\/wp-content\/uploads\/2025\/08\/LOGO-OR-PNG-1-scaled.png 2448w, https:\/\/humanfirstlabel.com\/wp-content\/uploads\/2025\/08\/LOGO-OR-PNG-1-287x300.png 287w, https:\/\/humanfirstlabel.com\/wp-content\/uploads\/2025\/08\/LOGO-OR-PNG-1-979x1024.png 979w, https:\/\/humanfirstlabel.com\/wp-content\/uploads\/2025\/08\/LOGO-OR-PNG-1-768x803.png 768w, https:\/\/humanfirstlabel.com\/wp-content\/uploads\/2025\/08\/LOGO-OR-PNG-1-1469x1536.png 1469w, https:\/\/humanfirstlabel.com\/wp-content\/uploads\/2025\/08\/LOGO-OR-PNG-1-1959x2048.png 1959w\" sizes=\"auto, (max-width: 2448px) 100vw, 2448px\" \/><\/figure>\n\n\n\n<h3 class=\"wp-block-heading has-text-align-center\" style=\"margin-top:var(--wp--preset--spacing--60);font-size:50px\">3 000 +<\/h3>\n\n\n\n<h5 class=\"wp-block-heading has-text-align-center has-small-font-size\" style=\"font-style:normal;font-weight:600;text-transform:uppercase\">Professionnels de sant\u00e9 impliqu\u00e9s<\/h5>\n<\/div>\n<\/div>\n<\/div>\n<\/div>\n<\/div>\n<\/div><\/div>\n\n\n\n<div class=\"wp-block-group has-white-background-color has-background is-vertical is-content-justification-left is-nowrap is-layout-flex wp-container-core-group-is-layout-22c0667a wp-block-group-is-layout-flex\" style=\"margin-top:0;margin-bottom:0;padding-top:13px;padding-right:20px;padding-bottom:60px;padding-left:20px\">\n<div class=\"wp-block-group is-content-justification-center is-layout-flex wp-container-core-group-is-layout-ac785a97 wp-block-group-is-layout-flex\" style=\"margin-top:var(--wp--preset--spacing--70)\">\n<div class=\"wp-block-group has-background has-global-padding is-layout-constrained wp-container-core-group-is-layout-27b9899c wp-block-group-is-layout-constrained\" style=\"border-radius:50px;background-color:#dddddd;padding-top:5px;padding-right:30px;padding-bottom:5px;padding-left:4px\">\n<div class=\"wp-block-group is-nowrap is-layout-flex wp-container-core-group-is-layout-fc054d2d wp-block-group-is-layout-flex\">\n<figure class=\"wp-block-image size-full\"><img alt=\"\" loading=\"lazy\" decoding=\"async\" width=\"50\" height=\"50\" src=\"https:\/\/humanfirstlabel.com\/wp-content\/uploads\/2025\/11\/checked.png\" alt=\"\" class=\"wp-image-1094\"\/><\/figure>\n\n\n\n<h6 class=\"wp-block-heading has-karla-font-family has-medium-font-size\" style=\"font-style:normal;font-weight:700\">L&rsquo;humain au centre<\/h6>\n\n\n\n<details class=\"wp-block-details has-primary-color has-text-color has-link-color wp-elements-910277c358596976cf20911922c60cbe is-layout-flow wp-block-details-is-layout-flow\"><summary><strong>D\u00e9tails<\/strong><\/summary>\n<ul class=\"wp-block-list\">\n<li class=\"has-heading-color has-text-color has-link-color wp-elements-e14edeb2214099220fb25f25b439958e\" style=\"padding-top:var(--wp--preset--spacing--20);padding-bottom:var(--wp--preset--spacing--30)\"><strong>La Sant\u00e9 Int\u00e9grative int\u00e8gre le meilleur de la m\u00e9decine conventionnelle et des pratiques compl\u00e9mentaires (Hypnose m\u00e9dicale, Micronutition, Ost\u00e9opathie, Psychologie, Yoga, Phytoth\u00e9rapie\u2026)<\/strong><\/li>\n\n\n\n<li class=\"has-heading-color has-text-color has-link-color wp-elements-5a5af8a97d561eeeed646bfd16da978c\"><strong>Elle vise \u00e0 prendre en compte le patient dans sa globalit\u00e9, pour d\u00e9livrer des parcours de soins personnalis\u00e9s et centr\u00e9s sur la personne et pas seulement la pathologie<\/strong><\/li>\n<\/ul>\n<\/details>\n<\/div>\n<\/div>\n\n\n\n<div class=\"wp-block-group has-background has-global-padding is-layout-constrained wp-container-core-group-is-layout-27b9899c wp-block-group-is-layout-constrained\" style=\"border-radius:50px;background-color:#dddddd;padding-top:5px;padding-right:30px;padding-bottom:5px;padding-left:4px\">\n<div class=\"wp-block-group is-nowrap is-layout-flex wp-container-core-group-is-layout-fc054d2d wp-block-group-is-layout-flex\">\n<figure class=\"wp-block-image size-full\"><img alt=\"\" loading=\"lazy\" decoding=\"async\" width=\"50\" height=\"50\" src=\"https:\/\/humanfirstlabel.com\/wp-content\/uploads\/2025\/11\/checked.png\" alt=\"\" class=\"wp-image-1094\"\/><\/figure>\n\n\n\n<h6 class=\"wp-block-heading has-karla-font-family has-medium-font-size\" style=\"font-style:normal;font-weight:700\">S\u00e9curisation<\/h6>\n\n\n\n<details class=\"wp-block-details has-primary-color has-text-color has-link-color wp-elements-77db3ee364aba07b7e14bb1278005785 is-layout-flow wp-block-details-is-layout-flow\"><summary><strong>D\u00e9tails<\/strong><\/summary>\n<ul class=\"wp-block-list\">\n<li class=\"has-heading-color has-text-color has-link-color wp-elements-4107aac6194145062baba85910d830ac\" style=\"padding-top:var(--wp--preset--spacing--20);padding-bottom:var(--wp--preset--spacing--30)\"><strong>Chez Human First, seules les pratiques compl\u00e9mentaires reconnues par la l\u00e9gislation du pays concern\u00e9 sont valoris\u00e9es (HAS en France, NHS en UK\u2026)<\/strong><\/li>\n\n\n\n<li class=\"has-heading-color has-text-color has-link-color wp-elements-e29e2336dce7d5aad6bac4154b8c571b\"><strong>Tout patient s\u2019adressant \u00e0 un acteur de sant\u00e9 labellis\u00e9 Human First sera ainsi assur\u00e9 de b\u00e9n\u00e9ficier d\u2019un parcours de soins adapt\u00e9 et personnalis\u00e9<\/strong><\/li>\n<\/ul>\n<\/details>\n<\/div>\n<\/div>\n\n\n\n<div class=\"wp-block-group has-background has-global-padding is-layout-constrained wp-container-core-group-is-layout-27b9899c wp-block-group-is-layout-constrained\" style=\"border-radius:50px;background-color:#dddddd;padding-top:5px;padding-right:30px;padding-bottom:5px;padding-left:4px\">\n<div class=\"wp-block-group is-nowrap is-layout-flex wp-container-core-group-is-layout-fc054d2d wp-block-group-is-layout-flex\">\n<figure class=\"wp-block-image size-full\"><img alt=\"\" loading=\"lazy\" decoding=\"async\" width=\"50\" height=\"50\" src=\"https:\/\/humanfirstlabel.com\/wp-content\/uploads\/2025\/11\/checked.png\" alt=\"\" class=\"wp-image-1094\"\/><\/figure>\n\n\n\n<h6 class=\"wp-block-heading has-karla-font-family has-medium-font-size\" style=\"font-style:normal;font-weight:700\">Gage de qualit\u00e9<\/h6>\n\n\n\n<details class=\"wp-block-details has-primary-color has-text-color has-link-color wp-elements-49cea6bd0b967ea9a16f73b200e02958 is-layout-flow wp-block-details-is-layout-flow\"><summary><strong>D\u00e9tails<\/strong><\/summary>\n<ul class=\"wp-block-list\">\n<li class=\"has-heading-color has-text-color has-link-color wp-elements-d5caddcd0d0e2bf094d8c80d79f3181c\" style=\"padding-top:var(--wp--preset--spacing--20);padding-bottom:var(--wp--preset--spacing--30)\"><strong>Le label Human First est avant tout un processus qualit\u00e9 appliqu\u00e9 \u00e0 la Sant\u00e9 Int\u00e9grative<\/strong><\/li>\n\n\n\n<li class=\"has-heading-color has-text-color has-link-color wp-elements-20390511350d16d69a80ec88cd07a2f3\"><strong>Suivre la d\u00e9marche de labellisation Human First permet aux acteurs de sant\u00e9 de structurer leur approche en Sant\u00e9 Int\u00e9grative afin de d\u00e9livrer des soins avec le plus haut niveau d&rsquo;exigence qualit\u00e9<\/strong><\/li>\n<\/ul>\n<\/details>\n<\/div>\n<\/div>\n\n\n\n<div class=\"wp-block-group has-background has-global-padding is-layout-constrained wp-container-core-group-is-layout-27b9899c wp-block-group-is-layout-constrained\" style=\"border-radius:50px;background-color:#dddddd;padding-top:5px;padding-right:30px;padding-bottom:5px;padding-left:4px\">\n<div class=\"wp-block-group is-nowrap is-layout-flex wp-container-core-group-is-layout-fc054d2d wp-block-group-is-layout-flex\">\n<figure class=\"wp-block-image size-full\"><img alt=\"\" loading=\"lazy\" decoding=\"async\" width=\"50\" height=\"50\" src=\"https:\/\/humanfirstlabel.com\/wp-content\/uploads\/2025\/11\/checked.png\" alt=\"\" class=\"wp-image-1094\"\/><\/figure>\n\n\n\n<h6 class=\"wp-block-heading has-karla-font-family has-medium-font-size\" style=\"font-style:normal;font-weight:700\">Am\u00e9lioration continue<\/h6>\n\n\n\n<details class=\"wp-block-details has-primary-color has-text-color has-link-color wp-elements-2593082d371f0fb219464d29e15db81e is-layout-flow wp-block-details-is-layout-flow\"><summary><strong>D\u00e9tails<\/strong><\/summary>\n<ul class=\"wp-block-list\">\n<li class=\"has-heading-color has-text-color has-link-color wp-elements-a1d97dac623984245be70dc8a6f5c9a4\" style=\"padding-top:var(--wp--preset--spacing--20);padding-bottom:var(--wp--preset--spacing--30)\"><strong>Le label Human First exige des acteurs de sant\u00e9 un engagement pluriannuel ayant pour objectif une d\u00e9marche d&rsquo;am\u00e9lioration continue<\/strong><\/li>\n\n\n\n<li class=\"has-heading-color has-text-color has-link-color wp-elements-53d48b1d62d428424450383a78fd2dd4\"><strong>Un acteur de sant\u00e9 labellis\u00e9 Human First est audit\u00e9 tous les 18 mois afin d&rsquo;assurer le maintien et l&rsquo;am\u00e9lioration de son approche en Sant\u00e9 Int\u00e9grative<\/strong><\/li>\n<\/ul>\n<\/details>\n<\/div>\n<\/div>\n\n\n\n<div class=\"wp-block-group has-background has-global-padding is-layout-constrained wp-container-core-group-is-layout-27b9899c wp-block-group-is-layout-constrained\" style=\"border-radius:50px;background-color:#dddddd;padding-top:5px;padding-right:30px;padding-bottom:5px;padding-left:4px\">\n<div class=\"wp-block-group is-nowrap is-layout-flex wp-container-core-group-is-layout-fc054d2d wp-block-group-is-layout-flex\">\n<figure class=\"wp-block-image size-full\"><img alt=\"\" loading=\"lazy\" decoding=\"async\" width=\"50\" height=\"50\" src=\"https:\/\/humanfirstlabel.com\/wp-content\/uploads\/2025\/11\/checked.png\" alt=\"\" class=\"wp-image-1094\"\/><\/figure>\n\n\n\n<h6 class=\"wp-block-heading has-karla-font-family has-medium-font-size\" style=\"font-style:normal;font-weight:700\">Attractivit\u00e9<\/h6>\n\n\n\n<details class=\"wp-block-details has-primary-color has-text-color has-link-color wp-elements-8b9b3283181749a103ff2a5f8a916a47 is-layout-flow wp-block-details-is-layout-flow\"><summary><strong>D\u00e9tails<\/strong><\/summary>\n<ul class=\"wp-block-list\">\n<li class=\"has-heading-color has-text-color has-link-color wp-elements-027cf2464fa5ba55db38acc6b03ebed0\" style=\"padding-top:var(--wp--preset--spacing--20);padding-bottom:var(--wp--preset--spacing--30)\"><strong>Le label Human First s&rsquo;inscrit dans un projet d&rsquo;entreprise structurant et impactant pour l&rsquo;ensemble des collaborateurs et des patients<\/strong><\/li>\n\n\n\n<li class=\"has-heading-color has-text-color has-link-color wp-elements-6a37621f44ace8aa75cdb5ae1fe5764d\"><strong>S&rsquo;engager dans le processus de labellisation Human First permet ainsi de redonner du sens et de la profondeur au quotidien des collaborateurs tout en am\u00e9liorant la prise en charge des patients en tant qu&rsquo;individus<\/strong><\/li>\n<\/ul>\n<\/details>\n<\/div>\n<\/div>\n\n\n\n<div class=\"wp-block-group has-background has-global-padding is-layout-constrained wp-container-core-group-is-layout-27b9899c wp-block-group-is-layout-constrained\" style=\"border-radius:50px;background-color:#dddddd;padding-top:5px;padding-right:30px;padding-bottom:5px;padding-left:4px\">\n<div class=\"wp-block-group is-nowrap is-layout-flex wp-container-core-group-is-layout-fc054d2d wp-block-group-is-layout-flex\">\n<figure class=\"wp-block-image size-full\"><img alt=\"\" loading=\"lazy\" decoding=\"async\" width=\"50\" height=\"50\" src=\"https:\/\/humanfirstlabel.com\/wp-content\/uploads\/2025\/11\/checked.png\" alt=\"\" class=\"wp-image-1094\"\/><\/figure>\n\n\n\n<h6 class=\"wp-block-heading has-karla-font-family has-medium-font-size\" style=\"font-style:normal;font-weight:700\">Reconnaissance<\/h6>\n\n\n\n<details class=\"wp-block-details has-primary-color has-text-color has-link-color wp-elements-64d4277d3f2a81e3c7c5ca6bae72e87c is-layout-flow wp-block-details-is-layout-flow\"><summary><strong>D\u00e9tails<\/strong><\/summary>\n<ul class=\"wp-block-list\">\n<li class=\"has-heading-color has-text-color has-link-color wp-elements-0de2ea851ad1024f8f9072a2e4d6471f\" style=\"padding-top:var(--wp--preset--spacing--20);padding-bottom:var(--wp--preset--spacing--30)\"><strong>En tant que label ind\u00e9pendant, un acteur de sant\u00e9 labellis\u00e9 Human First b\u00e9n\u00e9ficie de la reconnaissance de la qualit\u00e9 des soins d\u00e9livr\u00e9s<\/strong><\/li>\n\n\n\n<li class=\"has-heading-color has-text-color has-link-color wp-elements-7c8c41c2ce656d80ba03c7bbde7420c9\"><strong>Le travail quotidien des collaborateurs est ainsi valoris\u00e9 et la confiance des patients renforc\u00e9e<\/strong><\/li>\n<\/ul>\n<\/details>\n<\/div>\n<\/div>\n\n\n\n<div class=\"wp-block-group has-background has-global-padding is-layout-constrained wp-container-core-group-is-layout-27b9899c wp-block-group-is-layout-constrained\" style=\"border-radius:50px;background-color:#dddddd;padding-top:5px;padding-right:30px;padding-bottom:5px;padding-left:4px\">\n<div class=\"wp-block-group is-nowrap is-layout-flex wp-container-core-group-is-layout-fc054d2d wp-block-group-is-layout-flex\">\n<figure class=\"wp-block-image size-full\"><img alt=\"\" loading=\"lazy\" decoding=\"async\" width=\"50\" height=\"50\" src=\"https:\/\/humanfirstlabel.com\/wp-content\/uploads\/2025\/11\/checked.png\" alt=\"\" class=\"wp-image-1094\"\/><\/figure>\n\n\n\n<h6 class=\"wp-block-heading has-karla-font-family has-medium-font-size\" style=\"font-style:normal;font-weight:700\">Maillage territorial<\/h6>\n\n\n\n<details class=\"wp-block-details has-primary-color has-text-color has-link-color wp-elements-2b3887135d4fd5c147ee1d952275bc6f is-layout-flow wp-block-details-is-layout-flow\"><summary><strong>D\u00e9tails<\/strong><\/summary>\n<ul class=\"wp-block-list\">\n<li class=\"has-heading-color has-text-color has-link-color wp-elements-588c1c0a8fe925c8d32e14e226bc4300\" style=\"padding-top:var(--wp--preset--spacing--20);padding-bottom:var(--wp--preset--spacing--30)\"><strong>Un acteur de sant\u00e9 labellis\u00e9 Human First participe naturellement au d\u00e9veloppement du maillage territorial proposant aux patients des parcours de soins int\u00e9gratifs de qualit\u00e9 et s\u00e9curis\u00e9s<\/strong><\/li>\n\n\n\n<li class=\"has-heading-color has-text-color has-link-color wp-elements-d28b07c9c4d2faba21594e1b1c441dab\"><strong>Les \u00e9changes pluridisciplinaires en sortent renforc\u00e9s entre CPTS, centres int\u00e9gratifs, dentistes, ehpad, hopitaux ou encore pharmacies<\/strong><\/li>\n<\/ul>\n<\/details>\n<\/div>\n<\/div>\n<\/div>\n<\/div>\n\n\n<div id=\"metaslider-id-811\" style=\"width: 100%; margin: 0 auto;\" class=\"ml-slider-3-102-0 metaslider metaslider-flex metaslider-811 ml-slider has-dots-nav has-carousel-mode ms-theme-default-base\" role=\"region\" aria-label=\"Carousel R\u00e9f\u00e9rences Clients\" data-height=\"150\" data-width=\"200\">\n    <div id=\"metaslider_container_811\">\n        <div id=\"metaslider_811\">\n            <ul aria-live='off' class='slides'>\n                <li style=\"display: none; width: 100%;\" class=\"slide-816 ms-image \" aria-roledescription=\"slide\" data-date=\"2025-09-08 18:12:40\" data-slide-type=\"image\"><a href=\"https:\/\/www.ehpad-jeanmenu.fr\/association-mavie-douai\/\" target=\"_blank\" aria-label=\"ehpad MaVie ehpad Jean Menu ehpad Les Logis Douaisiens\" class=\"metaslider_image_link\"><img loading=\"lazy\" decoding=\"async\" width=\"593\" height=\"597\" src=\"https:\/\/humanfirstlabel.com\/wp-content\/uploads\/2025\/08\/LOGO-MAVIE.png\" class=\"slider-811 slide-816 msDefaultImage\" alt=\"\" rel=\"\" title=\"MaVie Ehpad\" style=\"margin: 0 auto; width: 74.497487437186%\" srcset=\"https:\/\/humanfirstlabel.com\/wp-content\/uploads\/2025\/08\/LOGO-MAVIE.png 593w, https:\/\/humanfirstlabel.com\/wp-content\/uploads\/2025\/08\/LOGO-MAVIE-298x300.png 298w, https:\/\/humanfirstlabel.com\/wp-content\/uploads\/2025\/08\/LOGO-MAVIE-150x150.png 150w, https:\/\/humanfirstlabel.com\/wp-content\/uploads\/2025\/08\/LOGO-MAVIE-200x200.png 200w\" sizes=\"auto, (max-width: 593px) 100vw, 593px\" \/><\/a><\/li>\n                <li style=\"display: none; width: 100%;\" class=\"slide-817 ms-image \" aria-roledescription=\"slide\" data-date=\"2025-09-08 18:12:40\" data-slide-type=\"image\"><a href=\"https:\/\/www.centre-ressource-montelimar.org\/\" target=\"_blank\" aria-label=\"Centre Ressource Mont\u00e9limar\" class=\"metaslider_image_link\"><img loading=\"lazy\" decoding=\"async\" width=\"542\" height=\"98\" src=\"https:\/\/humanfirstlabel.com\/wp-content\/uploads\/2025\/08\/logo-centre-ressource-retina.png\" class=\"slider-811 slide-817 msDefaultImage\" alt=\"\" rel=\"\" title=\"Centre Ressource MONTELIMAR\" style=\"margin-top: 28.459409594096%\" srcset=\"https:\/\/humanfirstlabel.com\/wp-content\/uploads\/2025\/08\/logo-centre-ressource-retina.png 542w, https:\/\/humanfirstlabel.com\/wp-content\/uploads\/2025\/08\/logo-centre-ressource-retina-300x54.png 300w\" sizes=\"auto, (max-width: 542px) 100vw, 542px\" \/><\/a><\/li>\n                <li style=\"display: none; width: 100%;\" class=\"slide-812 ms-image \" aria-roledescription=\"slide\" data-date=\"2025-09-08 18:12:40\" data-slide-type=\"image\"><a href=\"https:\/\/www.fondation-hopale.org\/\" target=\"_blank\" aria-label=\"Fondation Hopale h\u00f4pitaux cliniques chirurgie SMR\" class=\"metaslider_image_link\"><img loading=\"lazy\" decoding=\"async\" width=\"470\" height=\"201\" src=\"https:\/\/humanfirstlabel.com\/wp-content\/uploads\/2025\/08\/FONDATION-HOPALE.png\" class=\"slider-811 slide-812 msDefaultImage\" alt=\"\" rel=\"\" title=\"FONDATION HOPALE Hopitaux &amp; Cliniques\" style=\"margin-top: 16.117021276596%\" srcset=\"https:\/\/humanfirstlabel.com\/wp-content\/uploads\/2025\/08\/FONDATION-HOPALE.png 470w, https:\/\/humanfirstlabel.com\/wp-content\/uploads\/2025\/08\/FONDATION-HOPALE-300x128.png 300w\" sizes=\"auto, (max-width: 470px) 100vw, 470px\" \/><\/a><\/li>\n                <li style=\"display: none; width: 100%;\" class=\"slide-819 ms-image \" aria-roledescription=\"slide\" data-date=\"2025-09-08 18:12:41\" data-slide-type=\"image\"><a href=\"https:\/\/institut-rafael.fr\/\" target=\"_blank\" aria-label=\"Institut Rafa\u00ebl\" class=\"metaslider_image_link\"><img loading=\"lazy\" decoding=\"async\" width=\"346\" height=\"136\" src=\"https:\/\/humanfirstlabel.com\/wp-content\/uploads\/2025\/08\/Logo-Rafael.webp\" class=\"slider-811 slide-819 msDefaultImage\" alt=\"Centre Europ\u00e9en de M\u00e9decine Int\u00e9grative\" rel=\"\" title=\"Institut Rafa\u00ebl Centre Europ\u00e9en de M\u00e9decine Int\u00e9grative\" style=\"margin-top: 17.846820809249%\" srcset=\"https:\/\/humanfirstlabel.com\/wp-content\/uploads\/2025\/08\/Logo-Rafael.webp 346w, https:\/\/humanfirstlabel.com\/wp-content\/uploads\/2025\/08\/Logo-Rafael-300x118.webp 300w\" sizes=\"auto, (max-width: 346px) 100vw, 346px\" \/><\/a><\/li>\n                <li style=\"display: none; width: 100%;\" class=\"slide-818 ms-image \" aria-roledescription=\"slide\" data-date=\"2025-09-08 18:12:40\" data-slide-type=\"image\"><a href=\"https:\/\/www.centre-ressource-lyon.org\/\" target=\"_blank\" aria-label=\"Centre Resssource Lyon\" class=\"metaslider_image_link\"><img loading=\"lazy\" decoding=\"async\" width=\"271\" height=\"49\" src=\"https:\/\/humanfirstlabel.com\/wp-content\/uploads\/2025\/08\/logo-centre-ressource-LYON.png\" class=\"slider-811 slide-818 msDefaultImage\" alt=\"\" rel=\"\" title=\"Centre Ressource LYON\" style=\"margin-top: 28.459409594096%\" \/><\/a><\/li>\n                <li style=\"display: none; width: 100%;\" class=\"slide-814 ms-image \" aria-roledescription=\"slide\" data-date=\"2025-09-08 18:12:40\" data-slide-type=\"image\"><a href=\"https:\/\/www.orosante.fr\/\" target=\"_blank\" aria-label=\"dentiste orosant\u00e9\" class=\"metaslider_image_link\"><img loading=\"lazy\" decoding=\"async\" width=\"1632\" height=\"884\" src=\"https:\/\/humanfirstlabel.com\/wp-content\/uploads\/2025\/08\/OROSANTE.png\" class=\"slider-811 slide-814 msDefaultImage\" alt=\"\" rel=\"\" title=\"OROSANTE Dentisterie\" style=\"margin-top: 10.416666666667%\" srcset=\"https:\/\/humanfirstlabel.com\/wp-content\/uploads\/2025\/08\/OROSANTE.png 1632w, https:\/\/humanfirstlabel.com\/wp-content\/uploads\/2025\/08\/OROSANTE-300x163.png 300w, https:\/\/humanfirstlabel.com\/wp-content\/uploads\/2025\/08\/OROSANTE-1024x555.png 1024w, https:\/\/humanfirstlabel.com\/wp-content\/uploads\/2025\/08\/OROSANTE-768x416.png 768w, https:\/\/humanfirstlabel.com\/wp-content\/uploads\/2025\/08\/OROSANTE-1536x832.png 1536w\" sizes=\"auto, (max-width: 1632px) 100vw, 1632px\" \/><\/a><\/li>\n                <li style=\"display: none; width: 100%;\" class=\"slide-813 ms-image \" aria-roledescription=\"slide\" data-date=\"2025-09-08 18:12:40\" data-slide-type=\"image\"><a href=\"https:\/\/www.apothical.fr\/\" target=\"_blank\" aria-label=\"Apothical Pharmacies\" class=\"metaslider_image_link\"><img loading=\"lazy\" decoding=\"async\" width=\"151\" height=\"89\" src=\"https:\/\/humanfirstlabel.com\/wp-content\/uploads\/2025\/08\/APOTHICAL-LOGO.png\" class=\"slider-811 slide-813 msDefaultImage\" alt=\"\" rel=\"\" title=\"APOTHICAL Pharmacies\" style=\"margin-top: 8.0298013245033%\" \/><\/a><\/li>\n                <li style=\"display: none; width: 100%;\" class=\"slide-1019 ms-image \" aria-roledescription=\"slide\" data-date=\"2025-09-19 16:32:32\" data-slide-type=\"image\"><a href=\"https:\/\/www.pharmacie-cantonale.fr\/\" target=\"_blank\" aria-label=\"Pharmacie Cantonale\" class=\"metaslider_image_link\"><img loading=\"lazy\" decoding=\"async\" width=\"2560\" height=\"961\" src=\"https:\/\/humanfirstlabel.com\/wp-content\/uploads\/2025\/09\/pharmacie-Cantonale-scaled.png\" class=\"slider-811 slide-1019 msDefaultImage\" alt=\"Giropharm\" rel=\"\" title=\"Pharmacie Cantonale\" style=\"margin-top: 18.73046875%\" srcset=\"https:\/\/humanfirstlabel.com\/wp-content\/uploads\/2025\/09\/pharmacie-Cantonale-scaled.png 2560w, https:\/\/humanfirstlabel.com\/wp-content\/uploads\/2025\/09\/pharmacie-Cantonale-300x113.png 300w, https:\/\/humanfirstlabel.com\/wp-content\/uploads\/2025\/09\/pharmacie-Cantonale-1024x385.png 1024w, https:\/\/humanfirstlabel.com\/wp-content\/uploads\/2025\/09\/pharmacie-Cantonale-768x288.png 768w, https:\/\/humanfirstlabel.com\/wp-content\/uploads\/2025\/09\/pharmacie-Cantonale-1536x577.png 1536w, https:\/\/humanfirstlabel.com\/wp-content\/uploads\/2025\/09\/pharmacie-Cantonale-2048x769.png 2048w\" sizes=\"auto, (max-width: 2560px) 100vw, 2560px\" \/><\/a><\/li>\n                <li style=\"display: none; width: 100%;\" class=\"slide-815 ms-image \" aria-roledescription=\"slide\" data-date=\"2025-09-08 18:12:40\" data-slide-type=\"image\"><a href=\"https:\/\/www.abrapa.asso.fr\/\" target=\"_blank\" aria-label=\"aide et service \u00e0 la personne ehpad abrapa\" class=\"metaslider_image_link\"><img loading=\"lazy\" decoding=\"async\" width=\"145\" height=\"89\" src=\"https:\/\/humanfirstlabel.com\/wp-content\/uploads\/2025\/08\/ABRAPA-LOGO.jpg\" class=\"slider-811 slide-815 msDefaultImage\" alt=\"\" rel=\"\" title=\"ABRAPA Ehpad\" style=\"margin-top: 6.8103448275862%\" \/><\/a><\/li>\n            <\/ul>\n        <\/div>\n        \n    <\/div>\n<\/div>\n\n\n\n<div style=\"height:19px\" aria-hidden=\"true\" class=\"wp-block-spacer\"><\/div>\n\n\n\n<div class=\"wp-block-group has-white-background-color has-background is-vertical is-content-justification-center is-nowrap is-layout-flex wp-container-core-group-is-layout-354cbb48 wp-block-group-is-layout-flex\" style=\"margin-top:0;margin-bottom:0;padding-top:60px;padding-right:20px;padding-bottom:60px;padding-left:20px\">\n<h2 class=\"wp-block-heading has-text-align-center has-heading-color has-text-color has-link-color wp-elements-1e0d5606c53f6865d2448e78aef6633b\" style=\"margin-top:0;margin-right:0;margin-bottom:0;margin-left:0;padding-top:0;padding-right:0;padding-bottom:var(--wp--preset--spacing--50);padding-left:0\">             Un label pour tous les acteurs de sant\u00e9<\/h2>\n\n\n\n<figure class=\"wp-block-gallery alignwide has-nested-images columns-default is-cropped wp-block-gallery-3 is-layout-flex wp-block-gallery-is-layout-flex\">\n<figure class=\"wp-block-image size-large is-style-rounded\" style=\"margin-top:var(--wp--preset--spacing--30);margin-bottom:var(--wp--preset--spacing--30)\"><a href=\"https:\/\/humanfirstlabel.com\/index.php\/fr\/page-daccueil-2eme-version\/hopitaux-et-cliniques\/\"><img alt=\"\" loading=\"lazy\" decoding=\"async\" width=\"1024\" height=\"473\" data-id=\"439\" src=\"https:\/\/humanfirstlabel.com\/wp-content\/uploads\/2025\/07\/hopital.jpg\" alt=\"\" class=\"wp-image-439\" srcset=\"https:\/\/humanfirstlabel.com\/wp-content\/uploads\/2025\/07\/hopital.jpg 1024w, https:\/\/humanfirstlabel.com\/wp-content\/uploads\/2025\/07\/hopital-300x139.jpg 300w, https:\/\/humanfirstlabel.com\/wp-content\/uploads\/2025\/07\/hopital-768x355.jpg 768w\" sizes=\"auto, (max-width: 1024px) 100vw, 1024px\" \/><\/a><figcaption class=\"wp-element-caption\"><strong><mark style=\"background-color:rgba(0, 0, 0, 0);color:#ff6900\" class=\"has-inline-color\">HOPITAUX &amp; CLINIQUES<\/mark><\/strong><\/figcaption><\/figure>\n\n\n\n<figure class=\"wp-block-image size-full is-style-rounded\" style=\"margin-top:var(--wp--preset--spacing--30);margin-bottom:var(--wp--preset--spacing--30)\"><a href=\"https:\/\/humanfirstlabel.com\/index.php\/fr\/page-daccueil-2eme-version\/pharmacies\/\"><img alt=\"\" loading=\"lazy\" decoding=\"async\" width=\"612\" height=\"384\" data-id=\"435\" src=\"https:\/\/humanfirstlabel.com\/wp-content\/uploads\/2025\/07\/Croix-pharmacie.jpg\" alt=\"\" class=\"wp-image-435\" srcset=\"https:\/\/humanfirstlabel.com\/wp-content\/uploads\/2025\/07\/Croix-pharmacie.jpg 612w, https:\/\/humanfirstlabel.com\/wp-content\/uploads\/2025\/07\/Croix-pharmacie-300x188.jpg 300w\" sizes=\"auto, (max-width: 612px) 100vw, 612px\" \/><\/a><figcaption class=\"wp-element-caption\"><strong><mark style=\"background-color:rgba(0, 0, 0, 0);color:#ff6900\" class=\"has-inline-color\">PHARMACIES<\/mark><\/strong><\/figcaption><\/figure>\n\n\n\n<figure class=\"wp-block-image size-large is-style-rounded wp-duotone-unset-2\" style=\"margin-top:var(--wp--preset--spacing--30);margin-right:0;margin-bottom:var(--wp--preset--spacing--30);margin-left:0\"><a href=\"https:\/\/humanfirstlabel.com\/index.php\/fr\/page-daccueil-2eme-version\/dentisterie\/\"><img alt=\"\" loading=\"lazy\" decoding=\"async\" width=\"1024\" height=\"683\" data-id=\"907\" src=\"https:\/\/humanfirstlabel.com\/wp-content\/uploads\/2025\/09\/BOUCHE-1024x683.jpg\" alt=\"\" class=\"wp-image-907\" srcset=\"https:\/\/humanfirstlabel.com\/wp-content\/uploads\/2025\/09\/BOUCHE-1024x683.jpg 1024w, https:\/\/humanfirstlabel.com\/wp-content\/uploads\/2025\/09\/BOUCHE-300x200.jpg 300w, https:\/\/humanfirstlabel.com\/wp-content\/uploads\/2025\/09\/BOUCHE-768x512.jpg 768w, https:\/\/humanfirstlabel.com\/wp-content\/uploads\/2025\/09\/BOUCHE-1536x1024.jpg 1536w, https:\/\/humanfirstlabel.com\/wp-content\/uploads\/2025\/09\/BOUCHE-2048x1365.jpg 2048w\" sizes=\"auto, (max-width: 1024px) 100vw, 1024px\" \/><\/a><figcaption class=\"wp-element-caption\"><strong><mark style=\"background-color:rgba(0, 0, 0, 0);color:#ff6900\" class=\"has-inline-color\">DENTISTERIE<\/mark><\/strong><\/figcaption><\/figure>\n\n\n\n<figure class=\"wp-block-image size-large is-style-rounded\" style=\"margin-top:var(--wp--preset--spacing--30);margin-bottom:var(--wp--preset--spacing--30)\"><a href=\"https:\/\/humanfirstlabel.com\/index.php\/fr\/page-daccueil-2eme-version\/centres-de-soins-integratifs\/\"><img alt=\"\" loading=\"lazy\" decoding=\"async\" width=\"1024\" height=\"683\" data-id=\"445\" src=\"https:\/\/humanfirstlabel.com\/wp-content\/uploads\/2025\/07\/Le-spa-integratif-1-1-1024x683.jpg\" alt=\"\" class=\"wp-image-445\" srcset=\"https:\/\/humanfirstlabel.com\/wp-content\/uploads\/2025\/07\/Le-spa-integratif-1-1-1024x683.jpg 1024w, https:\/\/humanfirstlabel.com\/wp-content\/uploads\/2025\/07\/Le-spa-integratif-1-1-300x200.jpg 300w, https:\/\/humanfirstlabel.com\/wp-content\/uploads\/2025\/07\/Le-spa-integratif-1-1-768x512.jpg 768w, https:\/\/humanfirstlabel.com\/wp-content\/uploads\/2025\/07\/Le-spa-integratif-1-1-1536x1024.jpg 1536w, https:\/\/humanfirstlabel.com\/wp-content\/uploads\/2025\/07\/Le-spa-integratif-1-1.jpg 1920w\" sizes=\"auto, (max-width: 1024px) 100vw, 1024px\" \/><\/a><figcaption class=\"wp-element-caption\"><strong><mark style=\"background-color:rgba(0, 0, 0, 0);color:#ff6900\" class=\"has-inline-color\">CENTRES DE SOINS INTEGRATIFS<\/mark><\/strong><\/figcaption><\/figure>\n\n\n\n<figure class=\"wp-block-image size-large is-style-rounded\" style=\"margin-top:var(--wp--preset--spacing--30);margin-bottom:var(--wp--preset--spacing--30)\"><a href=\"https:\/\/humanfirstlabel.com\/index.php\/fr\/page-daccueil-2eme-version\/ehpads\/\"><img alt=\"\" loading=\"lazy\" decoding=\"async\" width=\"870\" height=\"580\" data-id=\"438\" src=\"https:\/\/humanfirstlabel.com\/wp-content\/uploads\/2025\/07\/ehpad-grand-age-dependance-870x580-1.jpg\" alt=\"\" class=\"wp-image-438\" srcset=\"https:\/\/humanfirstlabel.com\/wp-content\/uploads\/2025\/07\/ehpad-grand-age-dependance-870x580-1.jpg 870w, https:\/\/humanfirstlabel.com\/wp-content\/uploads\/2025\/07\/ehpad-grand-age-dependance-870x580-1-300x200.jpg 300w, https:\/\/humanfirstlabel.com\/wp-content\/uploads\/2025\/07\/ehpad-grand-age-dependance-870x580-1-768x512.jpg 768w\" sizes=\"auto, (max-width: 870px) 100vw, 870px\" \/><\/a><figcaption class=\"wp-element-caption\"><strong><mark style=\"background-color:rgba(0, 0, 0, 0);color:#ff6900\" class=\"has-inline-color\">EHPADs<\/mark><\/strong><\/figcaption><\/figure>\n\n\n\n<figure class=\"wp-block-image size-full is-style-rounded\" style=\"margin-top:var(--wp--preset--spacing--30);margin-bottom:var(--wp--preset--spacing--30)\"><a href=\"https:\/\/humanfirstlabel.com\/index.php\/fr\/page-daccueil-2eme-version\/cpts-2\/\"><img alt=\"\" loading=\"lazy\" decoding=\"async\" width=\"1920\" height=\"1080\" data-id=\"434\" src=\"https:\/\/humanfirstlabel.com\/wp-content\/uploads\/2025\/07\/CPTS.png\" alt=\"\" class=\"wp-image-434\" srcset=\"https:\/\/humanfirstlabel.com\/wp-content\/uploads\/2025\/07\/CPTS.png 1920w, https:\/\/humanfirstlabel.com\/wp-content\/uploads\/2025\/07\/CPTS-300x169.png 300w, https:\/\/humanfirstlabel.com\/wp-content\/uploads\/2025\/07\/CPTS-1024x576.png 1024w, https:\/\/humanfirstlabel.com\/wp-content\/uploads\/2025\/07\/CPTS-768x432.png 768w, https:\/\/humanfirstlabel.com\/wp-content\/uploads\/2025\/07\/CPTS-1536x864.png 1536w\" sizes=\"auto, (max-width: 1920px) 100vw, 1920px\" \/><\/a><figcaption class=\"wp-element-caption\"><strong><mark style=\"background-color:rgba(0, 0, 0, 0);color:#ff6900\" class=\"has-inline-color\">COMMUNAUTES PROFESSIONNELLES TERRITORIALES DE SANTE<\/mark><\/strong><\/figcaption><\/figure>\n<\/figure>\n\n\n\n<div class=\"wp-block-columns is-layout-flex wp-container-core-columns-is-layout-28f84493 wp-block-columns-is-layout-flex\">\n<div class=\"wp-block-column is-layout-flow wp-block-column-is-layout-flow\" style=\"flex-basis:100%\"><\/div>\n<\/div>\n\n\n\n<p><\/p>\n<\/div>\n\n\n\n<div class=\"wp-block-group has-secondary-background-color has-background has-global-padding is-layout-constrained wp-container-core-group-is-layout-97126c88 wp-block-group-is-layout-constrained\" style=\"margin-top:0;margin-bottom:0;padding-top:60px;padding-right:20px;padding-bottom:60px;padding-left:20px\"><div id=\"metaslider-id-1006\" style=\"width: 100%;\" class=\"ml-slider-3-102-0 metaslider metaslider-flex metaslider-1006 ml-slider has-dots-nav ms-theme-default-base\" role=\"region\" aria-label=\"Carroussel t\u00e9moignages v2\" data-height=\"300\" data-width=\"700\">\n    <div id=\"metaslider_container_1006\">\n        <div id=\"metaslider_1006\">\n            <ul aria-live='off' class='slides'>\n                <li style=\"display: block; width: 100%;\" class=\"slide-1008 ms-image \" aria-roledescription=\"slide\" data-date=\"2025-09-19 15:48:40\" data-slide-type=\"image\"><img loading=\"lazy\" decoding=\"async\" width=\"1280\" height=\"720\" src=\"https:\/\/humanfirstlabel.com\/wp-content\/uploads\/2025\/09\/Carroussel-temoignage-Becker.png\" class=\"slider-1006 slide-1008 msDefaultImage\" alt=\"\" rel=\"\" title=\"Carroussel t\u00e9moignage Becker\" srcset=\"https:\/\/humanfirstlabel.com\/wp-content\/uploads\/2025\/09\/Carroussel-temoignage-Becker.png 1280w, https:\/\/humanfirstlabel.com\/wp-content\/uploads\/2025\/09\/Carroussel-temoignage-Becker-300x169.png 300w, https:\/\/humanfirstlabel.com\/wp-content\/uploads\/2025\/09\/Carroussel-temoignage-Becker-1024x576.png 1024w, https:\/\/humanfirstlabel.com\/wp-content\/uploads\/2025\/09\/Carroussel-temoignage-Becker-768x432.png 768w\" sizes=\"auto, (max-width: 1280px) 100vw, 1280px\" \/><\/li>\n                <li style=\"display: none; width: 100%;\" class=\"slide-1010 ms-image \" aria-roledescription=\"slide\" data-date=\"2025-09-19 15:48:40\" data-slide-type=\"image\"><img loading=\"lazy\" decoding=\"async\" width=\"1280\" height=\"720\" src=\"https:\/\/humanfirstlabel.com\/wp-content\/uploads\/2025\/09\/Carroussel-temoignage-Toledano.png\" class=\"slider-1006 slide-1010 msDefaultImage\" alt=\"\" rel=\"\" title=\"Carroussel t\u00e9moignage Toledano\" srcset=\"https:\/\/humanfirstlabel.com\/wp-content\/uploads\/2025\/09\/Carroussel-temoignage-Toledano.png 1280w, https:\/\/humanfirstlabel.com\/wp-content\/uploads\/2025\/09\/Carroussel-temoignage-Toledano-300x169.png 300w, https:\/\/humanfirstlabel.com\/wp-content\/uploads\/2025\/09\/Carroussel-temoignage-Toledano-1024x576.png 1024w, https:\/\/humanfirstlabel.com\/wp-content\/uploads\/2025\/09\/Carroussel-temoignage-Toledano-768x432.png 768w\" sizes=\"auto, (max-width: 1280px) 100vw, 1280px\" \/><\/li>\n                <li style=\"display: none; width: 100%;\" class=\"slide-1012 ms-image \" aria-roledescription=\"slide\" data-date=\"2025-09-19 15:48:40\" data-slide-type=\"image\"><img loading=\"lazy\" decoding=\"async\" width=\"1280\" height=\"720\" src=\"https:\/\/humanfirstlabel.com\/wp-content\/uploads\/2025\/09\/Carroussel-temoignage-Joao.png\" class=\"slider-1006 slide-1012 msDefaultImage\" alt=\"\" rel=\"\" title=\"Carroussel t\u00e9moignage Joao\" srcset=\"https:\/\/humanfirstlabel.com\/wp-content\/uploads\/2025\/09\/Carroussel-temoignage-Joao.png 1280w, https:\/\/humanfirstlabel.com\/wp-content\/uploads\/2025\/09\/Carroussel-temoignage-Joao-300x169.png 300w, https:\/\/humanfirstlabel.com\/wp-content\/uploads\/2025\/09\/Carroussel-temoignage-Joao-1024x576.png 1024w, https:\/\/humanfirstlabel.com\/wp-content\/uploads\/2025\/09\/Carroussel-temoignage-Joao-768x432.png 768w\" sizes=\"auto, (max-width: 1280px) 100vw, 1280px\" \/><\/li>\n                <li style=\"display: none; width: 100%;\" class=\"slide-1017 ms-image \" aria-roledescription=\"slide\" data-date=\"2025-09-19 15:51:05\" data-slide-type=\"image\"><a href=\"https:\/\/www.pharmacie-cantonale.fr\/\" target=\"_self\" aria-label=\"Giropharm\" class=\"metaslider_image_link\"><img loading=\"lazy\" decoding=\"async\" width=\"1280\" height=\"720\" src=\"https:\/\/humanfirstlabel.com\/wp-content\/uploads\/2025\/09\/Carroussel-temoignages-Xavier-v2-1.png\" class=\"slider-1006 slide-1017 msDefaultImage\" alt=\"Giropharm\" rel=\"\" title=\"Pharmacie cantonale\" srcset=\"https:\/\/humanfirstlabel.com\/wp-content\/uploads\/2025\/09\/Carroussel-temoignages-Xavier-v2-1.png 1280w, https:\/\/humanfirstlabel.com\/wp-content\/uploads\/2025\/09\/Carroussel-temoignages-Xavier-v2-1-300x169.png 300w, https:\/\/humanfirstlabel.com\/wp-content\/uploads\/2025\/09\/Carroussel-temoignages-Xavier-v2-1-1024x576.png 1024w, https:\/\/humanfirstlabel.com\/wp-content\/uploads\/2025\/09\/Carroussel-temoignages-Xavier-v2-1-768x432.png 768w\" sizes=\"auto, (max-width: 1280px) 100vw, 1280px\" \/><\/a><\/li>\n                <li style=\"display: none; width: 100%;\" class=\"slide-1065 ms-image \" aria-roledescription=\"slide\" data-date=\"2025-11-10 16:33:02\" data-slide-type=\"image\"><a href=\"https:\/\/www.centre-ressource-lyon.org\/\" target=\"_blank\" aria-label=\"Centres Ressources Lyon et Mont\u00e9limar\" class=\"metaslider_image_link\"><img loading=\"lazy\" decoding=\"async\" width=\"1280\" height=\"720\" src=\"https:\/\/humanfirstlabel.com\/wp-content\/uploads\/2025\/11\/Temoignages-Charvet.png\" class=\"slider-1006 slide-1065 msDefaultImage\" alt=\"\" rel=\"\" title=\"Centre Ressource Lyon Centre Ressource Mont\u00e9limar\" srcset=\"https:\/\/humanfirstlabel.com\/wp-content\/uploads\/2025\/11\/Temoignages-Charvet.png 1280w, https:\/\/humanfirstlabel.com\/wp-content\/uploads\/2025\/11\/Temoignages-Charvet-300x169.png 300w, https:\/\/humanfirstlabel.com\/wp-content\/uploads\/2025\/11\/Temoignages-Charvet-1024x576.png 1024w, https:\/\/humanfirstlabel.com\/wp-content\/uploads\/2025\/11\/Temoignages-Charvet-768x432.png 768w\" sizes=\"auto, (max-width: 1280px) 100vw, 1280px\" \/><\/a><\/li>\n                <li style=\"display: none; width: 100%;\" class=\"slide-1068 ms-image \" aria-roledescription=\"slide\" data-date=\"2025-11-10 17:12:32\" data-slide-type=\"image\"><a href=\"https:\/\/www.ehpad-jeanmenu.fr\/association-mavie-douai\/\" target=\"_blank\" aria-label=\"Ehpad Jean Menu Ehpad Les Logis Douaisiens\" class=\"metaslider_image_link\"><img loading=\"lazy\" decoding=\"async\" width=\"1280\" height=\"720\" src=\"https:\/\/humanfirstlabel.com\/wp-content\/uploads\/2025\/11\/Carroussel-temoignage-Alice.png\" class=\"slider-1006 slide-1068 msDefaultImage\" alt=\"Association MaVie - Alice Honor\u00e9\" rel=\"\" title=\"Ehpad Jean Menu Ehpad Les Logis Douaisiens\" srcset=\"https:\/\/humanfirstlabel.com\/wp-content\/uploads\/2025\/11\/Carroussel-temoignage-Alice.png 1280w, https:\/\/humanfirstlabel.com\/wp-content\/uploads\/2025\/11\/Carroussel-temoignage-Alice-300x169.png 300w, https:\/\/humanfirstlabel.com\/wp-content\/uploads\/2025\/11\/Carroussel-temoignage-Alice-1024x576.png 1024w, https:\/\/humanfirstlabel.com\/wp-content\/uploads\/2025\/11\/Carroussel-temoignage-Alice-768x432.png 768w\" sizes=\"auto, (max-width: 1280px) 100vw, 1280px\" \/><\/a><\/li>\n            <\/ul>\n        <\/div>\n        \n    <\/div>\n<\/div>\n<\/div>\n<\/main>\n","protected":false},"excerpt":{"rendered":"<p>L&rsquo;humain au centre S\u00e9curisation Gage de qualit\u00e9 Am\u00e9lioration continue Attractivit\u00e9 Reconnaissance Maillage territorial Un label pour tous les acteurs de sant\u00e9<\/p>\n","protected":false},"author":1,"featured_media":0,"parent":0,"menu_order":0,"comment_status":"closed","ping_status":"closed","template":"wp-custom-template-2025-11-17-nouvel-accueil-fr","meta":{"_seopress_robots_primary_cat":"","_seopress_titles_title":"le label en sante integrative pour tous les acteurs de sante","_seopress_titles_desc":"Human First accompagne les acteurs de sant\u00e9 et amplifie leur efficacit\u00e9 par une d\u00e9marche qualit\u00e9 personnalis\u00e9e et sur mesure qui place l\u2019Humain au premier plan","_seopress_robots_index":"","footnotes":""},"class_list":["post-1127","page","type-page","status-publish","hentry"],"_links":{"self":[{"href":"https:\/\/humanfirstlabel.com\/index.php\/wp-json\/wp\/v2\/pages\/1127","targetHints":{"allow":["GET"]}}],"collection":[{"href":"https:\/\/humanfirstlabel.com\/index.php\/wp-json\/wp\/v2\/pages"}],"about":[{"href":"https:\/\/humanfirstlabel.com\/index.php\/wp-json\/wp\/v2\/types\/page"}],"author":[{"embeddable":true,"href":"https:\/\/humanfirstlabel.com\/index.php\/wp-json\/wp\/v2\/users\/1"}],"replies":[{"embeddable":true,"href":"https:\/\/humanfirstlabel.com\/index.php\/wp-json\/wp\/v2\/comments?post=1127"}],"version-history":[{"count":14,"href":"https:\/\/humanfirstlabel.com\/index.php\/wp-json\/wp\/v2\/pages\/1127\/revisions"}],"predecessor-version":[{"id":1285,"href":"https:\/\/humanfirstlabel.com\/index.php\/wp-json\/wp\/v2\/pages\/1127\/revisions\/1285"}],"wp:attachment":[{"href":"https:\/\/humanfirstlabel.com\/index.php\/wp-json\/wp\/v2\/media?parent=1127"}],"curies":[{"name":"wp","href":"https:\/\/api.w.org\/{rel}","templated":true}]}}